{"id":67118,"date":"2026-03-20T13:45:00","date_gmt":"2026-03-20T17:45:00","guid":{"rendered":"https:\/\/nafr.dev.sparkadvocacy.dev\/?post_type=resource&#038;p=67118"},"modified":"2026-04-28T14:24:18","modified_gmt":"2026-04-28T18:24:18","slug":"le-bon-le-mauvais-et-linjustifiable","status":"publish","type":"resource","link":"https:\/\/staging2.federalretirees.ca\/fr\/resource\/le-bon-le-mauvais-et-linjustifiable\/","title":{"rendered":"Le bon, le mauvais et l\u2019injustifiable"},"content":{"rendered":"\n<h5 class=\"wp-block-heading\">Certains changements apport\u00e9s aux pensions et prestations dans le budget 2025 sont \u00e0 saluer, mais d\u2019autres sont carr\u00e9ment difficiles \u00e0 accepter.<br>&nbsp;<\/h5>\n\n\n\n<p>Le 18 novembre 2025, le gouvernement f\u00e9d\u00e9ral a pr\u00e9sent\u00e9 le projet de loi C-15 (ou Loi d\u2019ex\u00e9cution du budget). Au moment de la r\u00e9daction de cet article, il avait franchi l\u2019\u00e9tape de la deuxi\u00e8me lecture. Vaste et volumineux, il compte plus de 600 pages et apporte de nombreux changements touchant les pensions et les prestations. Il pr\u00e9voit des changements visant \u00e0 \u00e9tendre les prestations de retraite anticip\u00e9e aux agents en s\u00e9curit\u00e9 publique et de la force publique, une revendication de longue date de l\u2019association, garantissant des prestations de retraite \u00e9quitables pour les travailleurs de premi\u00e8re ligne. Toutefois, il comporte aussi des dispositions pr\u00e9occupantes, notamment le cadre d\u2019encouragement \u00e0 la retraite anticip\u00e9e, lequel m\u00e8nera \u00e0 la retraite anticip\u00e9e de milliers de fonctionnaires et risque d\u2019engendrer une grande confusion avec les dispositions existantes en mati\u00e8re de r\u00e9am\u00e9nagement des effectifs, puisque les employ\u00e9s pourraient ne pas savoir quelles sont les r\u00e8gles qui s\u2019appliquent \u00e0 leur cas.<\/p>\n\n\n\n<p>\u00c0 l\u2019heure actuelle, les prestations d\u2019invalidit\u00e9 de la GRC augmentent chaque ann\u00e9e selon l\u2019indice des prix \u00e0 la consommation (IPC) ou le calcul du taux de salaire, le montant le plus \u00e9lev\u00e9 pr\u00e9valant. Le calcul du taux de salaire repose sur une formule qui int\u00e8gre le traitement annuel moyen n\u00e9goci\u00e9 brut de certains groupes professionnels de l\u2019administration publique f\u00e9d\u00e9rale. Cela signifie que les prestations d\u2019invalidit\u00e9 suivent l\u2019\u00e9volution des salaires des employ\u00e9s en poste.<\/p>\n\n\n\n<p>La section 19 du projet de loi C-15 modifie la formule d\u2019indexation des pensions d\u2019invalidit\u00e9 de la GRC afin que ces prestations soient index\u00e9es uniquement selon l\u2019IPC, \u00e0 compter de janvier 2027. Cette modification peut repr\u00e9senter une petite r\u00e9duction sur une seule ann\u00e9e, mais, avec l\u2019int\u00e9r\u00eat compos\u00e9, elle pourrait entra\u00eener une perte annuelle de plusieurs milliers de dollars pour chaque personne. Face \u00e0 la hausse du co\u00fbt de la vie, la s\u00e9curit\u00e9 du revenu de retraite doit \u00eatre prot\u00e9g\u00e9e, renforc\u00e9e et respect\u00e9e, aujourd\u2019hui et pour les ann\u00e9es \u00e0 venir.<\/p>\n\n\n\n<p>La section 19 modifie aussi la Loi sur les pensions, afin d\u2019ajuster les frais d\u2019h\u00e9bergement et de repas pay\u00e9s par les v\u00e9t\u00e9rans dans les \u00e9tablissements de soins de longue dur\u00e9e, en changeant la d\u00e9finition de \u00ab province \u00bb.<\/p>\n\n\n\n<p>Pourquoi la d\u00e9finition de \u00ab province \u00bb est-elle importante? Les frais mensuels sont \u00e9tablis en fonction des frais les plus bas exig\u00e9s dans toute \u00ab province \u00bb. Depuis 1998, les calculs ne tiennent pas compte des taux des territoires, qui sont nettement inf\u00e9rieurs. La Loi d\u2019interpr\u00e9tation pr\u00e9cise actuellement que le terme \u00ab province \u00bb inclut le Yukon, les Territoires du Nord-Ouest et le Nunavut.<\/p>\n\n\n\n<p>Cela a entra\u00een\u00e9 des surpaiements pour les v\u00e9t\u00e9rans, car certains territoires avaient des frais mensuels moins \u00e9lev\u00e9s qui n\u2019ont pas \u00e9t\u00e9 pris en compte. Selon un rapport de la Canadian Broadcasting Corporation, les v\u00e9t\u00e9rans pourraient se voir facturer 260 $ en trop par mois, soit environ 3 130 $ par ann\u00e9e. Un recours collectif concernant cette question a \u00e9t\u00e9 intent\u00e9 en 2024.<\/p>\n\n\n\n<p>Les modifications sont \u00e9galement \u00ab r\u00e9put\u00e9es \u00bb \u00eatre entr\u00e9es en vigueur le 15 juillet 1998, ce qui rend ces changements r\u00e9troactifs et a mis fin au recours collectif avant m\u00eame d\u2019entendre la requ\u00eate d\u2019autorisation en 2026. On a l\u2019impression que le gouvernement change les r\u00e8gles du jeu, pr\u00e8s de 30 ans plus tard.<\/p>\n\n\n\n<p>Au moment o\u00f9 les v\u00e9t\u00e9rans ont pay\u00e9 des frais trop \u00e9lev\u00e9s, ils pouvaient raisonnablement s\u2019attendre \u00e0 une application conforme de la loi. Imposer aujourd\u2019hui des modifications r\u00e9troactives mine la confiance du public. Les v\u00e9t\u00e9rans et leurs familles m\u00e9ritent d\u2019\u00eatre soutenus, et non de se voir imposer des mesures qui les p\u00e9nalisent financi\u00e8rement et les contraignent \u00e0 payer davantage pour des besoins essentiels.<\/p>\n\n\n\n<h3 class=\"wp-block-heading\">Cet article a \u00e9t\u00e9 publi\u00e9 dans le <a href=\"https:\/\/www.federalretirees.ca\/en\/media\/4086\/download\">num\u00e9ro du printemps 2026<\/a> du magazine <em>Sage<\/em>, dans notre rubrique \u00ab&nbsp;Infopensions&nbsp;\u00bb, qui r\u00e9pond aux questions les plus courantes de nos membres au sujet de leur pension. Maintenant que vous \u00eates ici, pourquoi ne pas t\u00e9l\u00e9charger le num\u00e9ro complet et jeter un coup d\u2019\u0153il \u00e0 <a href=\"https:\/\/www.federalretirees.ca\/fr\/publications\/la-revue-sage\">nos anciens num\u00e9ros<\/a> aussi?<\/h3>\n","protected":false},"excerpt":{"rendered":"<p>Certains changements apport\u00e9s aux pensions et prestations dans le budget 2025 sont \u00e0 saluer, mais d\u2019autres sont carr\u00e9ment difficiles \u00e0 accepter.&nbsp; Le 18 novembre 2025, le gouvernement f\u00e9d\u00e9ral a pr\u00e9sent\u00e9 le projet de loi C-15 (ou Loi d\u2019ex\u00e9cution du budget)&#8230;.<\/p>\n","protected":false},"author":165,"featured_media":67112,"menu_order":0,"template":"","meta":{"_acf_changed":false},"resource-type":[215],"class_list":["post-67118","resource","type-resource","status-publish","has-post-thumbnail","hentry","resource-type-le-coin-lecture"],"acf":{"advocacy_priorities":""},"yoast_head":"<!-- This site is optimized with the Yoast SEO plugin v27.5 - https:\/\/yoast.com\/product\/yoast-seo-wordpress\/ -->\n<title>Le bon, le mauvais et l\u2019injustifiable - Association nationale des retrait\u00e9s f\u00e9d\u00e9raux<\/title>\n<meta name=\"description\" content=\"Le 18 novembre 2025, le gouvernement f\u00e9d\u00e9ral a pr\u00e9sent\u00e9 le projet de loi C-15 (ou Loi d\u2019ex\u00e9cution du budget). Au moment de la r\u00e9daction de cet article, il avait franchi l\u2019\u00e9tape de la deuxi\u00e8me lecture.\" \/>\n<meta name=\"robots\" content=\"noindex, follow, max-snippet:-1, max-image-preview:large, max-video-preview:-1\" \/>\n<meta property=\"og:locale\" content=\"fr_FR\" \/>\n<meta property=\"og:type\" content=\"article\" \/>\n<meta property=\"og:title\" content=\"Le bon, le mauvais et l\u2019injustifiable - Association nationale des retrait\u00e9s f\u00e9d\u00e9raux\" \/>\n<meta property=\"og:description\" content=\"Le 18 novembre 2025, le gouvernement f\u00e9d\u00e9ral a pr\u00e9sent\u00e9 le projet de loi C-15 (ou Loi d\u2019ex\u00e9cution du budget). Au moment de la r\u00e9daction de cet article, il avait franchi l\u2019\u00e9tape de la deuxi\u00e8me lecture.\" \/>\n<meta property=\"og:url\" content=\"https:\/\/staging2.federalretirees.ca\/fr\/resource\/le-bon-le-mauvais-et-linjustifiable\/\" \/>\n<meta property=\"og:site_name\" content=\"Association nationale des retrait\u00e9s f\u00e9d\u00e9raux\" \/>\n<meta property=\"article:publisher\" content=\"https:\/\/www.facebook.com\/FederalRetirees\" \/>\n<meta property=\"article:modified_time\" content=\"2026-04-28T18:24:18+00:00\" \/>\n<meta property=\"og:image\" content=\"https:\/\/nafr.dev.sparkadvocacy.dev\/wp-content\/uploads\/2026\/04\/Pension-Sage-spring-2026-2551929941.png\" \/>\n\t<meta property=\"og:image:width\" content=\"540\" \/>\n\t<meta property=\"og:image:height\" content=\"360\" \/>\n\t<meta property=\"og:image:type\" content=\"image\/png\" \/>\n<meta name=\"twitter:card\" content=\"summary_large_image\" \/>\n<meta name=\"twitter:site\" content=\"@fedretirees\" \/>\n<meta name=\"twitter:label1\" content=\"Dur\u00e9e de lecture estim\u00e9e\" \/>\n\t<meta name=\"twitter:data1\" content=\"4 minutes\" \/>\n<script type=\"application\/ld+json\" class=\"yoast-schema-graph\">{\"@context\":\"https:\\\/\\\/schema.org\",\"@graph\":[{\"@type\":\"WebPage\",\"@id\":\"https:\\\/\\\/staging2.federalretirees.ca\\\/fr\\\/resource\\\/le-bon-le-mauvais-et-linjustifiable\\\/\",\"url\":\"https:\\\/\\\/staging2.federalretirees.ca\\\/fr\\\/resource\\\/le-bon-le-mauvais-et-linjustifiable\\\/\",\"name\":\"Le bon, le mauvais et l\u2019injustifiable - Association nationale des retrait\u00e9s f\u00e9d\u00e9raux\",\"isPartOf\":{\"@id\":\"https:\\\/\\\/nafr.dev.sparkadvocacy.dev\\\/#website\"},\"primaryImageOfPage\":{\"@id\":\"https:\\\/\\\/staging2.federalretirees.ca\\\/fr\\\/resource\\\/le-bon-le-mauvais-et-linjustifiable\\\/#primaryimage\"},\"image\":{\"@id\":\"https:\\\/\\\/staging2.federalretirees.ca\\\/fr\\\/resource\\\/le-bon-le-mauvais-et-linjustifiable\\\/#primaryimage\"},\"thumbnailUrl\":\"https:\\\/\\\/staging2.federalretirees.ca\\\/wp-content\\\/uploads\\\/2026\\\/04\\\/Pension-Sage-spring-2026-2551929941.png\",\"datePublished\":\"2026-03-20T17:45:00+00:00\",\"dateModified\":\"2026-04-28T18:24:18+00:00\",\"description\":\"Le 18 novembre 2025, le gouvernement f\u00e9d\u00e9ral a pr\u00e9sent\u00e9 le projet de loi C-15 (ou Loi d\u2019ex\u00e9cution du budget). Au moment de la r\u00e9daction de cet article, il avait franchi l\u2019\u00e9tape de la deuxi\u00e8me lecture.\",\"breadcrumb\":{\"@id\":\"https:\\\/\\\/staging2.federalretirees.ca\\\/fr\\\/resource\\\/le-bon-le-mauvais-et-linjustifiable\\\/#breadcrumb\"},\"inLanguage\":\"fr-FR\",\"potentialAction\":[{\"@type\":\"ReadAction\",\"target\":[\"https:\\\/\\\/staging2.federalretirees.ca\\\/fr\\\/resource\\\/le-bon-le-mauvais-et-linjustifiable\\\/\"]}]},{\"@type\":\"ImageObject\",\"inLanguage\":\"fr-FR\",\"@id\":\"https:\\\/\\\/staging2.federalretirees.ca\\\/fr\\\/resource\\\/le-bon-le-mauvais-et-linjustifiable\\\/#primaryimage\",\"url\":\"https:\\\/\\\/staging2.federalretirees.ca\\\/wp-content\\\/uploads\\\/2026\\\/04\\\/Pension-Sage-spring-2026-2551929941.png\",\"contentUrl\":\"https:\\\/\\\/staging2.federalretirees.ca\\\/wp-content\\\/uploads\\\/2026\\\/04\\\/Pension-Sage-spring-2026-2551929941.png\",\"width\":540,\"height\":360},{\"@type\":\"BreadcrumbList\",\"@id\":\"https:\\\/\\\/staging2.federalretirees.ca\\\/fr\\\/resource\\\/le-bon-le-mauvais-et-linjustifiable\\\/#breadcrumb\",\"itemListElement\":[{\"@type\":\"ListItem\",\"position\":1,\"name\":\"Home\",\"item\":\"https:\\\/\\\/nafr.dev.sparkadvocacy.dev\\\/fr\\\/\"},{\"@type\":\"ListItem\",\"position\":2,\"name\":\"Ressources\",\"item\":\"https:\\\/\\\/staging2.federalretirees.ca\\\/fr\\\/resource\\\/\"},{\"@type\":\"ListItem\",\"position\":3,\"name\":\"Le bon, le mauvais et l\u2019injustifiable\"}]},{\"@type\":\"WebSite\",\"@id\":\"https:\\\/\\\/nafr.dev.sparkadvocacy.dev\\\/#website\",\"url\":\"https:\\\/\\\/nafr.dev.sparkadvocacy.dev\\\/\",\"name\":\"National Association of Federal Retirees\",\"description\":\"\",\"potentialAction\":[{\"@type\":\"SearchAction\",\"target\":{\"@type\":\"EntryPoint\",\"urlTemplate\":\"https:\\\/\\\/nafr.dev.sparkadvocacy.dev\\\/?s={search_term_string}\"},\"query-input\":{\"@type\":\"PropertyValueSpecification\",\"valueRequired\":true,\"valueName\":\"search_term_string\"}}],\"inLanguage\":\"fr-FR\"}]}<\/script>\n<!-- \/ Yoast SEO plugin. -->","yoast_head_json":{"title":"Le bon, le mauvais et l\u2019injustifiable - Association nationale des retrait\u00e9s f\u00e9d\u00e9raux","description":"Le 18 novembre 2025, le gouvernement f\u00e9d\u00e9ral a pr\u00e9sent\u00e9 le projet de loi C-15 (ou Loi d\u2019ex\u00e9cution du budget). Au moment de la r\u00e9daction de cet article, il avait franchi l\u2019\u00e9tape de la deuxi\u00e8me lecture.","robots":{"index":"noindex","follow":"follow","max-snippet":"max-snippet:-1","max-image-preview":"max-image-preview:large","max-video-preview":"max-video-preview:-1"},"og_locale":"fr_FR","og_type":"article","og_title":"Le bon, le mauvais et l\u2019injustifiable - Association nationale des retrait\u00e9s f\u00e9d\u00e9raux","og_description":"Le 18 novembre 2025, le gouvernement f\u00e9d\u00e9ral a pr\u00e9sent\u00e9 le projet de loi C-15 (ou Loi d\u2019ex\u00e9cution du budget). Au moment de la r\u00e9daction de cet article, il avait franchi l\u2019\u00e9tape de la deuxi\u00e8me lecture.","og_url":"https:\/\/staging2.federalretirees.ca\/fr\/resource\/le-bon-le-mauvais-et-linjustifiable\/","og_site_name":"Association nationale des retrait\u00e9s f\u00e9d\u00e9raux","article_publisher":"https:\/\/www.facebook.com\/FederalRetirees","article_modified_time":"2026-04-28T18:24:18+00:00","og_image":[{"width":540,"height":360,"url":"https:\/\/nafr.dev.sparkadvocacy.dev\/wp-content\/uploads\/2026\/04\/Pension-Sage-spring-2026-2551929941.png","type":"image\/png"}],"twitter_card":"summary_large_image","twitter_site":"@fedretirees","twitter_misc":{"Dur\u00e9e de lecture estim\u00e9e":"4 minutes"},"schema":{"@context":"https:\/\/schema.org","@graph":[{"@type":"WebPage","@id":"https:\/\/staging2.federalretirees.ca\/fr\/resource\/le-bon-le-mauvais-et-linjustifiable\/","url":"https:\/\/staging2.federalretirees.ca\/fr\/resource\/le-bon-le-mauvais-et-linjustifiable\/","name":"Le bon, le mauvais et l\u2019injustifiable - Association nationale des retrait\u00e9s f\u00e9d\u00e9raux","isPartOf":{"@id":"https:\/\/nafr.dev.sparkadvocacy.dev\/#website"},"primaryImageOfPage":{"@id":"https:\/\/staging2.federalretirees.ca\/fr\/resource\/le-bon-le-mauvais-et-linjustifiable\/#primaryimage"},"image":{"@id":"https:\/\/staging2.federalretirees.ca\/fr\/resource\/le-bon-le-mauvais-et-linjustifiable\/#primaryimage"},"thumbnailUrl":"https:\/\/staging2.federalretirees.ca\/wp-content\/uploads\/2026\/04\/Pension-Sage-spring-2026-2551929941.png","datePublished":"2026-03-20T17:45:00+00:00","dateModified":"2026-04-28T18:24:18+00:00","description":"Le 18 novembre 2025, le gouvernement f\u00e9d\u00e9ral a pr\u00e9sent\u00e9 le projet de loi C-15 (ou Loi d\u2019ex\u00e9cution du budget). Au moment de la r\u00e9daction de cet article, il avait franchi l\u2019\u00e9tape de la deuxi\u00e8me lecture.","breadcrumb":{"@id":"https:\/\/staging2.federalretirees.ca\/fr\/resource\/le-bon-le-mauvais-et-linjustifiable\/#breadcrumb"},"inLanguage":"fr-FR","potentialAction":[{"@type":"ReadAction","target":["https:\/\/staging2.federalretirees.ca\/fr\/resource\/le-bon-le-mauvais-et-linjustifiable\/"]}]},{"@type":"ImageObject","inLanguage":"fr-FR","@id":"https:\/\/staging2.federalretirees.ca\/fr\/resource\/le-bon-le-mauvais-et-linjustifiable\/#primaryimage","url":"https:\/\/staging2.federalretirees.ca\/wp-content\/uploads\/2026\/04\/Pension-Sage-spring-2026-2551929941.png","contentUrl":"https:\/\/staging2.federalretirees.ca\/wp-content\/uploads\/2026\/04\/Pension-Sage-spring-2026-2551929941.png","width":540,"height":360},{"@type":"BreadcrumbList","@id":"https:\/\/staging2.federalretirees.ca\/fr\/resource\/le-bon-le-mauvais-et-linjustifiable\/#breadcrumb","itemListElement":[{"@type":"ListItem","position":1,"name":"Home","item":"https:\/\/nafr.dev.sparkadvocacy.dev\/fr\/"},{"@type":"ListItem","position":2,"name":"Ressources","item":"https:\/\/staging2.federalretirees.ca\/fr\/resource\/"},{"@type":"ListItem","position":3,"name":"Le bon, le mauvais et l\u2019injustifiable"}]},{"@type":"WebSite","@id":"https:\/\/nafr.dev.sparkadvocacy.dev\/#website","url":"https:\/\/nafr.dev.sparkadvocacy.dev\/","name":"National Association of Federal Retirees","description":"","potentialAction":[{"@type":"SearchAction","target":{"@type":"EntryPoint","urlTemplate":"https:\/\/nafr.dev.sparkadvocacy.dev\/?s={search_term_string}"},"query-input":{"@type":"PropertyValueSpecification","valueRequired":true,"valueName":"search_term_string"}}],"inLanguage":"fr-FR"}]}},"_links":{"self":[{"href":"https:\/\/staging2.federalretirees.ca\/fr\/wp-json\/wp\/v2\/resource\/67118","targetHints":{"allow":["GET"]}}],"collection":[{"href":"https:\/\/staging2.federalretirees.ca\/fr\/wp-json\/wp\/v2\/resource"}],"about":[{"href":"https:\/\/staging2.federalretirees.ca\/fr\/wp-json\/wp\/v2\/types\/resource"}],"author":[{"embeddable":true,"href":"https:\/\/staging2.federalretirees.ca\/fr\/wp-json\/wp\/v2\/users\/165"}],"wp:featuredmedia":[{"embeddable":true,"href":"https:\/\/staging2.federalretirees.ca\/fr\/wp-json\/wp\/v2\/media\/67112"}],"wp:attachment":[{"href":"https:\/\/staging2.federalretirees.ca\/fr\/wp-json\/wp\/v2\/media?parent=67118"}],"wp:term":[{"taxonomy":"resource-type","embeddable":true,"href":"https:\/\/staging2.federalretirees.ca\/fr\/wp-json\/wp\/v2\/resource-type?post=67118"}],"curies":[{"name":"wp","href":"https:\/\/api.w.org\/{rel}","templated":true}]}}