{"id":8520,"date":"2025-10-17T12:43:53","date_gmt":"2025-10-17T16:43:53","guid":{"rendered":"https:\/\/nafr.dev.sparkadvocacy.dev\/?page_id=8520"},"modified":"2026-04-27T12:02:24","modified_gmt":"2026-04-27T16:02:24","slug":"adhesion","status":"publish","type":"page","link":"https:\/\/staging2.federalretirees.ca\/fr\/adhesion\/","title":{"rendered":"Devenir membre"},"content":{"rendered":"    <div id=\"hero-block_be62f4ebb05753c349facee5d6c5da6a\" class=\"heros alignfull\">\n        <div class=\"hero\">\n            <div class=\"container\">\n                <div class=\"row align-items-center\">\n                    <div class=\"col-lg-6 hero-caption block\">\n                        <div class=\"caption-content\">\n                            <div class=\"hero-caption-content\"><h1>Devenir membre<\/h1>\n<p><span class=\"lead\">Notre association rassemble plus de 170 000\u202fmembres pour d\u00e9fendre les pensions, les prestations et le bien\u2011\u00eatre des retrait\u00e9\u00b7e\u00b7s f\u00e9d\u00e9raux d\u2019aujourd\u2019hui et de demain.<\/span><\/p>\n<p>Les frais d\u2019adh\u00e9sion L\u2019adh\u00e9sion commence \u00e0 seulement 4,90\u202f$ par mois ou 58,80\u202f$ par ann\u00e9e.<\/p>\n<\/div><div class=\"hero-buttons\" ><a href=\"\/fr\/adhesion\/devenir-membre\/\" class=\"btn\">Adh\u00e9rer maintenant<\/a><\/div>                        <\/div>\n                    <\/div>\n                <\/div>\n            <\/div>\n                            <div class=\"hero-asset block\">\n                    <img loading=\"lazy\" decoding=\"async\" src=\"https:\/\/staging2.federalretirees.ca\/wp-content\/uploads\/2025\/11\/why-join.png\" alt=\"Group of elderly people smiling and laughing\" width=\"1600\" height=\"598\"\/>\n                    <!--<video preload= \"true\" loop=\"loop\" playsinline autoplay muted loop><source src=\"https:\/\/staging2.federalretirees.ca\/wp-content\/uploads\/2025\/11\/why-join.png\" type=\"video\/mp4\" \/>Your browser does not support the video tag.<\/video>-->\n                <\/div>\n                    <\/div>\n    <\/div>\n\n\n\n<div class=\"wp-block-columns is-layout-flex wp-container-core-columns-is-layout-11f93bcd wp-block-columns-is-layout-flex justify-content-center\" style=\"padding-top:0;padding-bottom:var(--wp--preset--spacing--60)\">\n<div class=\"wp-block-column is-layout-flow wp-block-column-is-layout-flow\" style=\"flex-basis:80%\">\n<h2 class=\"wp-block-heading is-style-default\">Devenir membre de Retrait\u00e9s f\u00e9d\u00e9raux est simple comme bonjour, m\u00eame si vous n\u2019\u00eates pas encore \u00e0 la retraite. \u202f<\/h2>\n\n\n\n<p>Votre adh\u00e9sion soutient\u202f<a href=\"https:\/\/staging2.federalretirees.ca\/fr\/defense-des-interets\/nos-priorites-de-defense-des-interets\/\" target=\"_blank\" rel=\"noreferrer noopener\">une voix nationale forte pour des pensions s\u00e9curitaires, des soins de sant\u00e9 fiables et le vieillissement dans la dignit\u00e9<\/a>, tout en&nbsp;<a href=\"https:\/\/staging2.federalretirees.ca\/fr\/adhesion\/partenaires-privilegies\/\" target=\"_blank\" rel=\"noreferrer noopener\">vous faisant b\u00e9n\u00e9ficier d\u2019\u00e9conomies exclusives<\/a>\u202fet d\u2019avantages pratiques r\u00e9serv\u00e9s aux membres.&nbsp;<\/p>\n\n\n\n<h3 class=\"wp-block-heading\">Qui peut devenir membre?\u202f<\/h3>\n\n\n\n<p>Toutes les personnes qui cotisent ou re\u00e7oivent une pension du secteur public f\u00e9d\u00e9ral du Canada, de la Gendarmerie royale du Canada ou des Forces canadiennes peuvent devenir membres, ainsi que les juges de nomination f\u00e9d\u00e9rale et les v\u00e9t\u00e9ran\u00b7e\u00b7s non pensionn\u00e9s et honorablement lib\u00e9r\u00e9s. Leurs conjoint\u00b7e\u00b7s et survivant\u00b7e\u00b7s sont \u00e9galement admissibles \u00e0 une adh\u00e9sion \u00e0 Retrait\u00e9s f\u00e9d\u00e9raux.\u202f<\/p>\n\n\n\n<h3 class=\"wp-block-heading\">Modes de paiement<\/h3>\n\n\n\n<p class=\"is-style-lead\">Vous pouvez choisir l\u2019option de paiement qui vous convient le mieux.\u202f<\/p>\n\n\n\n<p>Vous pouvez payer avec un versement annuel par carte de cr\u00e9dit ou par mensualit\u00e9s avec des retenues de cotisation \u00e0 la source (RCS) sur votre pension. Ces mensualit\u00e9s sont une option pratique qui renouvelle votre adh\u00e9sion automatiquement. Les frais de cotisation \u00e0 une adh\u00e9sion sont pr\u00e9lev\u00e9s directement de votre pension au taux de 4,90\u202f$ par mois pour une adh\u00e9sion individuelle ou de 6,20\u202f$ par mois pour une adh\u00e9sion double.\u202f<\/p>\n\n\n\n<p>Si vous pr\u00e9f\u00e9rez payer par ch\u00e8que,\u202f<a href=\"\/wp-content\/uploads\/2026\/01\/formulaire-d-adhesion-2026.pdf\" target=\"_blank\" rel=\"noreferrer noopener\">t\u00e9l\u00e9chargez le formulaire d\u2019adh\u00e9sion<\/a>\u202fet postez\u2011le avec votre paiement. Les instructions se trouvent dans le formulaire.\u202f<\/p>\n<\/div>\n<\/div>\n\n\n\n<div class=\"wp-block-group alignfull has-white-color has-text-color has-background has-link-color wp-elements-385fd0db65909e9403061133f4d1f100\" id=\"FAQ\" style=\"background-color:#00253a;padding-top:var(--wp--preset--spacing--50);padding-bottom:var(--wp--preset--spacing--50)\"><div class=\"wp-block-group__inner-container is-layout-constrained wp-block-group-is-layout-constrained\">\n<h2 class=\"wp-block-heading\"><strong><strong>Foire aux questions<\/strong><\/strong><\/h2>\n\n\n    <div id=\"accordion-block_acb3ae9abe406ff01db11814e03c5788\" class=\"accordion accordion-flush\" >\n                    <div class=\"accordion-item\">\n                <h2 class=\"accordion-header\" id=\"accordion_heading_block_acb3ae9abe406ff01db11814e03c5788\">\n                    <button class=\"accordion-button\" type=\"button\" data-bs-toggle=\"collapse\"\n                        data-bs-target=\"#accordion_item_0_block_acb3ae9abe406ff01db11814e03c5788\" aria-expanded=\"true\" aria-controls=\"accordion_item_0_block_acb3ae9abe406ff01db11814e03c5788\">\n                        Qu\u2019est-ce que l\u2019Association nationale des retrait\u00e9s f\u00e9d\u00e9raux (Retrait\u00e9s f\u00e9d\u00e9raux)?                     <\/button>\n                <\/h2>\n                <div id=\"accordion_item_0_block_acb3ae9abe406ff01db11814e03c5788\" class=\"accordion-collapse collapse show\" aria-labelledby=\"accordion_heading_block_acb3ae9abe406ff01db11814e03c5788\"\n                     data-bs-parent=\"#accordion-block_acb3ae9abe406ff01db11814e03c5788\">\n                    <div class=\"accordion-body\">\n                        <p>Nous sommes une organisation \u00e0 but non lucratif qui repr\u00e9sente les int\u00e9r\u00eats des employ\u00e9\u00b7e\u00b7s en poste et des retrait\u00e9\u00b7e\u00b7s du gouvernement f\u00e9d\u00e9ral, ainsi que des v\u00e9t\u00e9ran\u00b7e\u00b7s et de leurs partenaires. Notre mission est de prot\u00e9ger les pensions et les prestations, tout en favorisant le bien\u2011\u00eatre et une communaut\u00e9 de retrait\u00e9\u00b7e\u00b7s dynamique.<\/p>\n<p>Que votre retraite approche ou soit encore lointaine, votre adh\u00e9sion vous offre une d\u00e9fense de vos int\u00e9r\u00eats digne de confiance, des ressources utiles pour planifier l\u2019avenir et\u00a0<a href=\"https:\/\/staging2.federalretirees.ca\/fr\/adhesion\/partenaires-privilegies\/\" target=\"_blank\" rel=\"noreferrer noopener\">des \u00e9conomies appr\u00e9ciables<\/a>, et ce, d\u00e8s maintenant.<\/p>\n                    <\/div>\n                <\/div>\n            <\/div>\n                    <div class=\"accordion-item\">\n                <h2 class=\"accordion-header\" id=\"accordion_heading_block_acb3ae9abe406ff01db11814e03c5788\">\n                    <button class=\"accordion-button collapsed\" type=\"button\" data-bs-toggle=\"collapse\"\n                        data-bs-target=\"#accordion_item_1_block_acb3ae9abe406ff01db11814e03c5788\" aria-expanded=\"false\" aria-controls=\"accordion_item_1_block_acb3ae9abe406ff01db11814e03c5788\">\n                        Est-ce que mon\u00b7ma conjoint\u00b7e peut devenir membre?                     <\/button>\n                <\/h2>\n                <div id=\"accordion_item_1_block_acb3ae9abe406ff01db11814e03c5788\" class=\"accordion-collapse collapse\" aria-labelledby=\"accordion_heading_block_acb3ae9abe406ff01db11814e03c5788\"\n                     data-bs-parent=\"#accordion-block_acb3ae9abe406ff01db11814e03c5788\">\n                    <div class=\"accordion-body\">\n                        <p>Oui. Si vous \u00eates admissible \u00e0 l\u2019adh\u00e9sion, votre conjoint\u00b7e ou partenaire l\u2019est aussi! Les partenaires et conjoint\u00b7e\u00b7s peuvent adh\u00e9rer, qu\u2019ils\u00b7elles soient \u00e0 la retraite ou encore au travail, et sans devoir \u00eatre admissible \u00e0 recevoir leur propre pension f\u00e9d\u00e9rale.<\/p>\n                    <\/div>\n                <\/div>\n            <\/div>\n                    <div class=\"accordion-item\">\n                <h2 class=\"accordion-header\" id=\"accordion_heading_block_acb3ae9abe406ff01db11814e03c5788\">\n                    <button class=\"accordion-button collapsed\" type=\"button\" data-bs-toggle=\"collapse\"\n                        data-bs-target=\"#accordion_item_2_block_acb3ae9abe406ff01db11814e03c5788\" aria-expanded=\"false\" aria-controls=\"accordion_item_2_block_acb3ae9abe406ff01db11814e03c5788\">\n                        Puis-je convertir mon adh\u00e9sion individuelle en adh\u00e9sion double?                     <\/button>\n                <\/h2>\n                <div id=\"accordion_item_2_block_acb3ae9abe406ff01db11814e03c5788\" class=\"accordion-collapse collapse\" aria-labelledby=\"accordion_heading_block_acb3ae9abe406ff01db11814e03c5788\"\n                     data-bs-parent=\"#accordion-block_acb3ae9abe406ff01db11814e03c5788\">\n                    <div class=\"accordion-body\">\n                        <p>Oui. Si vous adh\u00e9rez pour la premi\u00e8re fois, vous pouvez s\u00e9lectionner une adh\u00e9sion double lors du paiement en ligne.<\/p>\n<p>Si vous \u00eates d\u00e9j\u00e0 membre et souhaitez passer d\u2019une adh\u00e9sion individuelle \u00e0 une adh\u00e9sion double, veuillez communiquer avec notre \u00e9quipe des services aux membres par t\u00e9l\u00e9phone, au\u00a01-855-304-4700, ou par courriel, \u00e0\u00a0<a href=\"mailto:service@retraitesfederaux.ca\">service@retraitesfederaux.ca<\/a>.\u00a0Pour le moment, les mises \u00e0 niveau d\u2019adh\u00e9sion sont trait\u00e9es directement par notre \u00e9quipe, qui sera heureuse de vous aider.<\/p>\n                    <\/div>\n                <\/div>\n            <\/div>\n                    <div class=\"accordion-item\">\n                <h2 class=\"accordion-header\" id=\"accordion_heading_block_acb3ae9abe406ff01db11814e03c5788\">\n                    <button class=\"accordion-button collapsed\" type=\"button\" data-bs-toggle=\"collapse\"\n                        data-bs-target=\"#accordion_item_3_block_acb3ae9abe406ff01db11814e03c5788\" aria-expanded=\"false\" aria-controls=\"accordion_item_3_block_acb3ae9abe406ff01db11814e03c5788\">\n                        Puis-je payer une adh\u00e9sion double par retenues de cotisations \u00e0 la source (RCS) mensuelles?                     <\/button>\n                <\/h2>\n                <div id=\"accordion_item_3_block_acb3ae9abe406ff01db11814e03c5788\" class=\"accordion-collapse collapse\" aria-labelledby=\"accordion_heading_block_acb3ae9abe406ff01db11814e03c5788\"\n                     data-bs-parent=\"#accordion-block_acb3ae9abe406ff01db11814e03c5788\">\n                    <div class=\"accordion-body\">\n                        <p>Oui, si vous \u00eates admissible aux retenues des cotisations \u00e0 la source (RCS). Vous pouvez s\u00e9lectionner l\u2019option des RCS lors du renouvellement en ligne ou nous contacter au\u00a01-855-304-4700\u202fpour obtenir de l\u2019aide.<\/p>\n<p>Note\u202f: L\u2019option des RCS n\u2019est pas offerte aux employ\u00e9\u00b7e\u00b7s en poste, aux v\u00e9t\u00e9ran\u00b7e\u00b7s sans pension, ni aux personnes recevant une pension de juge ou une allocation de survivant\u00b7e de juge.<\/p>\n                    <\/div>\n                <\/div>\n            <\/div>\n                    <div class=\"accordion-item\">\n                <h2 class=\"accordion-header\" id=\"accordion_heading_block_acb3ae9abe406ff01db11814e03c5788\">\n                    <button class=\"accordion-button collapsed\" type=\"button\" data-bs-toggle=\"collapse\"\n                        data-bs-target=\"#accordion_item_4_block_acb3ae9abe406ff01db11814e03c5788\" aria-expanded=\"false\" aria-controls=\"accordion_item_4_block_acb3ae9abe406ff01db11814e03c5788\">\n                        Puis-je payer mon adh\u00e9sion par ch\u00e8que?                     <\/button>\n                <\/h2>\n                <div id=\"accordion_item_4_block_acb3ae9abe406ff01db11814e03c5788\" class=\"accordion-collapse collapse\" aria-labelledby=\"accordion_heading_block_acb3ae9abe406ff01db11814e03c5788\"\n                     data-bs-parent=\"#accordion-block_acb3ae9abe406ff01db11814e03c5788\">\n                    <div class=\"accordion-body\">\n                        <p><span lang=\"FR-CA\" xml:lang=\"FR-CA\" data-contrast=\"auto\">Oui. Si vous pr\u00e9f\u00e9rez payer par ch\u00e8que,\u202fil vous suffit de\u00a0<\/span><a href=\"https:\/\/staging2.federalretirees.ca\/wp-content\/uploads\/2026\/01\/formulaire-d-adhesion-2026.pdf\" target=\"_blank\" rel=\"noreferrer noopener\"><span lang=\"FR-CA\" xml:lang=\"FR-CA\" data-contrast=\"none\">t\u00e9l\u00e9charger le formulaire d\u2019adh\u00e9sion<\/span><\/a><span lang=\"FR-CA\" xml:lang=\"FR-CA\" data-contrast=\"auto\">\u202fet de nous l\u2019envoyer par la poste, avec votre paiement. Les instructions et les coordonn\u00e9es postales figurent dans le formulaire.<\/span><\/p>\n                    <\/div>\n                <\/div>\n            <\/div>\n                    <div class=\"accordion-item\">\n                <h2 class=\"accordion-header\" id=\"accordion_heading_block_acb3ae9abe406ff01db11814e03c5788\">\n                    <button class=\"accordion-button collapsed\" type=\"button\" data-bs-toggle=\"collapse\"\n                        data-bs-target=\"#accordion_item_5_block_acb3ae9abe406ff01db11814e03c5788\" aria-expanded=\"false\" aria-controls=\"accordion_item_5_block_acb3ae9abe406ff01db11814e03c5788\">\n                        Puis-je parler \u00e0 quelqu\u2019un si j\u2019ai des questions?                     <\/button>\n                <\/h2>\n                <div id=\"accordion_item_5_block_acb3ae9abe406ff01db11814e03c5788\" class=\"accordion-collapse collapse\" aria-labelledby=\"accordion_heading_block_acb3ae9abe406ff01db11814e03c5788\"\n                     data-bs-parent=\"#accordion-block_acb3ae9abe406ff01db11814e03c5788\">\n                    <div class=\"accordion-body\">\n                        <p>Absolument. Notre \u00e9quipe des services aux membres est l\u00e0 pour vous aider, en fran\u00e7ais ou en anglais.<\/p>\n<p>Vous pouvez nous envoyer un courriel \u00e0\u00a0<a href=\"mailto:service@retraitesfederaux.ca\">service@retraitesfederaux.ca<\/a>\u202fou nous t\u00e9l\u00e9phoner \u00e0\u00a01-855-304-4700\u202f(sans frais) pour parler \u00e0 une personne \u00ab\u202fen chair et en os\u202f\u00bb qui r\u00e9pondra \u00e0 vos questions et vous guidera tout au long du processus d\u2019adh\u00e9sion.<\/p>\n                    <\/div>\n                <\/div>\n            <\/div>\n            <\/div>\n<\/div><\/div>\n\n\n\n<div style=\"height:85px\" aria-hidden=\"true\" class=\"wp-block-spacer\"><\/div>\n\n\n\n<div class=\"wp-block-columns is-layout-flex wp-container-core-columns-is-layout-9d6595d7 wp-block-columns-is-layout-flex\">\n<div class=\"wp-block-column is-layout-flow wp-block-column-is-layout-flow\"><div id=\"card-block_f8d2c6fc51a24e034b1950a78f8b41ba\" class=\"card onScroll card 1\" >\n    <div class=\"card-inner\">\n                    <div class=\"card-asset\">\n                <img loading=\"lazy\" decoding=\"async\" src=\"https:\/\/staging2.federalretirees.ca\/wp-content\/uploads\/2025\/10\/GettyImages-2162443791.jpg\" alt=\"Elderly couple at counter with laptop smiling\" width=\"2000\" height=\"1334\" \/>\n            <\/div>\n                <div class=\"card-content\">\n            <h3>Adh\u00e9sion double  <\/h3>            <p><span class=\"TextRun Highlight SCXW212787784 BCX0\" lang=\"FR-CA\" xml:lang=\"FR-CA\" data-contrast=\"auto\"><span class=\"NormalTextRun SCXW212787784 BCX0\">Retrait\u00e9s f\u00e9d\u00e9raux offre des adh\u00e9sions individuelles pour les personnes seules et doubles pour les couples. Choisissez l\u2019option de qui vous convient le mieux.<\/span><\/span><span class=\"EOP Selected SCXW212787784 BCX0\" data-ccp-props=\"{}\">\u00a0<\/span><\/p>\n                        <div class=\"card-actions\">\n                                <a href=\"\/fr\/adhesion\/tout-ce-quil-faut-savoir-sur-une-adhesion-double\/\" target=\"\">\n                    <span class=\"btn\">En savoir plus<\/span>\n                <\/a>\n                \n                            <\/div>\n                    <\/div>\n    <\/div>\n    <a href=\"\/fr\/adhesion\/tout-ce-quil-faut-savoir-sur-une-adhesion-double\/\" aria-labelledby=\"#card-block_f8d2c6fc51a24e034b1950a78f8b41ba-title\" target=\"\"><\/a><\/div>\n<\/div>\n\n\n\n<div class=\"wp-block-column is-layout-flow wp-block-column-is-layout-flow\"><div id=\"card-block_f8dd0d29672ac55a5d60a4b65d6b574a\" class=\"card onScroll card 1\" >\n    <div class=\"card-inner\">\n                    <div class=\"card-asset\">\n                <img loading=\"lazy\" decoding=\"async\" src=\"https:\/\/staging2.federalretirees.ca\/wp-content\/uploads\/2026\/01\/man_with_tablet_rido.jpg\" alt=\"\" width=\"540\" height=\"360\" \/>\n            <\/div>\n                <div class=\"card-content\">\n            <h3>\u00c9conomisez lorsque vous payez par RCS  <\/h3>            <p><span class=\"TextRun SCXW168559529 BCX0\" lang=\"FR-CA\" xml:lang=\"FR-CA\" data-contrast=\"auto\"><span class=\"NormalTextRun SCXW168559529 BCX0\">L\u2019option de paiement au moyen des retenues des cotisations \u00e0 la source (RCS) est le moyen le plus simple et le plus pratique de payer votre cotisation \u00e0 Retrait\u00e9s f\u00e9d\u00e9raux et de la renouveler automatiquement chaque ann\u00e9e.<\/span><\/span><span class=\"EOP Selected SCXW168559529 BCX0\" data-ccp-props=\"{}\">\u00a0<\/span><\/p>\n                        <div class=\"card-actions\">\n                                <a href=\"\/fr\/adhesion\/economisez-lorsque-vous-payez-par-rcs\/\" target=\"\">\n                    <span class=\"btn\">En savoir plus<\/span>\n                <\/a>\n                \n                            <\/div>\n                    <\/div>\n    <\/div>\n    <a href=\"\/fr\/adhesion\/economisez-lorsque-vous-payez-par-rcs\/\" aria-labelledby=\"#card-block_f8dd0d29672ac55a5d60a4b65d6b574a-title\" target=\"\"><\/a><\/div>\n<\/div>\n\n\n\n<div class=\"wp-block-column is-layout-flow wp-block-column-is-layout-flow\"><div id=\"card-block_f061f2f2bf523739bd1961bf8074898f\" class=\"card onScroll card 1\" >\n    <div class=\"card-inner\">\n                    <div class=\"card-asset\">\n                <img loading=\"lazy\" decoding=\"async\" src=\"https:\/\/staging2.federalretirees.ca\/wp-content\/uploads\/2025\/10\/GettyImages-1181408090.jpg\" alt=\"Elderly person with daughter smiling at laptop in home\" width=\"2000\" height=\"1345\" \/>\n            <\/div>\n                <div class=\"card-content\">\n            <h3>Faites cadeau d\u2019une adh\u00e9sion  <\/h3>            <p><span class=\"TextRun SCXW188072206 BCX0\" lang=\"FR-CA\" xml:lang=\"FR-CA\" data-contrast=\"auto\"><span class=\"NormalTextRun SCXW188072206 BCX0\">Si vous vous demandez quoi offrir \u00e0 un\u00b7e employ\u00e9\u00b7e ou un\u00b7e retrait\u00e9\u00b7e du gouvernement f\u00e9d\u00e9ral qui a tout, pourquoi ne pas lui donner une adh\u00e9sion \u00e0 l\u2019Association nationale des retrait\u00e9s f\u00e9d\u00e9raux en cadeau?<\/span><\/span><span class=\"EOP Selected SCXW188072206 BCX0\" data-ccp-props=\"{}\">\u00a0<\/span><\/p>\n                        <div class=\"card-actions\">\n                                <a href=\"\/fr\/membership\/faites-cadeau-dune-adhesion\/\" target=\"\">\n                    <span class=\"btn\">En savoir plus<\/span>\n                <\/a>\n                \n                            <\/div>\n                    <\/div>\n    <\/div>\n    <a href=\"\/fr\/membership\/faites-cadeau-dune-adhesion\/\" aria-labelledby=\"#card-block_f061f2f2bf523739bd1961bf8074898f-title\" target=\"\"><\/a><\/div>\n<\/div>\n<\/div>\n\n\n\n<hr class=\"wp-block-separator has-alpha-channel-opacity\"\/>\n\n\n\n<div class=\"wp-block-columns is-layout-flex wp-container-core-columns-is-layout-9d6595d7 wp-block-columns-is-layout-flex\">\n<div class=\"wp-block-column is-layout-flow wp-block-column-is-layout-flow\"><div id=\"card-block_74fdebd04797cb4e53c3d97015d91a9a\" class=\"card onScroll card-3\" >\n    <div class=\"card-inner\">\n                <div class=\"card-content\">\n            <h3>Pr\u00eat\u00b7e \u00e0 devenir membre? Adh\u00e9rez d\u00e8s aujourd\u2019hui!  <\/h3>                                    <div class=\"card-actions\">\n                                <a href=\"\/fr\/adhesion\/devenir-membre\/\" target=\"\">\n                    <span class=\"btn\">Adh\u00e9sion<\/span>\n                <\/a>\n                \n                            <\/div>\n                    <\/div>\n    <\/div>\n    <a href=\"\/fr\/adhesion\/devenir-membre\/\" aria-labelledby=\"#card-block_74fdebd04797cb4e53c3d97015d91a9a-title\" target=\"\"><\/a><\/div>\n<\/div>\n\n\n\n<div class=\"wp-block-column is-layout-flow wp-block-column-is-layout-flow\"><div id=\"card-block_5bc8fc50dab5ca92a4095b69329fd118\" class=\"card onScroll card 1\" >\n    <div class=\"card-inner\">\n                <div class=\"card-content\">\n            <h3>D\u00e9j\u00e0 membre? Connectez-vous pour acc\u00e9der \u00e0 votre compte  <\/h3>                                    <div class=\"card-actions\">\n                                <a href=\"\/fr\/login\/\" target=\"\">\n                    <span class=\"btn\">Se connecter<\/span>\n                <\/a>\n                \n                            <\/div>\n                    <\/div>\n    <\/div>\n    <a href=\"\/fr\/login\/\" aria-labelledby=\"#card-block_5bc8fc50dab5ca92a4095b69329fd118-title\" target=\"\"><\/a><\/div>\n<\/div>\n<\/div>\n","protected":false},"excerpt":{"rendered":"<p>Retrait\u00e9s f\u00e9d\u00e9raux tire fiert\u00e9 de sa tradition en mati\u00e8re de d\u00e9fense des int\u00e9r\u00eats au nom de plus de 170 000 membres et de toutes les personnes \u00e0 la retraite.<\/p>\n","protected":false},"author":2,"featured_media":11357,"parent":0,"menu_order":26,"comment_status":"closed","ping_status":"closed","template":"","meta":{"_acf_changed":false,"footnotes":""},"class_list":["post-8520","page","type-page","status-publish","has-post-thumbnail","hentry"],"acf":[],"yoast_head":"<!-- This site is optimized with the Yoast SEO plugin v27.5 - https:\/\/yoast.com\/product\/yoast-seo-wordpress\/ -->\n<title>Devenir membre - Association nationale des retrait\u00e9s f\u00e9d\u00e9raux<\/title>\n<meta name=\"robots\" content=\"noindex, follow, max-snippet:-1, max-image-preview:large, max-video-preview:-1\" \/>\n<meta property=\"og:locale\" content=\"fr_FR\" \/>\n<meta property=\"og:type\" content=\"article\" \/>\n<meta property=\"og:title\" content=\"Devenir membre - Association nationale des retrait\u00e9s f\u00e9d\u00e9raux\" \/>\n<meta property=\"og:description\" content=\"Retrait\u00e9s f\u00e9d\u00e9raux tire fiert\u00e9 de sa tradition en mati\u00e8re de d\u00e9fense des int\u00e9r\u00eats au nom de plus de 170 000 membres et de toutes les personnes \u00e0 la retraite.\" \/>\n<meta property=\"og:url\" content=\"https:\/\/staging2.federalretirees.ca\/fr\/adhesion\/\" \/>\n<meta property=\"og:site_name\" content=\"Association nationale des retrait\u00e9s f\u00e9d\u00e9raux\" \/>\n<meta property=\"article:publisher\" content=\"https:\/\/www.facebook.com\/FederalRetirees\" \/>\n<meta property=\"article:modified_time\" content=\"2026-04-27T16:02:24+00:00\" \/>\n<meta property=\"og:image\" content=\"https:\/\/nafr.dev.sparkadvocacy.dev\/wp-content\/uploads\/2025\/11\/why-join.png\" \/>\n\t<meta property=\"og:image:width\" content=\"1600\" \/>\n\t<meta property=\"og:image:height\" content=\"598\" \/>\n\t<meta property=\"og:image:type\" content=\"image\/png\" \/>\n<meta name=\"twitter:card\" content=\"summary_large_image\" \/>\n<meta name=\"twitter:site\" content=\"@fedretirees\" \/>\n<meta name=\"twitter:label1\" content=\"Dur\u00e9e de lecture estim\u00e9e\" \/>\n\t<meta name=\"twitter:data1\" content=\"2 minutes\" \/>\n<script type=\"application\/ld+json\" class=\"yoast-schema-graph\">{\"@context\":\"https:\\\/\\\/schema.org\",\"@graph\":[{\"@type\":\"WebPage\",\"@id\":\"https:\\\/\\\/staging2.federalretirees.ca\\\/fr\\\/adhesion\\\/\",\"url\":\"https:\\\/\\\/staging2.federalretirees.ca\\\/fr\\\/adhesion\\\/\",\"name\":\"Devenir membre - Association nationale des retrait\u00e9s f\u00e9d\u00e9raux\",\"isPartOf\":{\"@id\":\"https:\\\/\\\/nafr.dev.sparkadvocacy.dev\\\/#website\"},\"primaryImageOfPage\":{\"@id\":\"https:\\\/\\\/staging2.federalretirees.ca\\\/fr\\\/adhesion\\\/#primaryimage\"},\"image\":{\"@id\":\"https:\\\/\\\/staging2.federalretirees.ca\\\/fr\\\/adhesion\\\/#primaryimage\"},\"thumbnailUrl\":\"https:\\\/\\\/staging2.federalretirees.ca\\\/wp-content\\\/uploads\\\/2025\\\/11\\\/why-join.png\",\"datePublished\":\"2025-10-17T16:43:53+00:00\",\"dateModified\":\"2026-04-27T16:02:24+00:00\",\"breadcrumb\":{\"@id\":\"https:\\\/\\\/staging2.federalretirees.ca\\\/fr\\\/adhesion\\\/#breadcrumb\"},\"inLanguage\":\"fr-FR\",\"potentialAction\":[{\"@type\":\"ReadAction\",\"target\":[\"https:\\\/\\\/staging2.federalretirees.ca\\\/fr\\\/adhesion\\\/\"]}]},{\"@type\":\"ImageObject\",\"inLanguage\":\"fr-FR\",\"@id\":\"https:\\\/\\\/staging2.federalretirees.ca\\\/fr\\\/adhesion\\\/#primaryimage\",\"url\":\"https:\\\/\\\/staging2.federalretirees.ca\\\/wp-content\\\/uploads\\\/2025\\\/11\\\/why-join.png\",\"contentUrl\":\"https:\\\/\\\/staging2.federalretirees.ca\\\/wp-content\\\/uploads\\\/2025\\\/11\\\/why-join.png\",\"width\":1600,\"height\":598,\"caption\":\"Group of elderly people smiling and laughing\"},{\"@type\":\"BreadcrumbList\",\"@id\":\"https:\\\/\\\/staging2.federalretirees.ca\\\/fr\\\/adhesion\\\/#breadcrumb\",\"itemListElement\":[{\"@type\":\"ListItem\",\"position\":1,\"name\":\"Home\",\"item\":\"https:\\\/\\\/nafr.dev.sparkadvocacy.dev\\\/fr\\\/\"},{\"@type\":\"ListItem\",\"position\":2,\"name\":\"Devenir membre\"}]},{\"@type\":\"WebSite\",\"@id\":\"https:\\\/\\\/nafr.dev.sparkadvocacy.dev\\\/#website\",\"url\":\"https:\\\/\\\/nafr.dev.sparkadvocacy.dev\\\/\",\"name\":\"National Association of Federal Retirees\",\"description\":\"\",\"potentialAction\":[{\"@type\":\"SearchAction\",\"target\":{\"@type\":\"EntryPoint\",\"urlTemplate\":\"https:\\\/\\\/nafr.dev.sparkadvocacy.dev\\\/?s={search_term_string}\"},\"query-input\":{\"@type\":\"PropertyValueSpecification\",\"valueRequired\":true,\"valueName\":\"search_term_string\"}}],\"inLanguage\":\"fr-FR\"}]}<\/script>\n<!-- \/ Yoast SEO plugin. -->","yoast_head_json":{"title":"Devenir membre - Association nationale des retrait\u00e9s f\u00e9d\u00e9raux","robots":{"index":"noindex","follow":"follow","max-snippet":"max-snippet:-1","max-image-preview":"max-image-preview:large","max-video-preview":"max-video-preview:-1"},"og_locale":"fr_FR","og_type":"article","og_title":"Devenir membre - Association nationale des retrait\u00e9s f\u00e9d\u00e9raux","og_description":"Retrait\u00e9s f\u00e9d\u00e9raux tire fiert\u00e9 de sa tradition en mati\u00e8re de d\u00e9fense des int\u00e9r\u00eats au nom de plus de 170 000 membres et de toutes les personnes \u00e0 la retraite.","og_url":"https:\/\/staging2.federalretirees.ca\/fr\/adhesion\/","og_site_name":"Association nationale des retrait\u00e9s f\u00e9d\u00e9raux","article_publisher":"https:\/\/www.facebook.com\/FederalRetirees","article_modified_time":"2026-04-27T16:02:24+00:00","og_image":[{"width":1600,"height":598,"url":"https:\/\/nafr.dev.sparkadvocacy.dev\/wp-content\/uploads\/2025\/11\/why-join.png","type":"image\/png"}],"twitter_card":"summary_large_image","twitter_site":"@fedretirees","twitter_misc":{"Dur\u00e9e de lecture estim\u00e9e":"2 minutes"},"schema":{"@context":"https:\/\/schema.org","@graph":[{"@type":"WebPage","@id":"https:\/\/staging2.federalretirees.ca\/fr\/adhesion\/","url":"https:\/\/staging2.federalretirees.ca\/fr\/adhesion\/","name":"Devenir membre - Association nationale des retrait\u00e9s f\u00e9d\u00e9raux","isPartOf":{"@id":"https:\/\/nafr.dev.sparkadvocacy.dev\/#website"},"primaryImageOfPage":{"@id":"https:\/\/staging2.federalretirees.ca\/fr\/adhesion\/#primaryimage"},"image":{"@id":"https:\/\/staging2.federalretirees.ca\/fr\/adhesion\/#primaryimage"},"thumbnailUrl":"https:\/\/staging2.federalretirees.ca\/wp-content\/uploads\/2025\/11\/why-join.png","datePublished":"2025-10-17T16:43:53+00:00","dateModified":"2026-04-27T16:02:24+00:00","breadcrumb":{"@id":"https:\/\/staging2.federalretirees.ca\/fr\/adhesion\/#breadcrumb"},"inLanguage":"fr-FR","potentialAction":[{"@type":"ReadAction","target":["https:\/\/staging2.federalretirees.ca\/fr\/adhesion\/"]}]},{"@type":"ImageObject","inLanguage":"fr-FR","@id":"https:\/\/staging2.federalretirees.ca\/fr\/adhesion\/#primaryimage","url":"https:\/\/staging2.federalretirees.ca\/wp-content\/uploads\/2025\/11\/why-join.png","contentUrl":"https:\/\/staging2.federalretirees.ca\/wp-content\/uploads\/2025\/11\/why-join.png","width":1600,"height":598,"caption":"Group of elderly people smiling and laughing"},{"@type":"BreadcrumbList","@id":"https:\/\/staging2.federalretirees.ca\/fr\/adhesion\/#breadcrumb","itemListElement":[{"@type":"ListItem","position":1,"name":"Home","item":"https:\/\/nafr.dev.sparkadvocacy.dev\/fr\/"},{"@type":"ListItem","position":2,"name":"Devenir membre"}]},{"@type":"WebSite","@id":"https:\/\/nafr.dev.sparkadvocacy.dev\/#website","url":"https:\/\/nafr.dev.sparkadvocacy.dev\/","name":"National Association of Federal Retirees","description":"","potentialAction":[{"@type":"SearchAction","target":{"@type":"EntryPoint","urlTemplate":"https:\/\/nafr.dev.sparkadvocacy.dev\/?s={search_term_string}"},"query-input":{"@type":"PropertyValueSpecification","valueRequired":true,"valueName":"search_term_string"}}],"inLanguage":"fr-FR"}]}},"_links":{"self":[{"href":"https:\/\/staging2.federalretirees.ca\/fr\/wp-json\/wp\/v2\/pages\/8520","targetHints":{"allow":["GET"]}}],"collection":[{"href":"https:\/\/staging2.federalretirees.ca\/fr\/wp-json\/wp\/v2\/pages"}],"about":[{"href":"https:\/\/staging2.federalretirees.ca\/fr\/wp-json\/wp\/v2\/types\/page"}],"author":[{"embeddable":true,"href":"https:\/\/staging2.federalretirees.ca\/fr\/wp-json\/wp\/v2\/users\/2"}],"replies":[{"embeddable":true,"href":"https:\/\/staging2.federalretirees.ca\/fr\/wp-json\/wp\/v2\/comments?post=8520"}],"version-history":[{"count":10,"href":"https:\/\/staging2.federalretirees.ca\/fr\/wp-json\/wp\/v2\/pages\/8520\/revisions"}],"predecessor-version":[{"id":67092,"href":"https:\/\/staging2.federalretirees.ca\/fr\/wp-json\/wp\/v2\/pages\/8520\/revisions\/67092"}],"wp:featuredmedia":[{"embeddable":true,"href":"https:\/\/staging2.federalretirees.ca\/fr\/wp-json\/wp\/v2\/media\/11357"}],"wp:attachment":[{"href":"https:\/\/staging2.federalretirees.ca\/fr\/wp-json\/wp\/v2\/media?parent=8520"}],"curies":[{"name":"wp","href":"https:\/\/api.w.org\/{rel}","templated":true}]}}