{"id":8498,"date":"2026-01-09T16:11:55","date_gmt":"2026-01-09T21:11:55","guid":{"rendered":"https:\/\/nafr.dev.sparkadvocacy.dev\/?page_id=8498"},"modified":"2026-04-27T12:42:02","modified_gmt":"2026-04-27T16:42:02","slug":"pourquoi-devenir-membre-de-retraites-federaux","status":"publish","type":"page","link":"https:\/\/staging2.federalretirees.ca\/fr\/adhesion\/pourquoi-devenir-membre-de-retraites-federaux\/","title":{"rendered":"Pourquoi devenir membre de Retrait\u00e9s f\u00e9d\u00e9raux\u00a0"},"content":{"rendered":"    <div id=\"hero-block_782ce81b322fc756f95b9c743ecb1cb4\" class=\"heros alignfull\">\n        <div class=\"hero\">\n            <div class=\"container\">\n                <div class=\"row align-items-center\">\n                    <div class=\"col-lg-6 hero-caption block\">\n                        <div class=\"caption-content\">\n                            <div class=\"hero-caption-content\"><h1>Pourquoi devenir membre de Retrait\u00e9s f\u00e9d\u00e9raux<\/h1>\n<p><!-- wp:paragraph {\"className\":\"is-style-lead\"} --><\/p>\n<p class=\"is-style-lead\"><span class=\"TextRun SCXW53957043 BCX0\" lang=\"FR-CA\" xml:lang=\"FR-CA\" data-contrast=\"auto\"><span class=\"NormalTextRun SCXW53957043 BCX0\">L\u2019Association nationale des retrait\u00e9s f\u00e9d\u00e9raux (Retrait\u00e9s f\u00e9d\u00e9raux) est le plus important organisme national de d\u00e9fense des int\u00e9r\u00eats de membres actifs et retrait\u00e9s de la fonction publique f\u00e9d\u00e9rale, des Forces arm\u00e9es canadiennes et de la Gendarmerie royale du Canada, des juges de nomination f\u00e9d\u00e9rale \u00e0 la retraite, ainsi que de leurs partenaires et survivant\u00b7e\u00b7s.<\/span><\/span><\/p>\n<p><span class=\"lead\"><!-- \/wp:paragraph --> <!-- wp:paragraph --><\/span><\/p>\n<p><span class=\"TextRun SCXW42184395 BCX0\" lang=\"FR-CA\" xml:lang=\"FR-CA\" data-contrast=\"auto\"><span class=\"NormalTextRun SCXW42184395 BCX0\">Des <a href=\"https:\/\/staging2.federalretirees.ca\/fr\/defense-des-interets\/nos-priorites-de-defense-des-interets\/\">d\u00e9marches strat\u00e9giques et efficaces de d\u00e9fense des int\u00e9r\u00eats<\/a> aux <a href=\"https:\/\/staging2.federalretirees.ca\/fr\/adhesion\/partenaires-privilegies\/\">partenaires privil\u00e9gi\u00e9s<\/a> qui offrent des \u00e9conomies importantes, une adh\u00e9sion \u00e0 Retrait\u00e9s f\u00e9d\u00e9raux comporte bien des avantages! Devenez membre, m\u00eame si vous n\u2019\u00eates pas \u00e0 la retraite!<\/span><\/span><span class=\"EOP Selected SCXW42184395 BCX0\" data-ccp-props=\"{}\">\u00a0<\/span><\/p>\n<\/div><div class=\"hero-buttons\" ><a href=\"\/fr\/adhesion\/devenir-membre\/\" class=\"btn\">Adh\u00e9rer maintenant<\/a><\/div>                        <\/div>\n                    <\/div>\n                <\/div>\n            <\/div>\n                            <div class=\"hero-asset block\">\n                    <img loading=\"lazy\" decoding=\"async\" src=\"https:\/\/staging2.federalretirees.ca\/wp-content\/uploads\/2026\/01\/benefits-of-retirement.jpg\" alt=\"Woman with grey hair smiling at camera in beautiful natural setting\" width=\"1500\" height=\"844\"\/>\n                    <!--<video preload= \"true\" loop=\"loop\" playsinline autoplay muted loop><source src=\"https:\/\/staging2.federalretirees.ca\/wp-content\/uploads\/2026\/01\/benefits-of-retirement.jpg\" type=\"video\/mp4\" \/>Your browser does not support the video tag.<\/video>-->\n                <\/div>\n                    <\/div>\n    <\/div>\n\n\n\n<div class=\"wp-block-columns is-layout-flex wp-container-core-columns-is-layout-9d6595d7 wp-block-columns-is-layout-flex justify-content-center\">\n<div class=\"wp-block-column is-layout-flow wp-block-column-is-layout-flow\">\n<h2 class=\"wp-block-heading\">Votre adh\u00e9sion importe&nbsp;<\/h2>\n\n\n\n<p>Depuis plus de 60\u202fans, Retrait\u00e9s f\u00e9d\u00e9raux repr\u00e9sente une voix nationale fiable pour les retrait\u00e9\u00b7e\u00b7s, \u0153uvrant \u00e0 prot\u00e9ger leurs pensions, leurs prestations et leur qualit\u00e9 de vie \u00e0 la retraite. Soutenue par un bassin comptant plus de 170\u202f000\u202fmembres et un r\u00e9seau de b\u00e9n\u00e9voles d\u00e9vou\u00e9s d\u2019un oc\u00e9an \u00e0 l\u2019autre, notre association m\u00e8ne des initiatives de d\u00e9fense des int\u00e9r\u00eats cr\u00e9dible qui produisent des r\u00e9sultats concrets.\u202f<\/p>\n\n\n\n<p>L\u2019adh\u00e9sion est abordable \u2014 seulement 58,80\u202f$ par ann\u00e9e pour une personne seule ou 76,44\u202f$ pour un couple \u2014 et elle offre un rapport qualit\u00e9-prix d\u2019une grande valeur. Les membres obtiennent des avantages, des \u00e9conomies et des ressources utiles, tout en soutenant une voix plus forte pour la s\u00e9curit\u00e9 de la retraite, aujourd\u2019hui comme demain.<\/p>\n<\/div>\n<\/div>\n\n\n\n<div style=\"height:32px\" aria-hidden=\"true\" class=\"wp-block-spacer\"><\/div>\n\n\n\n<div class=\"wp-block-columns is-layout-flex wp-container-core-columns-is-layout-9d6595d7 wp-block-columns-is-layout-flex\">\n<div class=\"wp-block-column is-vertically-aligned-center is-layout-flow wp-block-column-is-layout-flow\" style=\"flex-basis:40%\">\n<figure class=\"wp-block-image size-large is-style-rounded\"><img loading=\"lazy\" decoding=\"async\" width=\"1024\" height=\"682\" src=\"https:\/\/staging2.federalretirees.ca\/wp-content\/uploads\/2025\/10\/GettyImages-2172613898-1024x682.jpg\" alt=\"Elderly woman with grandchildren looking at tablet together\" class=\"wp-image-1236\" srcset=\"https:\/\/staging2.federalretirees.ca\/wp-content\/uploads\/2025\/10\/GettyImages-2172613898-1024x682.jpg 1024w, https:\/\/staging2.federalretirees.ca\/wp-content\/uploads\/2025\/10\/GettyImages-2172613898-300x200.jpg 300w, https:\/\/staging2.federalretirees.ca\/wp-content\/uploads\/2025\/10\/GettyImages-2172613898-768x512.jpg 768w, https:\/\/staging2.federalretirees.ca\/wp-content\/uploads\/2025\/10\/GettyImages-2172613898-1536x1024.jpg 1536w, https:\/\/staging2.federalretirees.ca\/wp-content\/uploads\/2025\/10\/GettyImages-2172613898.jpg 2000w\" sizes=\"auto, (max-width: 1024px) 100vw, 1024px\" \/><\/figure>\n<\/div>\n\n\n\n<div class=\"wp-block-column is-layout-flow wp-block-column-is-layout-flow\" style=\"flex-basis:60%\">\n<h2 class=\"wp-block-heading\">Notre travail commun<\/h2>\n\n\n\n<p><strong>Notre association est fi\u00e8re de son parcours de r\u00e9alisations qui m\u00e9ritent d\u2019\u00eatre c\u00e9l\u00e9br\u00e9es, dont plus d\u2019un demi-si\u00e8cle de victoires importantes pour les employ\u00e9\u00b7e\u00b7s du gouvernement f\u00e9d\u00e9ral, les retrait\u00e9\u00b7e\u00b7s, les Canadien\u00b7ne\u00b7s \u00e2g\u00e9s et leurs proches.<\/strong><\/p>\n\n\n\n<ul class=\"wp-block-list\">\n<li>Nous avons obtenu l\u2019indexation compl\u00e8te des pensions pour tous les retrait\u00e9\u00b7e\u00b7s du f\u00e9d\u00e9ral. Ainsi, votre pension suit le co\u00fbt de la vie.<\/li>\n\n\n\n<li>Nous avons lutt\u00e9 pour la protection et la s\u00e9curit\u00e9 de vos proches, en obtenant le maintien des prestations pour les conjoint\u00b7e\u00b7s survivants.<\/li>\n\n\n\n<li>Nous nous sommes oppos\u00e9s \u00e0 l\u2019appropriation du surplus de 30&nbsp;milliards de dollars des comptes de caisse de retraite de la fonction publique, des Forces arm\u00e9es canadiennes et de la GRC.<\/li>\n\n\n\n<li>Nous avons n\u00e9goci\u00e9 la cr\u00e9ation de votre r\u00e9gime de soins dentaires, le R\u00e9gime de services dentaires pour les pensionn\u00e9s (<a>RSD<\/a>P).<\/li>\n\n\n\n<li>Nous avons r\u00e9ussi \u00e0 \u00e9liminer le projet de loi&nbsp;C-27, qui mettait en p\u00e9ril la s\u00e9curit\u00e9 des pensions f\u00e9d\u00e9rales.<\/li>\n\n\n\n<li>Nous avons revendiqu\u00e9 et obtenu un poste de ministre des A\u00een\u00e9s au gouvernement f\u00e9d\u00e9ral, pour vous donner une voix au Cabinet des ministres.<\/li>\n\n\n\n<li>Nous avons obtenu une actualisation du R\u00e9gime de soins de sant\u00e9 de la fonction publique (RSSFP) avec des am\u00e9liorations substantielles dans presque toutes les cat\u00e9gories de prestations.<\/li>\n<\/ul>\n<\/div>\n<\/div>\n\n\n\n<div class=\"wp-block-group\"><div class=\"wp-block-group__inner-container is-layout-constrained wp-block-group-is-layout-constrained\"><div id=\"card-block_29e5d7fad3d2cf987ce2c78e0791144c\" class=\"card onScroll card-2\" >\n    <div class=\"card-inner\">\n                    <div class=\"card-asset\">\n                <img loading=\"lazy\" decoding=\"async\" src=\"https:\/\/staging2.federalretirees.ca\/wp-content\/uploads\/2026\/01\/Ottawa-GettyImages-2239624926.jpg\" alt=\"\" width=\"2000\" height=\"1125\" \/>\n            <\/div>\n                <div class=\"card-content\">\n            <h3>Votre communaut\u00e9 locale  <\/h3>            <p>Lorsque vous devenez membre, vous faites \u00e9galement partie de l\u2019une de nos 74\u202fsections situ\u00e9es \u00e0 l\u2019\u00e9chelle du pays, avec une \u00e9quipe de b\u00e9n\u00e9voles passionn\u00e9s qui sont l\u00e0 pour vous, en communiquant avec les d\u00e9put\u00e9\u00b7e\u00b7s, en organisant des \u00e9v\u00e9nements, en r\u00e9pondant aux questions et bien plus encore.<\/p>\n                        <div class=\"card-actions\">\n                                <a href=\"\/fr\/sections\/\" target=\"\">\n                    <span class=\"btn\">Nos sections<\/span>\n                <\/a>\n                \n                                <a href=\"\/fr\/adhesion\/devenir-membre\/\" target=\"\">\n                    <span class=\"btn\">Devenez membre<\/span>\n                <\/a>\n                            <\/div>\n                    <\/div>\n    <\/div>\n    <\/div>\n<\/div><\/div>\n\n\n\n<hr class=\"wp-block-separator has-alpha-channel-opacity\"\/>\n\n\n\n<h2 class=\"wp-block-heading\">Les avantages d\u2019une adh\u00e9sion&nbsp;<\/h2>\n\n\n\n<p>De la planification \u00e0 la retraite et pour la suite, l\u2019adh\u00e9sion vous fait obtenir de l\u2019information fiable, \u00e0 des \u00e9conomies appr\u00e9ciables et \u00e0 une solide communaut\u00e9.<\/p>\n\n\n\n<div class=\"wp-block-columns is-layout-flex wp-container-core-columns-is-layout-9d6595d7 wp-block-columns-is-layout-flex\">\n<div class=\"wp-block-column is-layout-flow wp-block-column-is-layout-flow\"><div id=\"card-block_39189dd70625436625e1257cf6f3ca92\" class=\"card onScroll card 1\" >\n    <div class=\"card-inner\">\n                <div class=\"card-content\">\n            <h3>\u00c9conomies et offres exclusives  <\/h3>            <p>Les membres ont droit \u00e0 des \u00e9conomies et \u00e0 des offres exclusives, dans le cadre de notre programme de partenaires privil\u00e9gi\u00e9s, y compris des tarifs exclusifs sur l\u2019assurance voyage de belairdirect.<\/p>\n                        <div class=\"card-actions\">\n                                <a href=\"\/fr\/adhesion\/partenaires-privilegies\/\" target=\"\">\n                    <span class=\"btn\">Voir les partenaires privil\u00e9gi\u00e9s<\/span>\n                <\/a>\n                \n                            <\/div>\n                    <\/div>\n    <\/div>\n    <a href=\"\/fr\/adhesion\/partenaires-privilegies\/\" aria-labelledby=\"#card-block_39189dd70625436625e1257cf6f3ca92-title\" target=\"\"><\/a><\/div>\n<\/div>\n\n\n\n<div class=\"wp-block-column is-layout-flow wp-block-column-is-layout-flow\"><div id=\"card-block_11f9ec7d089ac97705f443fca6f15527\" class=\"card onScroll card 1\" >\n    <div class=\"card-inner\">\n                <div class=\"card-content\">\n            <h3>Une information sur laquelle vous pouvez compter  <\/h3>            <p>Restez au courant gr\u00e2ce \u00e0 <em>Sage<\/em>, notre magazine trimestriel, ainsi qu\u2019\u00e0 des analyses d\u2019experts, des entrevues et de l\u2019information pratique sur la retraite, la sant\u00e9 et les politiques publiques.<\/p>\n                        <div class=\"card-actions\">\n                                <a href=\"\/fr\/publications-ressources\/\" target=\"\">\n                    <span class=\"btn\">Explorer les publications <\/span>\n                <\/a>\n                \n                            <\/div>\n                    <\/div>\n    <\/div>\n    <a href=\"\/fr\/publications-ressources\/\" aria-labelledby=\"#card-block_11f9ec7d089ac97705f443fca6f15527-title\" target=\"\"><\/a><\/div>\n<\/div>\n\n\n\n<div class=\"wp-block-column is-layout-flow wp-block-column-is-layout-flow\"><div id=\"card-block_45cc918b66691a673bb4f9dc459d1e36\" class=\"card onScroll card 1\" >\n    <div class=\"card-inner\">\n                <div class=\"card-content\">\n            <h3>Porter le changement, gr\u00e2ce \u00e0 la d\u00e9fense des int\u00e9r\u00eats  <\/h3>            <p>Nous portons vos priorit\u00e9s sur la sc\u00e8ne publique, en revendiquant des pensions plus solides, des soins de sant\u00e9 fiables et un avenir plus prometteur pour la retraite au Canada.Joignez-vous \u00e0 une communaut\u00e9 qui fait une diff\u00e9rence<\/p>\n                        <div class=\"card-actions\">\n                                <a href=\"\/fr\/defense-des-interets\/nos-priorites-de-defense-des-interets\/\" target=\"\">\n                    <span class=\"btn\">Voir nos priorit\u00e9s<\/span>\n                <\/a>\n                \n                            <\/div>\n                    <\/div>\n    <\/div>\n    <a href=\"\/fr\/defense-des-interets\/nos-priorites-de-defense-des-interets\/\" aria-labelledby=\"#card-block_45cc918b66691a673bb4f9dc459d1e36-title\" target=\"\"><\/a><\/div>\n<\/div>\n<\/div>\n\n\n\n<div style=\"height:57px\" aria-hidden=\"true\" class=\"wp-block-spacer\"><\/div>\n\n\n\n<h2 class=\"wp-block-heading has-text-align-center\">Joignez-vous \u00e0 une communaut\u00e9 qui fait une diff\u00e9rence\u202f<\/h2>\n\n\n\n<p class=\"has-text-align-center is-style-lead\">L\u2019adh\u00e9sion vous donne acc\u00e8s \u00e0 des avantages pr\u00e9cieux et soutient une d\u00e9fense des int\u00e9r\u00eats qui am\u00e9liore la retraite de tous les Canadien\u00b7ne\u00b7s.\u202f<\/p>\n\n\n\n<div class=\"wp-block-buttons alignwide is-content-justification-center is-layout-flex wp-container-core-buttons-is-layout-16018d1d wp-block-buttons-is-layout-flex\">\n<div class=\"wp-block-button\"><a class=\"wp-block-button__link wp-element-button\" href=\"https:\/\/staging2.federalretirees.ca\/fr\/adhesion\/devenir-membre\/\"><strong>Devenez membre<\/strong><\/a><\/div>\n<\/div>\n\n\n\n<div style=\"height:57px\" aria-hidden=\"true\" class=\"wp-block-spacer\"><\/div>\n\n\n    <div id=\"hero-block_daa96c62a3a63c5ec822511feb2a80b4\" class=\"heros alignfull\">\n        <div class=\"hero\">\n            <div class=\"container\">\n                <div class=\"row align-items-center\">\n                    <div class=\"col-lg-6 hero-caption block\">\n                        <div class=\"caption-content\">\n                            <div class=\"hero-caption-content\"><h2>Retrait\u00e9s f\u00e9d\u00e9raux b\u00e2tit \u00e9galement un r\u00e9seau pancanadien de d\u00e9fenseur\u00b7e\u00b7s pour faire avancer sa mission.<\/h2>\n<p>Pour am\u00e9liorer de fa\u00e7on significative la qualit\u00e9 et la s\u00e9curit\u00e9 de la retraite pour nos membres et pour tous les Canadien\u00b7ne\u00b7s, nous d\u00e9veloppons Rayonnement\u202f343, un r\u00e9seau national de mobilisation visant \u00e0 rejoindre les 343\u202fcirconscriptions f\u00e9d\u00e9rales avant les prochaines \u00e9lections.<\/p>\n<p><strong>Pour y parvenir, nous avons besoin de vous.<\/strong><\/p>\n<\/div><div class=\"hero-buttons\" ><a href=\"\/fr\/defense-des-interets\/campagnes\/reach-343\/\" class=\"btn\">Rayonnement\u202f343<\/a><a href=\"\/fr\/category\/actualites-sur-la-defense-des-interets\/\" class=\"btn\">Derni\u00e8res nouvelles sur la d\u00e9fense des int\u00e9r\u00eats <\/a><\/div>                        <\/div>\n                    <\/div>\n                <\/div>\n            <\/div>\n                            <div class=\"hero-asset block\">\n                    <img loading=\"lazy\" decoding=\"async\" src=\"https:\/\/staging2.federalretirees.ca\/wp-content\/uploads\/2026\/01\/Reach-343.jpg\" alt=\"\" width=\"540\" height=\"360\"\/>\n                    <!--<video preload= \"true\" loop=\"loop\" playsinline autoplay muted loop><source src=\"https:\/\/staging2.federalretirees.ca\/wp-content\/uploads\/2026\/01\/Reach-343.jpg\" type=\"video\/mp4\" \/>Your browser does not support the video tag.<\/video>-->\n                <\/div>\n                    <\/div>\n    <\/div>\n","protected":false},"excerpt":{"rendered":"<p>Votre adh\u00e9sion importe&nbsp; Depuis plus de 60\u202fans, Retrait\u00e9s f\u00e9d\u00e9raux repr\u00e9sente une voix nationale fiable pour les retrait\u00e9\u00b7e\u00b7s, \u0153uvrant \u00e0 prot\u00e9ger leurs pensions, leurs prestations et leur qualit\u00e9 de vie \u00e0 la retraite. Soutenue par un bassin comptant plus de 170\u202f000\u202fmembres&#8230;<\/p>\n","protected":false},"author":2,"featured_media":12751,"parent":8520,"menu_order":0,"comment_status":"closed","ping_status":"closed","template":"","meta":{"_acf_changed":false,"footnotes":""},"class_list":["post-8498","page","type-page","status-publish","has-post-thumbnail","hentry"],"acf":[],"yoast_head":"<!-- This site is optimized with the Yoast SEO plugin v27.5 - https:\/\/yoast.com\/product\/yoast-seo-wordpress\/ -->\n<title>Pourquoi devenir membre de Retrait\u00e9s f\u00e9d\u00e9raux\u00a0 - Association nationale des retrait\u00e9s f\u00e9d\u00e9raux<\/title>\n<meta name=\"robots\" content=\"noindex, follow, max-snippet:-1, max-image-preview:large, max-video-preview:-1\" \/>\n<meta property=\"og:locale\" content=\"fr_FR\" \/>\n<meta property=\"og:type\" content=\"article\" \/>\n<meta property=\"og:title\" content=\"Pourquoi devenir membre de Retrait\u00e9s f\u00e9d\u00e9raux\u00a0 - Association nationale des retrait\u00e9s f\u00e9d\u00e9raux\" \/>\n<meta property=\"og:description\" content=\"Votre adh\u00e9sion importe&nbsp; Depuis plus de 60\u202fans, Retrait\u00e9s f\u00e9d\u00e9raux repr\u00e9sente une voix nationale fiable pour les retrait\u00e9\u00b7e\u00b7s, \u0153uvrant \u00e0 prot\u00e9ger leurs pensions, leurs prestations et leur qualit\u00e9 de vie \u00e0 la retraite. Soutenue par un bassin comptant plus de 170\u202f000\u202fmembres...\" \/>\n<meta property=\"og:url\" content=\"https:\/\/staging2.federalretirees.ca\/fr\/adhesion\/pourquoi-devenir-membre-de-retraites-federaux\/\" \/>\n<meta property=\"og:site_name\" content=\"Association nationale des retrait\u00e9s f\u00e9d\u00e9raux\" \/>\n<meta property=\"article:publisher\" content=\"https:\/\/www.facebook.com\/FederalRetirees\" \/>\n<meta property=\"article:modified_time\" content=\"2026-04-27T16:42:02+00:00\" \/>\n<meta property=\"og:image\" content=\"https:\/\/nafr.dev.sparkadvocacy.dev\/wp-content\/uploads\/2026\/01\/benefits-of-retirement.jpg\" \/>\n\t<meta property=\"og:image:width\" content=\"1500\" \/>\n\t<meta property=\"og:image:height\" content=\"844\" \/>\n\t<meta property=\"og:image:type\" content=\"image\/jpeg\" \/>\n<meta name=\"twitter:card\" content=\"summary_large_image\" \/>\n<meta name=\"twitter:site\" content=\"@fedretirees\" \/>\n<meta name=\"twitter:label1\" content=\"Dur\u00e9e de lecture estim\u00e9e\" \/>\n\t<meta name=\"twitter:data1\" content=\"3 minutes\" \/>\n<script type=\"application\/ld+json\" class=\"yoast-schema-graph\">{\"@context\":\"https:\\\/\\\/schema.org\",\"@graph\":[{\"@type\":\"WebPage\",\"@id\":\"https:\\\/\\\/staging2.federalretirees.ca\\\/fr\\\/adhesion\\\/pourquoi-devenir-membre-de-retraites-federaux\\\/\",\"url\":\"https:\\\/\\\/staging2.federalretirees.ca\\\/fr\\\/adhesion\\\/pourquoi-devenir-membre-de-retraites-federaux\\\/\",\"name\":\"Pourquoi devenir membre de Retrait\u00e9s f\u00e9d\u00e9raux\u00a0 - Association nationale des retrait\u00e9s f\u00e9d\u00e9raux\",\"isPartOf\":{\"@id\":\"https:\\\/\\\/nafr.dev.sparkadvocacy.dev\\\/#website\"},\"primaryImageOfPage\":{\"@id\":\"https:\\\/\\\/staging2.federalretirees.ca\\\/fr\\\/adhesion\\\/pourquoi-devenir-membre-de-retraites-federaux\\\/#primaryimage\"},\"image\":{\"@id\":\"https:\\\/\\\/staging2.federalretirees.ca\\\/fr\\\/adhesion\\\/pourquoi-devenir-membre-de-retraites-federaux\\\/#primaryimage\"},\"thumbnailUrl\":\"https:\\\/\\\/staging2.federalretirees.ca\\\/wp-content\\\/uploads\\\/2026\\\/01\\\/benefits-of-retirement.jpg\",\"datePublished\":\"2026-01-09T21:11:55+00:00\",\"dateModified\":\"2026-04-27T16:42:02+00:00\",\"breadcrumb\":{\"@id\":\"https:\\\/\\\/staging2.federalretirees.ca\\\/fr\\\/adhesion\\\/pourquoi-devenir-membre-de-retraites-federaux\\\/#breadcrumb\"},\"inLanguage\":\"fr-FR\",\"potentialAction\":[{\"@type\":\"ReadAction\",\"target\":[\"https:\\\/\\\/staging2.federalretirees.ca\\\/fr\\\/adhesion\\\/pourquoi-devenir-membre-de-retraites-federaux\\\/\"]}]},{\"@type\":\"ImageObject\",\"inLanguage\":\"fr-FR\",\"@id\":\"https:\\\/\\\/staging2.federalretirees.ca\\\/fr\\\/adhesion\\\/pourquoi-devenir-membre-de-retraites-federaux\\\/#primaryimage\",\"url\":\"https:\\\/\\\/staging2.federalretirees.ca\\\/wp-content\\\/uploads\\\/2026\\\/01\\\/benefits-of-retirement.jpg\",\"contentUrl\":\"https:\\\/\\\/staging2.federalretirees.ca\\\/wp-content\\\/uploads\\\/2026\\\/01\\\/benefits-of-retirement.jpg\",\"width\":1500,\"height\":844,\"caption\":\"Woman with grey hair smiling at camera in beautiful natural setting\"},{\"@type\":\"BreadcrumbList\",\"@id\":\"https:\\\/\\\/staging2.federalretirees.ca\\\/fr\\\/adhesion\\\/pourquoi-devenir-membre-de-retraites-federaux\\\/#breadcrumb\",\"itemListElement\":[{\"@type\":\"ListItem\",\"position\":1,\"name\":\"Home\",\"item\":\"https:\\\/\\\/nafr.dev.sparkadvocacy.dev\\\/fr\\\/\"},{\"@type\":\"ListItem\",\"position\":2,\"name\":\"Devenir membre\",\"item\":\"https:\\\/\\\/nafr.dev.sparkadvocacy.dev\\\/fr\\\/adhesion\\\/\"},{\"@type\":\"ListItem\",\"position\":3,\"name\":\"Pourquoi devenir membre de Retrait\u00e9s f\u00e9d\u00e9raux\u00a0\"}]},{\"@type\":\"WebSite\",\"@id\":\"https:\\\/\\\/nafr.dev.sparkadvocacy.dev\\\/#website\",\"url\":\"https:\\\/\\\/nafr.dev.sparkadvocacy.dev\\\/\",\"name\":\"National Association of Federal Retirees\",\"description\":\"\",\"potentialAction\":[{\"@type\":\"SearchAction\",\"target\":{\"@type\":\"EntryPoint\",\"urlTemplate\":\"https:\\\/\\\/nafr.dev.sparkadvocacy.dev\\\/?s={search_term_string}\"},\"query-input\":{\"@type\":\"PropertyValueSpecification\",\"valueRequired\":true,\"valueName\":\"search_term_string\"}}],\"inLanguage\":\"fr-FR\"}]}<\/script>\n<!-- \/ Yoast SEO plugin. -->","yoast_head_json":{"title":"Pourquoi devenir membre de Retrait\u00e9s f\u00e9d\u00e9raux\u00a0 - Association nationale des retrait\u00e9s f\u00e9d\u00e9raux","robots":{"index":"noindex","follow":"follow","max-snippet":"max-snippet:-1","max-image-preview":"max-image-preview:large","max-video-preview":"max-video-preview:-1"},"og_locale":"fr_FR","og_type":"article","og_title":"Pourquoi devenir membre de Retrait\u00e9s f\u00e9d\u00e9raux\u00a0 - Association nationale des retrait\u00e9s f\u00e9d\u00e9raux","og_description":"Votre adh\u00e9sion importe&nbsp; Depuis plus de 60\u202fans, Retrait\u00e9s f\u00e9d\u00e9raux repr\u00e9sente une voix nationale fiable pour les retrait\u00e9\u00b7e\u00b7s, \u0153uvrant \u00e0 prot\u00e9ger leurs pensions, leurs prestations et leur qualit\u00e9 de vie \u00e0 la retraite. Soutenue par un bassin comptant plus de 170\u202f000\u202fmembres...","og_url":"https:\/\/staging2.federalretirees.ca\/fr\/adhesion\/pourquoi-devenir-membre-de-retraites-federaux\/","og_site_name":"Association nationale des retrait\u00e9s f\u00e9d\u00e9raux","article_publisher":"https:\/\/www.facebook.com\/FederalRetirees","article_modified_time":"2026-04-27T16:42:02+00:00","og_image":[{"width":1500,"height":844,"url":"https:\/\/nafr.dev.sparkadvocacy.dev\/wp-content\/uploads\/2026\/01\/benefits-of-retirement.jpg","type":"image\/jpeg"}],"twitter_card":"summary_large_image","twitter_site":"@fedretirees","twitter_misc":{"Dur\u00e9e de lecture estim\u00e9e":"3 minutes"},"schema":{"@context":"https:\/\/schema.org","@graph":[{"@type":"WebPage","@id":"https:\/\/staging2.federalretirees.ca\/fr\/adhesion\/pourquoi-devenir-membre-de-retraites-federaux\/","url":"https:\/\/staging2.federalretirees.ca\/fr\/adhesion\/pourquoi-devenir-membre-de-retraites-federaux\/","name":"Pourquoi devenir membre de Retrait\u00e9s f\u00e9d\u00e9raux\u00a0 - Association nationale des retrait\u00e9s f\u00e9d\u00e9raux","isPartOf":{"@id":"https:\/\/nafr.dev.sparkadvocacy.dev\/#website"},"primaryImageOfPage":{"@id":"https:\/\/staging2.federalretirees.ca\/fr\/adhesion\/pourquoi-devenir-membre-de-retraites-federaux\/#primaryimage"},"image":{"@id":"https:\/\/staging2.federalretirees.ca\/fr\/adhesion\/pourquoi-devenir-membre-de-retraites-federaux\/#primaryimage"},"thumbnailUrl":"https:\/\/staging2.federalretirees.ca\/wp-content\/uploads\/2026\/01\/benefits-of-retirement.jpg","datePublished":"2026-01-09T21:11:55+00:00","dateModified":"2026-04-27T16:42:02+00:00","breadcrumb":{"@id":"https:\/\/staging2.federalretirees.ca\/fr\/adhesion\/pourquoi-devenir-membre-de-retraites-federaux\/#breadcrumb"},"inLanguage":"fr-FR","potentialAction":[{"@type":"ReadAction","target":["https:\/\/staging2.federalretirees.ca\/fr\/adhesion\/pourquoi-devenir-membre-de-retraites-federaux\/"]}]},{"@type":"ImageObject","inLanguage":"fr-FR","@id":"https:\/\/staging2.federalretirees.ca\/fr\/adhesion\/pourquoi-devenir-membre-de-retraites-federaux\/#primaryimage","url":"https:\/\/staging2.federalretirees.ca\/wp-content\/uploads\/2026\/01\/benefits-of-retirement.jpg","contentUrl":"https:\/\/staging2.federalretirees.ca\/wp-content\/uploads\/2026\/01\/benefits-of-retirement.jpg","width":1500,"height":844,"caption":"Woman with grey hair smiling at camera in beautiful natural setting"},{"@type":"BreadcrumbList","@id":"https:\/\/staging2.federalretirees.ca\/fr\/adhesion\/pourquoi-devenir-membre-de-retraites-federaux\/#breadcrumb","itemListElement":[{"@type":"ListItem","position":1,"name":"Home","item":"https:\/\/nafr.dev.sparkadvocacy.dev\/fr\/"},{"@type":"ListItem","position":2,"name":"Devenir membre","item":"https:\/\/nafr.dev.sparkadvocacy.dev\/fr\/adhesion\/"},{"@type":"ListItem","position":3,"name":"Pourquoi devenir membre de Retrait\u00e9s f\u00e9d\u00e9raux\u00a0"}]},{"@type":"WebSite","@id":"https:\/\/nafr.dev.sparkadvocacy.dev\/#website","url":"https:\/\/nafr.dev.sparkadvocacy.dev\/","name":"National Association of Federal Retirees","description":"","potentialAction":[{"@type":"SearchAction","target":{"@type":"EntryPoint","urlTemplate":"https:\/\/nafr.dev.sparkadvocacy.dev\/?s={search_term_string}"},"query-input":{"@type":"PropertyValueSpecification","valueRequired":true,"valueName":"search_term_string"}}],"inLanguage":"fr-FR"}]}},"_links":{"self":[{"href":"https:\/\/staging2.federalretirees.ca\/fr\/wp-json\/wp\/v2\/pages\/8498","targetHints":{"allow":["GET"]}}],"collection":[{"href":"https:\/\/staging2.federalretirees.ca\/fr\/wp-json\/wp\/v2\/pages"}],"about":[{"href":"https:\/\/staging2.federalretirees.ca\/fr\/wp-json\/wp\/v2\/types\/page"}],"author":[{"embeddable":true,"href":"https:\/\/staging2.federalretirees.ca\/fr\/wp-json\/wp\/v2\/users\/2"}],"replies":[{"embeddable":true,"href":"https:\/\/staging2.federalretirees.ca\/fr\/wp-json\/wp\/v2\/comments?post=8498"}],"version-history":[{"count":5,"href":"https:\/\/staging2.federalretirees.ca\/fr\/wp-json\/wp\/v2\/pages\/8498\/revisions"}],"predecessor-version":[{"id":67103,"href":"https:\/\/staging2.federalretirees.ca\/fr\/wp-json\/wp\/v2\/pages\/8498\/revisions\/67103"}],"up":[{"embeddable":true,"href":"https:\/\/staging2.federalretirees.ca\/fr\/wp-json\/wp\/v2\/pages\/8520"}],"wp:featuredmedia":[{"embeddable":true,"href":"https:\/\/staging2.federalretirees.ca\/fr\/wp-json\/wp\/v2\/media\/12751"}],"wp:attachment":[{"href":"https:\/\/staging2.federalretirees.ca\/fr\/wp-json\/wp\/v2\/media?parent=8498"}],"curies":[{"name":"wp","href":"https:\/\/api.w.org\/{rel}","templated":true}]}}