{"id":7966,"date":"2025-11-06T15:52:18","date_gmt":"2025-11-06T20:52:18","guid":{"rendered":"https:\/\/nafr.dev.sparkadvocacy.dev\/?page_id=7966"},"modified":"2026-04-16T14:24:42","modified_gmt":"2026-04-16T18:24:42","slug":"sections","status":"publish","type":"page","link":"https:\/\/staging2.federalretirees.ca\/fr\/sections\/","title":{"rendered":"Sections"},"content":{"rendered":"    <div id=\"hero-block_85a86fbf0346a1d2afd3142d04742272\" class=\"heros alignfull\">\n        <div class=\"hero\">\n            <div class=\"container\">\n                <div class=\"row align-items-center\">\n                    <div class=\"col-lg-6 hero-caption block\">\n                        <div class=\"caption-content\">\n                            <div class=\"hero-caption-content\"><h1>Nos sections<\/h1>\n<p><span class=\"lead\">L\u2019Association nationale des retrait\u00e9s f\u00e9d\u00e9raux offre des services \u00e0 plus de 170 000 membres qui font partie de ses 75 sections situ\u00e9es au Canada. Chaque section est g\u00e9r\u00e9e par un groupe de <a href=\"https:\/\/staging2.federalretirees.ca\/fr\/community\/faites-du-benevolat\/\">b\u00e9n\u00e9voles passionn\u00e9s<\/a> qui sont membres de l\u2019Association.<\/span><\/p>\n<p>Que vous soyez b\u00e9n\u00e9vole de longue date, membre actuel ou membre potentiel, nous vous souhaitons la bienvenue!<\/p>\n<\/div>                        <\/div>\n                    <\/div>\n                <\/div>\n            <\/div>\n                            <div class=\"hero-asset block\">\n                    <img loading=\"lazy\" decoding=\"async\" src=\"https:\/\/staging2.federalretirees.ca\/wp-content\/uploads\/2025\/11\/hero-branches.jpg\" alt=\"Close of queue divider at event\" width=\"1600\" height=\"598\"\/>\n                    <!--<video preload= \"true\" loop=\"loop\" playsinline autoplay muted loop><source src=\"https:\/\/staging2.federalretirees.ca\/wp-content\/uploads\/2025\/11\/hero-branches.jpg\" type=\"video\/mp4\" \/>Your browser does not support the video tag.<\/video>-->\n                <\/div>\n                    <\/div>\n    <\/div>\n\n\n\n<div style=\"height:100px\" aria-hidden=\"true\" class=\"wp-block-spacer\"><\/div>\n\n\n<div id=\"entries-block_54157beb9bd180044de2a86a7d62e5cc\" class=\"entries block\">\n    \n<form class=\"entries-filter onscroll\">\n\n    <input data-filter type=\"search\" value=\"\" name=\"search\" placeholder=\"Rechercher par\u2026\"\/>\n\n                <nav class=\"filters filter-tax\">\n                <select class=\"filter-tax-control\" data-filter data-term data-cat=\"province\" data-clear=\"1\">\n                    <option value=\"\">Filtrer par Province<\/option>\n                    <option value=\"181\" >Alberta<\/option><option value=\"183\" >Colombie-Britannique<\/option><option value=\"186\" >L&#039;\u00cele-du-Prince-\u00c9douard<\/option><option value=\"184\" >Manitoba<\/option><option value=\"185\" >Nouveau-Brunswick<\/option><option value=\"182\" >Nouvelle \u00c9cosse<\/option><option value=\"179\" >Ontario<\/option><option value=\"188\" >Quebec<\/option><option value=\"187\" >Saskatchewan<\/option><option value=\"180\" >Terre-Neuve et Labrador<\/option>                <\/select>\n            <\/nav>\n        \n        <nav class=\"filters filter-sort\">\n        <select class=\"filter-sort-control\" data-filter data-sort>\n            <option value=\"\" selected>Trier par<\/option><option value=\"title_ASC\" >Alphab\u00e9tique (A-Z) <\/option><option value=\"title_DESC\" >Alphab\u00e9tique (Z-A) <\/option>        <\/select>\n    <\/nav>\n<\/form>\n<div class=\"entries-ajax \" data-query='{&quot;post_type&quot;:[&quot;branch&quot;],&quot;posts_per_page&quot;:&quot;15&quot;,&quot;paged&quot;:1,&quot;post_status&quot;:&quot;publish&quot;,&quot;no_found_rows&quot;:false,&quot;update_post_meta_cache&quot;:true,&quot;update_post_term_cache&quot;:true,&quot;orderby&quot;:&quot;rand&quot;,&quot;rand_seed&quot;:244644,&quot;nafr_parents_only&quot;:true,&quot;featureFirst&quot;:false,&quot;originalCount&quot;:&quot;15&quot;,&quot;cardStyle&quot;:&quot;card-1&quot;}' data-columns=\"3\">\n    \n<div class=\"row\">\n                <div class=\"col-md-6 col-lg-4 mb-5\">\n                <article class=\"post card-2 onScroll card-1\">\n    <div class=\"card-inner\">\n                    <div class=\"card-asset\">\n                <img loading=\"lazy\" decoding=\"async\" width=\"770\" height=\"540\" src=\"https:\/\/staging2.federalretirees.ca\/wp-content\/uploads\/2026\/01\/Toronto-GettyImages-2223923910-1-770x540.jpg\" class=\"attachment-post-image size-post-image wp-post-image\" alt=\"\" \/>            <\/div>\n                <div class=\"card-content\">\n                            <span class=\"card-tag\">Ontario<\/span>\n                        <h3>\n                Toronto et r\u00e9gion            <\/h3>\n            <span class=\"btn\">Afficher la section<\/span>        <\/div>\n    <\/div>\n    <a href=\"https:\/\/staging2.federalretirees.ca\/fr\/section\/toronto-et-region\/\" title=\"Toronto et r\u00e9gion\"><\/a><\/article>            <\/div>\n                    <div class=\"col-md-6 col-lg-4 mb-5\">\n                <article class=\"post card-2 onScroll card-1\">\n    <div class=\"card-inner\">\n                    <div class=\"card-asset\">\n                <img loading=\"lazy\" decoding=\"async\" width=\"770\" height=\"540\" src=\"https:\/\/staging2.federalretirees.ca\/wp-content\/uploads\/2025\/12\/Fraser-Valley-West-GettyImages-2153674842-770x540.jpg\" class=\"attachment-post-image size-post-image wp-post-image\" alt=\"Fraser Valley West\" \/>            <\/div>\n                <div class=\"card-content\">\n                            <span class=\"card-tag\">Colombie-Britannique<\/span>\n                        <h3>\n                L&rsquo;ouest de la vall\u00e9e du Fraser            <\/h3>\n            <span class=\"btn\">Afficher la section<\/span>        <\/div>\n    <\/div>\n    <a href=\"https:\/\/staging2.federalretirees.ca\/fr\/section\/louest-de-la-vallee-du-fraser\/\" title=\"L&rsquo;ouest de la vall\u00e9e du Fraser\"><\/a><\/article>            <\/div>\n                    <div class=\"col-md-6 col-lg-4 mb-5\">\n                <article class=\"post card-2 onScroll card-1\">\n    <div class=\"card-inner\">\n                    <div class=\"card-asset\">\n                <img loading=\"lazy\" decoding=\"async\" width=\"770\" height=\"540\" src=\"https:\/\/staging2.federalretirees.ca\/wp-content\/uploads\/2026\/01\/Peterbrough-GettyImages-1330411455-770x540.jpg\" class=\"attachment-post-image size-post-image wp-post-image\" alt=\"\" \/>            <\/div>\n                <div class=\"card-content\">\n                            <span class=\"card-tag\">Ontario<\/span>\n                        <h3>\n                Peterborough et r\u00e9gion            <\/h3>\n            <span class=\"btn\">Afficher la section<\/span>        <\/div>\n    <\/div>\n    <a href=\"https:\/\/staging2.federalretirees.ca\/fr\/section\/peterborough-et-region\/\" title=\"Peterborough et r\u00e9gion\"><\/a><\/article>            <\/div>\n                    <div class=\"col-md-6 col-lg-4 mb-5\">\n                <article class=\"post card-2 onScroll card-1\">\n    <div class=\"card-inner\">\n                    <div class=\"card-asset\">\n                <img loading=\"lazy\" decoding=\"async\" width=\"770\" height=\"540\" src=\"https:\/\/staging2.federalretirees.ca\/wp-content\/uploads\/2026\/01\/Cape-Breton-GettyImages-2165997209-770x540.jpg\" class=\"attachment-post-image size-post-image wp-post-image\" alt=\"\" \/>            <\/div>\n                <div class=\"card-content\">\n                            <span class=\"card-tag\">Nouvelle \u00c9cosse<\/span>\n                        <h3>\n                Cap-Breton            <\/h3>\n            <span class=\"btn\">Afficher la section<\/span>        <\/div>\n    <\/div>\n    <a href=\"https:\/\/staging2.federalretirees.ca\/fr\/section\/cap-breton\/\" title=\"Cap-Breton\"><\/a><\/article>            <\/div>\n                    <div class=\"col-md-6 col-lg-4 mb-5\">\n                <article class=\"post card-2 onScroll card-1\">\n    <div class=\"card-inner\">\n                    <div class=\"card-asset\">\n                <img loading=\"lazy\" decoding=\"async\" width=\"770\" height=\"540\" src=\"https:\/\/staging2.federalretirees.ca\/wp-content\/uploads\/2026\/01\/Summerside-GettyImages-2195705181-770x540.jpg\" class=\"attachment-post-image size-post-image wp-post-image\" alt=\"\" \/>            <\/div>\n                <div class=\"card-content\">\n                            <span class=\"card-tag\">L&#039;\u00cele-du-Prince-\u00c9douard<\/span>\n                        <h3>\n                Section de Summerside            <\/h3>\n            <span class=\"btn\">Afficher la section<\/span>        <\/div>\n    <\/div>\n    <a href=\"https:\/\/staging2.federalretirees.ca\/fr\/section\/section-de-summerside\/\" title=\"Section de Summerside\"><\/a><\/article>            <\/div>\n                    <div class=\"col-md-6 col-lg-4 mb-5\">\n                <article class=\"post card-2 onScroll card-1\">\n    <div class=\"card-inner\">\n                    <div class=\"card-asset\">\n                <img loading=\"lazy\" decoding=\"async\" width=\"770\" height=\"540\" src=\"https:\/\/staging2.federalretirees.ca\/wp-content\/uploads\/2026\/01\/Central-Newfoundland-GettyImages-1409304321-770x540.jpg\" class=\"attachment-post-image size-post-image wp-post-image\" alt=\"\" \/>            <\/div>\n                <div class=\"card-content\">\n                            <span class=\"card-tag\">Terre-Neuve et Labrador<\/span>\n                        <h3>\n                Centre de Terre-Neuve            <\/h3>\n            <span class=\"btn\">Afficher la section<\/span>        <\/div>\n    <\/div>\n    <a href=\"https:\/\/staging2.federalretirees.ca\/fr\/section\/centre-de-terre-neuve\/\" title=\"Centre de Terre-Neuve\"><\/a><\/article>            <\/div>\n                    <div class=\"col-md-6 col-lg-4 mb-5\">\n                <article class=\"post card-2 onScroll card-1\">\n    <div class=\"card-inner\">\n                    <div class=\"card-asset\">\n                <img loading=\"lazy\" decoding=\"async\" width=\"770\" height=\"540\" src=\"https:\/\/staging2.federalretirees.ca\/wp-content\/uploads\/2026\/01\/Cornwall-District-GettyImages-1759892084-770x540.jpg\" class=\"attachment-post-image size-post-image wp-post-image\" alt=\"\" \/>            <\/div>\n                <div class=\"card-content\">\n                            <span class=\"card-tag\">Ontario<\/span>\n                        <h3>\n                Cornwall et District            <\/h3>\n            <span class=\"btn\">Afficher la section<\/span>        <\/div>\n    <\/div>\n    <a href=\"https:\/\/staging2.federalretirees.ca\/fr\/section\/cornwall-et-district\/\" title=\"Cornwall et District\"><\/a><\/article>            <\/div>\n                    <div class=\"col-md-6 col-lg-4 mb-5\">\n                <article class=\"post card-2 onScroll card-1\">\n    <div class=\"card-inner\">\n                    <div class=\"card-asset\">\n                <img loading=\"lazy\" decoding=\"async\" width=\"770\" height=\"540\" src=\"https:\/\/staging2.federalretirees.ca\/wp-content\/uploads\/2026\/01\/Western-Nova-Scotia-GettyImages-1089613356-770x540.jpg\" class=\"attachment-post-image size-post-image wp-post-image\" alt=\"\" \/>            <\/div>\n                <div class=\"card-content\">\n                            <span class=\"card-tag\">Nouvelle \u00c9cosse<\/span>\n                        <h3>\n                L&rsquo;ouest de la Nouvelle-\u00c9cosse            <\/h3>\n            <span class=\"btn\">Afficher la section<\/span>        <\/div>\n    <\/div>\n    <a href=\"https:\/\/staging2.federalretirees.ca\/fr\/section\/louest-de-la-nouvelle-ecosse\/\" title=\"L&rsquo;ouest de la Nouvelle-\u00c9cosse\"><\/a><\/article>            <\/div>\n                    <div class=\"col-md-6 col-lg-4 mb-5\">\n                <article class=\"post card-2 onScroll card-1\">\n    <div class=\"card-inner\">\n                    <div class=\"card-asset\">\n                <img loading=\"lazy\" decoding=\"async\" width=\"770\" height=\"540\" src=\"https:\/\/staging2.federalretirees.ca\/wp-content\/uploads\/2026\/01\/Northwest-Saskatchewan-GettyImages-1638338066-770x540.jpg\" class=\"attachment-post-image size-post-image wp-post-image\" alt=\"\" \/>            <\/div>\n                <div class=\"card-content\">\n                            <span class=\"card-tag\">Saskatchewan<\/span>\n                        <h3>\n                Nord-ouest de la Saskatchewan            <\/h3>\n            <span class=\"btn\">Afficher la section<\/span>        <\/div>\n    <\/div>\n    <a href=\"https:\/\/staging2.federalretirees.ca\/fr\/section\/nord-ouest-de-la-saskatchewan\/\" title=\"Nord-ouest de la Saskatchewan\"><\/a><\/article>            <\/div>\n                    <div class=\"col-md-6 col-lg-4 mb-5\">\n                <article class=\"post card-2 onScroll card-1\">\n    <div class=\"card-inner\">\n                    <div class=\"card-asset\">\n                <img loading=\"lazy\" decoding=\"async\" width=\"770\" height=\"540\" src=\"https:\/\/staging2.federalretirees.ca\/wp-content\/uploads\/2026\/01\/Outaouais-GettyImages-1329251450-770x540.jpg\" class=\"attachment-post-image size-post-image wp-post-image\" alt=\"\" \/>            <\/div>\n                <div class=\"card-content\">\n                            <span class=\"card-tag\">Quebec<\/span>\n                        <h3>\n                Outaouais            <\/h3>\n            <span class=\"btn\">Afficher la section<\/span>        <\/div>\n    <\/div>\n    <a href=\"https:\/\/staging2.federalretirees.ca\/fr\/section\/outaouais\/\" title=\"Outaouais\"><\/a><\/article>            <\/div>\n                    <div class=\"col-md-6 col-lg-4 mb-5\">\n                <article class=\"post card-2 onScroll card-1\">\n    <div class=\"card-inner\">\n                    <div class=\"card-asset\">\n                <img loading=\"lazy\" decoding=\"async\" width=\"770\" height=\"540\" src=\"https:\/\/staging2.federalretirees.ca\/wp-content\/uploads\/2025\/12\/Mid-Isand-Pacific-GettyImages-2226221830-770x540.jpg\" class=\"attachment-post-image size-post-image wp-post-image\" alt=\"The Mid-Island and Pacific Rim\" \/>            <\/div>\n                <div class=\"card-content\">\n                            <span class=\"card-tag\">Colombie-Britannique<\/span>\n                        <h3>\n                Section Centre de l\u2019\u00eele-C\u00f4te du Pacifique            <\/h3>\n            <span class=\"btn\">Afficher la section<\/span>        <\/div>\n    <\/div>\n    <a href=\"https:\/\/staging2.federalretirees.ca\/fr\/section\/section-centre-de-lile-cote-du-pacifique\/\" title=\"Section Centre de l\u2019\u00eele-C\u00f4te du Pacifique\"><\/a><\/article>            <\/div>\n                    <div class=\"col-md-6 col-lg-4 mb-5\">\n                <article class=\"post card-2 onScroll card-1\">\n    <div class=\"card-inner\">\n                    <div class=\"card-asset\">\n                <img loading=\"lazy\" decoding=\"async\" width=\"770\" height=\"540\" src=\"https:\/\/staging2.federalretirees.ca\/wp-content\/uploads\/2025\/12\/Kootenay-GettyImages-1144464910-770x540.jpg\" class=\"attachment-post-image size-post-image wp-post-image\" alt=\"Kootenay\" \/>            <\/div>\n                <div class=\"card-content\">\n                            <span class=\"card-tag\">Colombie-Britannique<\/span>\n                        <h3>\n                Kootenay            <\/h3>\n            <span class=\"btn\">Afficher la section<\/span>        <\/div>\n    <\/div>\n    <a href=\"https:\/\/staging2.federalretirees.ca\/fr\/section\/kootenay\/\" title=\"Kootenay\"><\/a><\/article>            <\/div>\n                    <div class=\"col-md-6 col-lg-4 mb-5\">\n                <article class=\"post card-2 onScroll card-1\">\n    <div class=\"card-inner\">\n                    <div class=\"card-asset\">\n                <img loading=\"lazy\" decoding=\"async\" width=\"770\" height=\"540\" src=\"https:\/\/staging2.federalretirees.ca\/wp-content\/uploads\/2026\/01\/Windsor-GettyImages-2198368757-770x540.jpg\" class=\"attachment-post-image size-post-image wp-post-image\" alt=\"\" \/>            <\/div>\n                <div class=\"card-content\">\n                            <span class=\"card-tag\">Ontario<\/span>\n                        <h3>\n                Windsor et r\u00e9gion            <\/h3>\n            <span class=\"btn\">Afficher la section<\/span>        <\/div>\n    <\/div>\n    <a href=\"https:\/\/staging2.federalretirees.ca\/fr\/section\/windsor-et-region\/\" title=\"Windsor et r\u00e9gion\"><\/a><\/article>            <\/div>\n                    <div class=\"col-md-6 col-lg-4 mb-5\">\n                <article class=\"post card-2 onScroll card-1\">\n    <div class=\"card-inner\">\n                    <div class=\"card-asset\">\n                <img loading=\"lazy\" decoding=\"async\" width=\"770\" height=\"540\" src=\"https:\/\/staging2.federalretirees.ca\/wp-content\/uploads\/2026\/01\/Orchard-Valley-GettyImages-991456820-770x540.jpg\" class=\"attachment-post-image size-post-image wp-post-image\" alt=\"\" \/>            <\/div>\n                <div class=\"card-content\">\n                            <span class=\"card-tag\">Nouvelle \u00c9cosse<\/span>\n                        <h3>\n                Orchard Valley            <\/h3>\n            <span class=\"btn\">Afficher la section<\/span>        <\/div>\n    <\/div>\n    <a href=\"https:\/\/staging2.federalretirees.ca\/fr\/section\/orchard-valley\/\" title=\"Orchard Valley\"><\/a><\/article>            <\/div>\n                    <div class=\"col-md-6 col-lg-4 mb-5\">\n                <article class=\"post card-2 onScroll card-1\">\n    <div class=\"card-inner\">\n                    <div class=\"card-asset\">\n                <img loading=\"lazy\" decoding=\"async\" width=\"770\" height=\"540\" src=\"https:\/\/staging2.federalretirees.ca\/wp-content\/uploads\/2026\/01\/Western-Newfoundland-Labrador-GettyImages-1173219166-770x540.jpg\" class=\"attachment-post-image size-post-image wp-post-image\" alt=\"\" \/>            <\/div>\n                <div class=\"card-content\">\n                            <span class=\"card-tag\">Terre-Neuve et Labrador<\/span>\n                        <h3>\n                L&rsquo;ouest de Terre-Neuve-et-Labrador            <\/h3>\n            <span class=\"btn\">Afficher la section<\/span>        <\/div>\n    <\/div>\n    <a href=\"https:\/\/staging2.federalretirees.ca\/fr\/section\/louest-de-terre-neuve-et-labrador\/\" title=\"L&rsquo;ouest de Terre-Neuve-et-Labrador\"><\/a><\/article>            <\/div>\n        <\/div><\/div>\n\n    <div class=\"entries-pagination\" data-page=\"1\" data-maxpage=\"6\">\n        <nav aria-label=\"Page navigation\" id=\"pagenav\"><ul class=\"pagination\"><li class='page-item'><span aria-current=\"page\" class=\"page-numbers current\">1<\/span><\/li><li class='page-item'><a class=\"page-numbers\" href=\"https:\/\/staging2.federalretirees.ca\/fr\/wp-json\/wp\/v2\/pages\/7966\/page\/2\/\">2<\/a><\/li><li class='page-item'><a class=\"page-numbers\" href=\"https:\/\/staging2.federalretirees.ca\/fr\/wp-json\/wp\/v2\/pages\/7966\/page\/3\/\">3<\/a><\/li><li class='page-item'><a class=\"page-numbers\" href=\"https:\/\/staging2.federalretirees.ca\/fr\/wp-json\/wp\/v2\/pages\/7966\/page\/4\/\">4<\/a><\/li><li class='page-item'><a class=\"page-numbers\" href=\"https:\/\/staging2.federalretirees.ca\/fr\/wp-json\/wp\/v2\/pages\/7966\/page\/5\/\">5<\/a><\/li><li class='page-item'><a class=\"page-numbers\" href=\"https:\/\/staging2.federalretirees.ca\/fr\/wp-json\/wp\/v2\/pages\/7966\/page\/6\/\">6<\/a><\/li><li class='page-item'><a class=\"next page-numbers\" href=\"https:\/\/staging2.federalretirees.ca\/fr\/wp-json\/wp\/v2\/pages\/7966\/page\/2\/\"><i class=\"fas fa-chevron-right\"><\/i><\/a><\/li><\/ul><\/nav>    <\/div>\n<\/div>\n\n\n\n<div style=\"height:100px\" aria-hidden=\"true\" class=\"wp-block-spacer\"><\/div>\n","protected":false},"excerpt":{"rendered":"","protected":false},"author":2,"featured_media":0,"parent":0,"menu_order":4,"comment_status":"closed","ping_status":"closed","template":"","meta":{"_acf_changed":false,"footnotes":""},"class_list":["post-7966","page","type-page","status-publish","hentry"],"acf":[],"yoast_head":"<!-- This site is optimized with the Yoast SEO plugin v27.5 - https:\/\/yoast.com\/product\/yoast-seo-wordpress\/ -->\n<title>Sections - Association nationale des retrait\u00e9s f\u00e9d\u00e9raux<\/title>\n<meta name=\"robots\" content=\"noindex, follow, max-snippet:-1, max-image-preview:large, max-video-preview:-1\" \/>\n<meta property=\"og:locale\" content=\"fr_FR\" \/>\n<meta property=\"og:type\" content=\"article\" \/>\n<meta property=\"og:title\" content=\"Sections - Association nationale des retrait\u00e9s f\u00e9d\u00e9raux\" \/>\n<meta property=\"og:url\" content=\"https:\/\/staging2.federalretirees.ca\/fr\/sections\/\" \/>\n<meta property=\"og:site_name\" content=\"Association nationale des retrait\u00e9s f\u00e9d\u00e9raux\" \/>\n<meta property=\"article:publisher\" content=\"https:\/\/www.facebook.com\/FederalRetirees\" \/>\n<meta property=\"article:modified_time\" content=\"2026-04-16T18:24:42+00:00\" \/>\n<meta property=\"og:image\" content=\"https:\/\/staging2.federalretirees.ca\/wp-content\/uploads\/2026\/01\/GettyImages-1248256443-e1769585752444.jpg\" \/>\n\t<meta property=\"og:image:width\" content=\"2120\" \/>\n\t<meta property=\"og:image:height\" content=\"980\" \/>\n\t<meta property=\"og:image:type\" content=\"image\/jpeg\" \/>\n<meta name=\"twitter:card\" content=\"summary_large_image\" \/>\n<meta name=\"twitter:site\" content=\"@fedretirees\" \/>\n<script type=\"application\/ld+json\" class=\"yoast-schema-graph\">{\"@context\":\"https:\\\/\\\/schema.org\",\"@graph\":[{\"@type\":\"WebPage\",\"@id\":\"https:\\\/\\\/staging2.federalretirees.ca\\\/fr\\\/sections\\\/\",\"url\":\"https:\\\/\\\/staging2.federalretirees.ca\\\/fr\\\/sections\\\/\",\"name\":\"Sections - Association nationale des retrait\u00e9s f\u00e9d\u00e9raux\",\"isPartOf\":{\"@id\":\"https:\\\/\\\/nafr.dev.sparkadvocacy.dev\\\/#website\"},\"datePublished\":\"2025-11-06T20:52:18+00:00\",\"dateModified\":\"2026-04-16T18:24:42+00:00\",\"breadcrumb\":{\"@id\":\"https:\\\/\\\/staging2.federalretirees.ca\\\/fr\\\/sections\\\/#breadcrumb\"},\"inLanguage\":\"fr-FR\",\"potentialAction\":[{\"@type\":\"ReadAction\",\"target\":[\"https:\\\/\\\/staging2.federalretirees.ca\\\/fr\\\/sections\\\/\"]}]},{\"@type\":\"BreadcrumbList\",\"@id\":\"https:\\\/\\\/staging2.federalretirees.ca\\\/fr\\\/sections\\\/#breadcrumb\",\"itemListElement\":[{\"@type\":\"ListItem\",\"position\":1,\"name\":\"Home\",\"item\":\"https:\\\/\\\/nafr.dev.sparkadvocacy.dev\\\/fr\\\/\"},{\"@type\":\"ListItem\",\"position\":2,\"name\":\"Sections\"}]},{\"@type\":\"WebSite\",\"@id\":\"https:\\\/\\\/nafr.dev.sparkadvocacy.dev\\\/#website\",\"url\":\"https:\\\/\\\/nafr.dev.sparkadvocacy.dev\\\/\",\"name\":\"National Association of Federal Retirees\",\"description\":\"\",\"potentialAction\":[{\"@type\":\"SearchAction\",\"target\":{\"@type\":\"EntryPoint\",\"urlTemplate\":\"https:\\\/\\\/nafr.dev.sparkadvocacy.dev\\\/?s={search_term_string}\"},\"query-input\":{\"@type\":\"PropertyValueSpecification\",\"valueRequired\":true,\"valueName\":\"search_term_string\"}}],\"inLanguage\":\"fr-FR\"}]}<\/script>\n<!-- \/ Yoast SEO plugin. -->","yoast_head_json":{"title":"Sections - Association nationale des retrait\u00e9s f\u00e9d\u00e9raux","robots":{"index":"noindex","follow":"follow","max-snippet":"max-snippet:-1","max-image-preview":"max-image-preview:large","max-video-preview":"max-video-preview:-1"},"og_locale":"fr_FR","og_type":"article","og_title":"Sections - Association nationale des retrait\u00e9s f\u00e9d\u00e9raux","og_url":"https:\/\/staging2.federalretirees.ca\/fr\/sections\/","og_site_name":"Association nationale des retrait\u00e9s f\u00e9d\u00e9raux","article_publisher":"https:\/\/www.facebook.com\/FederalRetirees","article_modified_time":"2026-04-16T18:24:42+00:00","og_image":[{"width":2120,"height":980,"url":"https:\/\/staging2.federalretirees.ca\/wp-content\/uploads\/2026\/01\/GettyImages-1248256443-e1769585752444.jpg","type":"image\/jpeg"}],"twitter_card":"summary_large_image","twitter_site":"@fedretirees","schema":{"@context":"https:\/\/schema.org","@graph":[{"@type":"WebPage","@id":"https:\/\/staging2.federalretirees.ca\/fr\/sections\/","url":"https:\/\/staging2.federalretirees.ca\/fr\/sections\/","name":"Sections - Association nationale des retrait\u00e9s f\u00e9d\u00e9raux","isPartOf":{"@id":"https:\/\/nafr.dev.sparkadvocacy.dev\/#website"},"datePublished":"2025-11-06T20:52:18+00:00","dateModified":"2026-04-16T18:24:42+00:00","breadcrumb":{"@id":"https:\/\/staging2.federalretirees.ca\/fr\/sections\/#breadcrumb"},"inLanguage":"fr-FR","potentialAction":[{"@type":"ReadAction","target":["https:\/\/staging2.federalretirees.ca\/fr\/sections\/"]}]},{"@type":"BreadcrumbList","@id":"https:\/\/staging2.federalretirees.ca\/fr\/sections\/#breadcrumb","itemListElement":[{"@type":"ListItem","position":1,"name":"Home","item":"https:\/\/nafr.dev.sparkadvocacy.dev\/fr\/"},{"@type":"ListItem","position":2,"name":"Sections"}]},{"@type":"WebSite","@id":"https:\/\/nafr.dev.sparkadvocacy.dev\/#website","url":"https:\/\/nafr.dev.sparkadvocacy.dev\/","name":"National Association of Federal Retirees","description":"","potentialAction":[{"@type":"SearchAction","target":{"@type":"EntryPoint","urlTemplate":"https:\/\/nafr.dev.sparkadvocacy.dev\/?s={search_term_string}"},"query-input":{"@type":"PropertyValueSpecification","valueRequired":true,"valueName":"search_term_string"}}],"inLanguage":"fr-FR"}]}},"_links":{"self":[{"href":"https:\/\/staging2.federalretirees.ca\/fr\/wp-json\/wp\/v2\/pages\/7966","targetHints":{"allow":["GET"]}}],"collection":[{"href":"https:\/\/staging2.federalretirees.ca\/fr\/wp-json\/wp\/v2\/pages"}],"about":[{"href":"https:\/\/staging2.federalretirees.ca\/fr\/wp-json\/wp\/v2\/types\/page"}],"author":[{"embeddable":true,"href":"https:\/\/staging2.federalretirees.ca\/fr\/wp-json\/wp\/v2\/users\/2"}],"replies":[{"embeddable":true,"href":"https:\/\/staging2.federalretirees.ca\/fr\/wp-json\/wp\/v2\/comments?post=7966"}],"version-history":[{"count":2,"href":"https:\/\/staging2.federalretirees.ca\/fr\/wp-json\/wp\/v2\/pages\/7966\/revisions"}],"predecessor-version":[{"id":66883,"href":"https:\/\/staging2.federalretirees.ca\/fr\/wp-json\/wp\/v2\/pages\/7966\/revisions\/66883"}],"wp:attachment":[{"href":"https:\/\/staging2.federalretirees.ca\/fr\/wp-json\/wp\/v2\/media?parent=7966"}],"curies":[{"name":"wp","href":"https:\/\/api.w.org\/{rel}","templated":true}]}}