{"id":40852,"date":"2026-02-12T14:06:56","date_gmt":"2026-02-12T19:06:56","guid":{"rendered":"https:\/\/nafr.dev.sparkadvocacy.dev\/branch\/windsor-area\/board-of-directors\/"},"modified":"2026-03-09T11:52:02","modified_gmt":"2026-03-09T15:52:02","slug":"board-of-directors","status":"publish","type":"branch","link":"https:\/\/staging2.federalretirees.ca\/fr\/section\/windsor-area\/board-of-directors\/","title":{"rendered":"Board of Directors"},"content":{"rendered":"<table class=\"table\" style=\"width: 500px;\" border=\"1\" cellspacing=\"1\" cellpadding=\"1\">\n<tbody>\n<tr>\n<td>Daniel H\u00e9bert<\/td>\n<td>President<\/td>\n<\/tr>\n<tr>\n<td>Frank D\u2019Agnillo<\/td>\n<td>Vice President<\/td>\n<\/tr>\n<tr>\n<td>Ann Wong<\/td>\n<td>Treasurer<\/td>\n<\/tr>\n<tr>\n<td>Larry Duffield<\/td>\n<td>Branch Advocacy Liaison<\/td>\n<\/tr>\n<tr>\n<td>Sandy Storey<\/td>\n<td>Recording Secretary<\/td>\n<\/tr>\n<tr>\n<td>Pasquale Fiorino<\/td>\n<td>Director at Large<\/td>\n<\/tr>\n<tr>\n<td>Gay Viecelli<\/td>\n<td>Director at Large<\/td>\n<\/tr>\n<tr>\n<td>Carol Forbes<\/td>\n<td>Director at Large<\/td>\n<\/tr>\n<tr>\n<td><\/td>\n<td><\/td>\n<\/tr>\n<\/tbody>\n<\/table>\n","protected":false},"excerpt":{"rendered":"<p>Daniel H\u00e9bert President Frank D\u2019Agnillo Vice President Ann Wong Treasurer Larry Duffield Branch Advocacy Liaison Sandy Storey Recording Secretary Pasquale Fiorino Director at Large Gay Viecelli Director at Large Carol Forbes Director at Large<\/p>\n","protected":false},"featured_media":0,"parent":40436,"template":"","meta":{"_acf_changed":false,"footnotes":""},"class_list":["post-40852","branch","type-branch","status-publish","hentry"],"acf":[],"yoast_head":"<!-- This site is optimized with the Yoast SEO plugin v27.5 - https:\/\/yoast.com\/product\/yoast-seo-wordpress\/ -->\n<title>Board of Directors - Association nationale des retrait\u00e9s f\u00e9d\u00e9raux<\/title>\n<meta name=\"robots\" content=\"noindex, follow, max-snippet:-1, max-image-preview:large, max-video-preview:-1\" \/>\n<meta property=\"og:locale\" content=\"fr_FR\" \/>\n<meta property=\"og:type\" content=\"article\" \/>\n<meta property=\"og:title\" content=\"Board of Directors - Association nationale des retrait\u00e9s f\u00e9d\u00e9raux\" \/>\n<meta property=\"og:description\" content=\"Daniel H\u00e9bert President Frank D\u2019Agnillo Vice President Ann Wong Treasurer Larry Duffield Branch Advocacy Liaison Sandy Storey Recording Secretary Pasquale Fiorino Director at Large Gay Viecelli Director at Large Carol Forbes Director at Large\" \/>\n<meta property=\"og:url\" content=\"https:\/\/staging2.federalretirees.ca\/fr\/section\/windsor-area\/board-of-directors\/\" \/>\n<meta property=\"og:site_name\" content=\"Association nationale des retrait\u00e9s f\u00e9d\u00e9raux\" \/>\n<meta property=\"article:publisher\" content=\"https:\/\/www.facebook.com\/FederalRetirees\" \/>\n<meta property=\"article:modified_time\" content=\"2026-03-09T15:52:02+00:00\" \/>\n<meta property=\"og:image\" content=\"https:\/\/staging2.federalretirees.ca\/wp-content\/uploads\/2026\/01\/GettyImages-1248256443-e1769585752444.jpg\" \/>\n\t<meta property=\"og:image:width\" content=\"2120\" \/>\n\t<meta property=\"og:image:height\" content=\"980\" \/>\n\t<meta property=\"og:image:type\" content=\"image\/jpeg\" \/>\n<meta name=\"twitter:card\" content=\"summary_large_image\" \/>\n<meta name=\"twitter:site\" content=\"@fedretirees\" \/>\n<meta name=\"twitter:label1\" content=\"Dur\u00e9e de lecture estim\u00e9e\" \/>\n\t<meta name=\"twitter:data1\" content=\"1 minute\" \/>\n<script type=\"application\/ld+json\" class=\"yoast-schema-graph\">{\"@context\":\"https:\\\/\\\/schema.org\",\"@graph\":[{\"@type\":\"WebPage\",\"@id\":\"https:\\\/\\\/staging2.federalretirees.ca\\\/fr\\\/section\\\/windsor-area\\\/board-of-directors\\\/\",\"url\":\"https:\\\/\\\/staging2.federalretirees.ca\\\/fr\\\/section\\\/windsor-area\\\/board-of-directors\\\/\",\"name\":\"Board of Directors - Association nationale des retrait\u00e9s f\u00e9d\u00e9raux\",\"isPartOf\":{\"@id\":\"https:\\\/\\\/nafr.dev.sparkadvocacy.dev\\\/#website\"},\"datePublished\":\"2026-02-12T19:06:56+00:00\",\"dateModified\":\"2026-03-09T15:52:02+00:00\",\"breadcrumb\":{\"@id\":\"https:\\\/\\\/staging2.federalretirees.ca\\\/fr\\\/section\\\/windsor-area\\\/board-of-directors\\\/#breadcrumb\"},\"inLanguage\":\"fr-FR\",\"potentialAction\":[{\"@type\":\"ReadAction\",\"target\":[\"https:\\\/\\\/staging2.federalretirees.ca\\\/fr\\\/section\\\/windsor-area\\\/board-of-directors\\\/\"]}]},{\"@type\":\"BreadcrumbList\",\"@id\":\"https:\\\/\\\/staging2.federalretirees.ca\\\/fr\\\/section\\\/windsor-area\\\/board-of-directors\\\/#breadcrumb\",\"itemListElement\":[{\"@type\":\"ListItem\",\"position\":1,\"name\":\"Home\",\"item\":\"https:\\\/\\\/nafr.dev.sparkadvocacy.dev\\\/fr\\\/\"},{\"@type\":\"ListItem\",\"position\":2,\"name\":\"Windsor &#038; Area\",\"item\":\"https:\\\/\\\/nafr.dev.sparkadvocacy.dev\\\/branch\\\/windsor-area\\\/\"},{\"@type\":\"ListItem\",\"position\":3,\"name\":\"Board of Directors\"}]},{\"@type\":\"WebSite\",\"@id\":\"https:\\\/\\\/nafr.dev.sparkadvocacy.dev\\\/#website\",\"url\":\"https:\\\/\\\/nafr.dev.sparkadvocacy.dev\\\/\",\"name\":\"National Association of Federal Retirees\",\"description\":\"\",\"potentialAction\":[{\"@type\":\"SearchAction\",\"target\":{\"@type\":\"EntryPoint\",\"urlTemplate\":\"https:\\\/\\\/nafr.dev.sparkadvocacy.dev\\\/?s={search_term_string}\"},\"query-input\":{\"@type\":\"PropertyValueSpecification\",\"valueRequired\":true,\"valueName\":\"search_term_string\"}}],\"inLanguage\":\"fr-FR\"}]}<\/script>\n<!-- \/ Yoast SEO plugin. -->","yoast_head_json":{"title":"Board of Directors - Association nationale des retrait\u00e9s f\u00e9d\u00e9raux","robots":{"index":"noindex","follow":"follow","max-snippet":"max-snippet:-1","max-image-preview":"max-image-preview:large","max-video-preview":"max-video-preview:-1"},"og_locale":"fr_FR","og_type":"article","og_title":"Board of Directors - Association nationale des retrait\u00e9s f\u00e9d\u00e9raux","og_description":"Daniel H\u00e9bert President Frank D\u2019Agnillo Vice President Ann Wong Treasurer Larry Duffield Branch Advocacy Liaison Sandy Storey Recording Secretary Pasquale Fiorino Director at Large Gay Viecelli Director at Large Carol Forbes Director at Large","og_url":"https:\/\/staging2.federalretirees.ca\/fr\/section\/windsor-area\/board-of-directors\/","og_site_name":"Association nationale des retrait\u00e9s f\u00e9d\u00e9raux","article_publisher":"https:\/\/www.facebook.com\/FederalRetirees","article_modified_time":"2026-03-09T15:52:02+00:00","og_image":[{"width":2120,"height":980,"url":"https:\/\/staging2.federalretirees.ca\/wp-content\/uploads\/2026\/01\/GettyImages-1248256443-e1769585752444.jpg","type":"image\/jpeg"}],"twitter_card":"summary_large_image","twitter_site":"@fedretirees","twitter_misc":{"Dur\u00e9e de lecture estim\u00e9e":"1 minute"},"schema":{"@context":"https:\/\/schema.org","@graph":[{"@type":"WebPage","@id":"https:\/\/staging2.federalretirees.ca\/fr\/section\/windsor-area\/board-of-directors\/","url":"https:\/\/staging2.federalretirees.ca\/fr\/section\/windsor-area\/board-of-directors\/","name":"Board of Directors - Association nationale des retrait\u00e9s f\u00e9d\u00e9raux","isPartOf":{"@id":"https:\/\/nafr.dev.sparkadvocacy.dev\/#website"},"datePublished":"2026-02-12T19:06:56+00:00","dateModified":"2026-03-09T15:52:02+00:00","breadcrumb":{"@id":"https:\/\/staging2.federalretirees.ca\/fr\/section\/windsor-area\/board-of-directors\/#breadcrumb"},"inLanguage":"fr-FR","potentialAction":[{"@type":"ReadAction","target":["https:\/\/staging2.federalretirees.ca\/fr\/section\/windsor-area\/board-of-directors\/"]}]},{"@type":"BreadcrumbList","@id":"https:\/\/staging2.federalretirees.ca\/fr\/section\/windsor-area\/board-of-directors\/#breadcrumb","itemListElement":[{"@type":"ListItem","position":1,"name":"Home","item":"https:\/\/nafr.dev.sparkadvocacy.dev\/fr\/"},{"@type":"ListItem","position":2,"name":"Windsor &#038; Area","item":"https:\/\/nafr.dev.sparkadvocacy.dev\/branch\/windsor-area\/"},{"@type":"ListItem","position":3,"name":"Board of Directors"}]},{"@type":"WebSite","@id":"https:\/\/nafr.dev.sparkadvocacy.dev\/#website","url":"https:\/\/nafr.dev.sparkadvocacy.dev\/","name":"National Association of Federal Retirees","description":"","potentialAction":[{"@type":"SearchAction","target":{"@type":"EntryPoint","urlTemplate":"https:\/\/nafr.dev.sparkadvocacy.dev\/?s={search_term_string}"},"query-input":{"@type":"PropertyValueSpecification","valueRequired":true,"valueName":"search_term_string"}}],"inLanguage":"fr-FR"}]}},"_links":{"self":[{"href":"https:\/\/staging2.federalretirees.ca\/fr\/wp-json\/wp\/v2\/branch\/40852","targetHints":{"allow":["GET"]}}],"collection":[{"href":"https:\/\/staging2.federalretirees.ca\/fr\/wp-json\/wp\/v2\/branch"}],"about":[{"href":"https:\/\/staging2.federalretirees.ca\/fr\/wp-json\/wp\/v2\/types\/branch"}],"version-history":[{"count":0,"href":"https:\/\/staging2.federalretirees.ca\/fr\/wp-json\/wp\/v2\/branch\/40852\/revisions"}],"up":[{"embeddable":true,"href":"https:\/\/staging2.federalretirees.ca\/fr\/wp-json\/wp\/v2\/branch\/40436"}],"wp:attachment":[{"href":"https:\/\/staging2.federalretirees.ca\/fr\/wp-json\/wp\/v2\/media?parent=40852"}],"curies":[{"name":"wp","href":"https:\/\/api.w.org\/{rel}","templated":true}]}}