{"id":40622,"date":"2026-02-12T11:06:22","date_gmt":"2026-02-12T16:06:22","guid":{"rendered":"https:\/\/nafr.dev.sparkadvocacy.dev\/branch\/quebec\/"},"modified":"2026-04-16T09:32:57","modified_gmt":"2026-04-16T13:32:57","slug":"quebec","status":"publish","type":"branch","link":"https:\/\/staging2.federalretirees.ca\/fr\/section\/quebec\/","title":{"rendered":"Qu\u00e9bec"},"content":{"rendered":"<h3><span style=\"color: 003767;\">Soyez les bienvenus dans la famille de l&rsquo;Association nationale des retrait\u00e9s f\u00e9d\u00e9raux de la section de Qu\u00e9bec!\u00a0<\/span><\/h3>\n<div style=\"float: left; margin-right: 10px;\">\n<h5><img loading=\"lazy\" decoding=\"async\" src=\"https:\/\/staging2.federalretirees.ca\/wp-content\/uploads\/2026\/02\/michelinelefrancois.jpg\" alt=\"Micheline Lefrancois.\" width=\"200\" height=\"250\" data-entity-type=\"file\" data-entity-uuid=\"7b519667-894b-42d8-8baf-854c97644b68\" \/><\/h5>\n<\/div>\n<p>C\u2019est avec plaisir que j\u2019occuperai le poste de pr\u00e9sidente de la section de Qu\u00e9bec \u00e0 compter du 23 janvier 2026, jusqu\u2019\u00e0 la prochaine AGA du 10 avril prochain, date o\u00f9 il y aura des \u00e9lections. J\u2019accepte ce poste en appr\u00e9ciant la grande collaboration et l\u2019expertise de mes coll\u00e8gues b\u00e9n\u00e9voles au sein du conseil d\u2019administration<\/p>\n<p>La Section de Qu\u00e9bec compte environ 6 600 membres, r\u00e9sidant dans l\u2019agglom\u00e9ration de Qu\u00e9bec-L\u00e9vis, la grande r\u00e9gion de Chaudi\u00e8re- Appalaches jusqu\u2019aux \u00celes-de-la-Madeleine et du Saguenay-Lac-Saint-Jean jusqu\u2019\u00e0 Blanc-Sablon.<\/p>\n<p>Nous nous enorgueillissons d\u2019avoir une voix forte et distincte de notre r\u00e9gion sur les enjeux qui nous pr\u00e9occupent plus particuli\u00e8rement, tels que de pr\u00e9server les acquis et de promouvoir de meilleures politiques en mati\u00e8re de s\u00e9curit\u00e9 du revenu de retraite, d\u2019un meilleur cadre visant les v\u00e9t\u00e9rans et d\u2019un programme universel et public d\u2019assurance-m\u00e9dicaments.<\/p>\n<p>Nous comptons sur la g\u00e9n\u00e9rosit\u00e9 de b\u00e9n\u00e9voles actifs au conseil d\u2019administration, dans nos comit\u00e9s, dans les sous-sections du Bas-St-Laurent-Gasp\u00e9sie et du Saguenay\u2013Lac-Saint-Jean, dans les activit\u00e9s sociales et culturelles. Ils sont l\u2019\u00e9pine dorsale de la section de Qu\u00e9bec et un mod\u00e8le d\u2019engagement pour nos membres. Nos b\u00e9n\u00e9voles m\u00e9ritent notre admiration, notre fiert\u00e9 et notre reconnaissance.<\/p>\n<p>Nous offrons \u00e0 l&rsquo;\u00e9chelle nationale et locale plusieurs services, rabais et avantages \u00e0 travers les partenaires privil\u00e9gi\u00e9s et collaborateurs, dans plusieurs domaines.<\/p>\n<p>N\u2019h\u00e9sitez pas \u00e0 faire conna\u00eetre notre association \u00e0 vos coll\u00e8gues qui \u0153uvrent dans la fonction publique f\u00e9d\u00e9rale. Il n\u2019est pas n\u00e9cessaire d\u2019\u00eatre retrait\u00e9 pour faire partie de notre association. Vous pouvez devenir membre d\u00e8s maintenant. Contactez notre coordonnatrice pour adh\u00e9rer ou renouveler votre adh\u00e9sion et pour obtenir des renseignements sur nos programmes et activit\u00e9s.<\/p>\n<p>Nous vous invitons \u00e0 prendre le temps de parcourir notre site web et d\u2019y revenir r\u00e9guli\u00e8rement afin de rester au fait des actualit\u00e9s et des \u00e9v\u00e9nements \u00e0 venir.<\/p>\n<p>La pr\u00e9sidente,<br \/>\n<strong>Micheline Lefran\u00e7ois<\/strong><\/p>\n<h3><span style=\"color: 003767;\">Bureau de Qu\u00e9bec<\/span><\/h3>\n<p>Horaire : Le bureau est ouvert de 13 h 00\u00a0\u00e0 16 h 00\u00a0du lundi au jeudi inclusivement.<\/p>\n<p>&nbsp;<\/p>\n","protected":false},"excerpt":{"rendered":"<p>Soyez les bienvenus dans la famille de l&rsquo;Association nationale des retrait\u00e9s f\u00e9d\u00e9raux de la section de Qu\u00e9bec!\u00a0 C\u2019est avec plaisir que j\u2019occuperai le poste de pr\u00e9sidente de la section de Qu\u00e9bec \u00e0 compter du 23 janvier 2026, jusqu\u2019\u00e0 la prochaine&#8230;<\/p>\n","protected":false},"featured_media":13060,"parent":0,"template":"template-branch-home.php","meta":{"_acf_changed":false,"footnotes":""},"class_list":["post-40622","branch","type-branch","status-publish","has-post-thumbnail","hentry"],"acf":[],"yoast_head":"<!-- This site is optimized with the Yoast SEO plugin v27.5 - https:\/\/yoast.com\/product\/yoast-seo-wordpress\/ -->\n<title>Qu\u00e9bec - Association nationale des retrait\u00e9s f\u00e9d\u00e9raux<\/title>\n<meta name=\"robots\" content=\"noindex, follow, max-snippet:-1, max-image-preview:large, max-video-preview:-1\" \/>\n<meta property=\"og:locale\" content=\"fr_FR\" \/>\n<meta property=\"og:type\" content=\"article\" \/>\n<meta property=\"og:title\" content=\"Qu\u00e9bec - Association nationale des retrait\u00e9s f\u00e9d\u00e9raux\" \/>\n<meta property=\"og:description\" content=\"Soyez les bienvenus dans la famille de l&rsquo;Association nationale des retrait\u00e9s f\u00e9d\u00e9raux de la section de Qu\u00e9bec!\u00a0 C\u2019est avec plaisir que j\u2019occuperai le poste de pr\u00e9sidente de la section de Qu\u00e9bec \u00e0 compter du 23 janvier 2026, jusqu\u2019\u00e0 la prochaine...\" \/>\n<meta property=\"og:url\" content=\"https:\/\/staging2.federalretirees.ca\/fr\/section\/quebec\/\" \/>\n<meta property=\"og:site_name\" content=\"Association nationale des retrait\u00e9s f\u00e9d\u00e9raux\" \/>\n<meta property=\"article:publisher\" content=\"https:\/\/www.facebook.com\/FederalRetirees\" \/>\n<meta property=\"article:modified_time\" content=\"2026-04-16T13:32:57+00:00\" \/>\n<meta property=\"og:image\" content=\"https:\/\/nafr.dev.sparkadvocacy.dev\/wp-content\/uploads\/2026\/01\/Quebec-GettyImages-2178396354.jpg\" \/>\n\t<meta property=\"og:image:width\" content=\"2000\" \/>\n\t<meta property=\"og:image:height\" content=\"1376\" \/>\n\t<meta property=\"og:image:type\" content=\"image\/jpeg\" \/>\n<meta name=\"twitter:card\" content=\"summary_large_image\" \/>\n<meta name=\"twitter:site\" content=\"@fedretirees\" \/>\n<meta name=\"twitter:label1\" content=\"Dur\u00e9e de lecture estim\u00e9e\" \/>\n\t<meta name=\"twitter:data1\" content=\"2 minutes\" \/>\n<script type=\"application\/ld+json\" class=\"yoast-schema-graph\">{\"@context\":\"https:\\\/\\\/schema.org\",\"@graph\":[{\"@type\":\"WebPage\",\"@id\":\"https:\\\/\\\/staging2.federalretirees.ca\\\/fr\\\/section\\\/quebec\\\/\",\"url\":\"https:\\\/\\\/staging2.federalretirees.ca\\\/fr\\\/section\\\/quebec\\\/\",\"name\":\"Qu\u00e9bec - Association nationale des retrait\u00e9s f\u00e9d\u00e9raux\",\"isPartOf\":{\"@id\":\"https:\\\/\\\/nafr.dev.sparkadvocacy.dev\\\/#website\"},\"primaryImageOfPage\":{\"@id\":\"https:\\\/\\\/staging2.federalretirees.ca\\\/fr\\\/section\\\/quebec\\\/#primaryimage\"},\"image\":{\"@id\":\"https:\\\/\\\/staging2.federalretirees.ca\\\/fr\\\/section\\\/quebec\\\/#primaryimage\"},\"thumbnailUrl\":\"https:\\\/\\\/staging2.federalretirees.ca\\\/wp-content\\\/uploads\\\/2026\\\/01\\\/Quebec-GettyImages-2178396354.jpg\",\"datePublished\":\"2026-02-12T16:06:22+00:00\",\"dateModified\":\"2026-04-16T13:32:57+00:00\",\"breadcrumb\":{\"@id\":\"https:\\\/\\\/staging2.federalretirees.ca\\\/fr\\\/section\\\/quebec\\\/#breadcrumb\"},\"inLanguage\":\"fr-FR\",\"potentialAction\":[{\"@type\":\"ReadAction\",\"target\":[\"https:\\\/\\\/staging2.federalretirees.ca\\\/fr\\\/section\\\/quebec\\\/\"]}]},{\"@type\":\"ImageObject\",\"inLanguage\":\"fr-FR\",\"@id\":\"https:\\\/\\\/staging2.federalretirees.ca\\\/fr\\\/section\\\/quebec\\\/#primaryimage\",\"url\":\"https:\\\/\\\/staging2.federalretirees.ca\\\/wp-content\\\/uploads\\\/2026\\\/01\\\/Quebec-GettyImages-2178396354.jpg\",\"contentUrl\":\"https:\\\/\\\/staging2.federalretirees.ca\\\/wp-content\\\/uploads\\\/2026\\\/01\\\/Quebec-GettyImages-2178396354.jpg\",\"width\":2000,\"height\":1376},{\"@type\":\"BreadcrumbList\",\"@id\":\"https:\\\/\\\/staging2.federalretirees.ca\\\/fr\\\/section\\\/quebec\\\/#breadcrumb\",\"itemListElement\":[{\"@type\":\"ListItem\",\"position\":1,\"name\":\"Home\",\"item\":\"https:\\\/\\\/nafr.dev.sparkadvocacy.dev\\\/fr\\\/\"},{\"@type\":\"ListItem\",\"position\":2,\"name\":\"Qu\u00e9bec\"}]},{\"@type\":\"WebSite\",\"@id\":\"https:\\\/\\\/nafr.dev.sparkadvocacy.dev\\\/#website\",\"url\":\"https:\\\/\\\/nafr.dev.sparkadvocacy.dev\\\/\",\"name\":\"National Association of Federal Retirees\",\"description\":\"\",\"potentialAction\":[{\"@type\":\"SearchAction\",\"target\":{\"@type\":\"EntryPoint\",\"urlTemplate\":\"https:\\\/\\\/nafr.dev.sparkadvocacy.dev\\\/?s={search_term_string}\"},\"query-input\":{\"@type\":\"PropertyValueSpecification\",\"valueRequired\":true,\"valueName\":\"search_term_string\"}}],\"inLanguage\":\"fr-FR\"}]}<\/script>\n<!-- \/ Yoast SEO plugin. -->","yoast_head_json":{"title":"Qu\u00e9bec - Association nationale des retrait\u00e9s f\u00e9d\u00e9raux","robots":{"index":"noindex","follow":"follow","max-snippet":"max-snippet:-1","max-image-preview":"max-image-preview:large","max-video-preview":"max-video-preview:-1"},"og_locale":"fr_FR","og_type":"article","og_title":"Qu\u00e9bec - Association nationale des retrait\u00e9s f\u00e9d\u00e9raux","og_description":"Soyez les bienvenus dans la famille de l&rsquo;Association nationale des retrait\u00e9s f\u00e9d\u00e9raux de la section de Qu\u00e9bec!\u00a0 C\u2019est avec plaisir que j\u2019occuperai le poste de pr\u00e9sidente de la section de Qu\u00e9bec \u00e0 compter du 23 janvier 2026, jusqu\u2019\u00e0 la prochaine...","og_url":"https:\/\/staging2.federalretirees.ca\/fr\/section\/quebec\/","og_site_name":"Association nationale des retrait\u00e9s f\u00e9d\u00e9raux","article_publisher":"https:\/\/www.facebook.com\/FederalRetirees","article_modified_time":"2026-04-16T13:32:57+00:00","og_image":[{"width":2000,"height":1376,"url":"https:\/\/nafr.dev.sparkadvocacy.dev\/wp-content\/uploads\/2026\/01\/Quebec-GettyImages-2178396354.jpg","type":"image\/jpeg"}],"twitter_card":"summary_large_image","twitter_site":"@fedretirees","twitter_misc":{"Dur\u00e9e de lecture estim\u00e9e":"2 minutes"},"schema":{"@context":"https:\/\/schema.org","@graph":[{"@type":"WebPage","@id":"https:\/\/staging2.federalretirees.ca\/fr\/section\/quebec\/","url":"https:\/\/staging2.federalretirees.ca\/fr\/section\/quebec\/","name":"Qu\u00e9bec - Association nationale des retrait\u00e9s f\u00e9d\u00e9raux","isPartOf":{"@id":"https:\/\/nafr.dev.sparkadvocacy.dev\/#website"},"primaryImageOfPage":{"@id":"https:\/\/staging2.federalretirees.ca\/fr\/section\/quebec\/#primaryimage"},"image":{"@id":"https:\/\/staging2.federalretirees.ca\/fr\/section\/quebec\/#primaryimage"},"thumbnailUrl":"https:\/\/staging2.federalretirees.ca\/wp-content\/uploads\/2026\/01\/Quebec-GettyImages-2178396354.jpg","datePublished":"2026-02-12T16:06:22+00:00","dateModified":"2026-04-16T13:32:57+00:00","breadcrumb":{"@id":"https:\/\/staging2.federalretirees.ca\/fr\/section\/quebec\/#breadcrumb"},"inLanguage":"fr-FR","potentialAction":[{"@type":"ReadAction","target":["https:\/\/staging2.federalretirees.ca\/fr\/section\/quebec\/"]}]},{"@type":"ImageObject","inLanguage":"fr-FR","@id":"https:\/\/staging2.federalretirees.ca\/fr\/section\/quebec\/#primaryimage","url":"https:\/\/staging2.federalretirees.ca\/wp-content\/uploads\/2026\/01\/Quebec-GettyImages-2178396354.jpg","contentUrl":"https:\/\/staging2.federalretirees.ca\/wp-content\/uploads\/2026\/01\/Quebec-GettyImages-2178396354.jpg","width":2000,"height":1376},{"@type":"BreadcrumbList","@id":"https:\/\/staging2.federalretirees.ca\/fr\/section\/quebec\/#breadcrumb","itemListElement":[{"@type":"ListItem","position":1,"name":"Home","item":"https:\/\/nafr.dev.sparkadvocacy.dev\/fr\/"},{"@type":"ListItem","position":2,"name":"Qu\u00e9bec"}]},{"@type":"WebSite","@id":"https:\/\/nafr.dev.sparkadvocacy.dev\/#website","url":"https:\/\/nafr.dev.sparkadvocacy.dev\/","name":"National Association of Federal Retirees","description":"","potentialAction":[{"@type":"SearchAction","target":{"@type":"EntryPoint","urlTemplate":"https:\/\/nafr.dev.sparkadvocacy.dev\/?s={search_term_string}"},"query-input":{"@type":"PropertyValueSpecification","valueRequired":true,"valueName":"search_term_string"}}],"inLanguage":"fr-FR"}]}},"_links":{"self":[{"href":"https:\/\/staging2.federalretirees.ca\/fr\/wp-json\/wp\/v2\/branch\/40622","targetHints":{"allow":["GET"]}}],"collection":[{"href":"https:\/\/staging2.federalretirees.ca\/fr\/wp-json\/wp\/v2\/branch"}],"about":[{"href":"https:\/\/staging2.federalretirees.ca\/fr\/wp-json\/wp\/v2\/types\/branch"}],"version-history":[{"count":4,"href":"https:\/\/staging2.federalretirees.ca\/fr\/wp-json\/wp\/v2\/branch\/40622\/revisions"}],"predecessor-version":[{"id":66846,"href":"https:\/\/staging2.federalretirees.ca\/fr\/wp-json\/wp\/v2\/branch\/40622\/revisions\/66846"}],"wp:featuredmedia":[{"embeddable":true,"href":"https:\/\/staging2.federalretirees.ca\/fr\/wp-json\/wp\/v2\/media\/13060"}],"wp:attachment":[{"href":"https:\/\/staging2.federalretirees.ca\/fr\/wp-json\/wp\/v2\/media?parent=40622"}],"curies":[{"name":"wp","href":"https:\/\/api.w.org\/{rel}","templated":true}]}}