{"id":40616,"date":"2026-02-12T11:06:22","date_gmt":"2026-02-12T16:06:22","guid":{"rendered":"https:\/\/nafr.dev.sparkadvocacy.dev\/branch\/mauricie\/"},"modified":"2026-04-16T09:28:50","modified_gmt":"2026-04-16T13:28:50","slug":"mauricie","status":"publish","type":"branch","link":"https:\/\/staging2.federalretirees.ca\/fr\/section\/mauricie\/","title":{"rendered":"Mauricie"},"content":{"rendered":"<div style=\"margin-right: 10px; float: left;\">\n<p><img loading=\"lazy\" decoding=\"async\" class=\"\" title=\"Membres du Conseil de section 2020-2021\" src=\"https:\/\/staging2.federalretirees.ca\/wp-content\/uploads\/2026\/02\/rachel-baril.jpg\" width=\"140\" height=\"190\" \/><\/p>\n<\/div>\n<p style=\"margin-bottom: 11px;\"><strong>Bienvenue \u00e0 la Section Mauricie de l&rsquo;Association nationale des retrait\u00e9s f\u00e9d\u00e9raux.<\/strong><\/p>\n<p>La Section de la Mauricie compte environ 1 500 membres. Nous tenons trois grands \u00e9v\u00e9nements annuels, le voyage en septembre, le repas des f\u00eates en d\u00e9cembre, ainsi que l&rsquo;assembl\u00e9e g\u00e9n\u00e9rale annuelle (AGA), vers la fin avril.<\/p>\n<p>Nous avons aussi nos traditionnels d\u00e9jeuners du mois. suivez-nous sur notre page <a href=\"https:\/\/www.facebook.com\/156715614377754\">Facebook<\/a>\u00a0pour en savoir davantage\u00a0!<\/p>\n<p>En plus de nos \u00e9v\u00e9nements r\u00e9guliers, vous y trouverez des informations sur les d\u00e9marches pour la <a title=\"Nos priorit\u00e9s\" href=\"https:\/\/www.federalretirees.ca\/fr\/defense-des-interets\/nos-priorites\" target=\"_blank\" rel=\"noopener\">d\u00e9fense des int\u00e9r\u00eats<\/a>\u00a0ainsi que sur les \u00e9v\u00e9nements nationaux. C\u2019est tous ensemble que nous serons en mesure de nous faire entendre.<\/p>\n<p>Nous offrons \u00e0 l&rsquo;\u00e9chelle nationale et locale plusieurs services, rabais et avantages \u00e0 travers les\u00a0<a href=\"https:\/\/www.federalretirees.ca\/fr\/en-bref\/partenaires-privilegies\">partenaires privil\u00e9gi\u00e9s<\/a>\u00a0et collaborateurs, dans plusieurs domaines.<\/p>\n<p>N\u2019h\u00e9sitez pas \u00e0 faire conna\u00eetre notre Association \u00e0 vos coll\u00e8gues qui \u0153uvrent dans la fonction publique f\u00e9d\u00e9rale. Il n\u2019est pas n\u00e9cessaire d\u2019\u00eatre retrait\u00e9 pour faire partie de notre Association. Vous pouvez devenir membre d\u00e8s maintenant. Vous pouvez aussi contactez notre coordonnatrice Mme Jacynthe Trudel en t\u00e9l\u00e9phonant au (819) 537-9295 ou en \u00e9crivant \u00e0 <a href=\"mailto:anrf-mauricie.adhesion@outlook.fr\">anrf-mauricie.adhesion@outlook.fr<\/a>\u00a0 pour adh\u00e9rer ou renouveler votre adh\u00e9sion.<\/p>\n<p>Nous vous invitons \u00e0 prendre le temps de parcourir notre site web et d\u2019y revenir r\u00e9guli\u00e8rement afin de rester au fait des actualit\u00e9s et des \u00e9v\u00e9nements \u00e0 venir.<\/p>\n<p>Bonne navigation!<\/p>\n<p>Votre pr\u00e9sidente,<br \/>\n<strong>Rachel Baril<\/strong><\/p>\n","protected":false},"excerpt":{"rendered":"<p>Bienvenue \u00e0 la Section Mauricie de l&rsquo;Association nationale des retrait\u00e9s f\u00e9d\u00e9raux. La Section de la Mauricie compte environ 1 500 membres. Nous tenons trois grands \u00e9v\u00e9nements annuels, le voyage en septembre, le repas des f\u00eates en d\u00e9cembre, ainsi que l&rsquo;assembl\u00e9e&#8230;<\/p>\n","protected":false},"featured_media":9730,"parent":0,"template":"template-branch-home.php","meta":{"_acf_changed":false,"footnotes":""},"class_list":["post-40616","branch","type-branch","status-publish","has-post-thumbnail","hentry"],"acf":[],"yoast_head":"<!-- This site is optimized with the Yoast SEO plugin v27.5 - https:\/\/yoast.com\/product\/yoast-seo-wordpress\/ -->\n<title>Mauricie - Association nationale des retrait\u00e9s f\u00e9d\u00e9raux<\/title>\n<meta name=\"robots\" content=\"noindex, follow, max-snippet:-1, max-image-preview:large, max-video-preview:-1\" \/>\n<meta property=\"og:locale\" content=\"fr_FR\" \/>\n<meta property=\"og:type\" content=\"article\" \/>\n<meta property=\"og:title\" content=\"Mauricie - Association nationale des retrait\u00e9s f\u00e9d\u00e9raux\" \/>\n<meta property=\"og:description\" content=\"Bienvenue \u00e0 la Section Mauricie de l&rsquo;Association nationale des retrait\u00e9s f\u00e9d\u00e9raux. La Section de la Mauricie compte environ 1 500 membres. Nous tenons trois grands \u00e9v\u00e9nements annuels, le voyage en septembre, le repas des f\u00eates en d\u00e9cembre, ainsi que l&rsquo;assembl\u00e9e...\" \/>\n<meta property=\"og:url\" content=\"https:\/\/staging2.federalretirees.ca\/fr\/section\/mauricie\/\" \/>\n<meta property=\"og:site_name\" content=\"Association nationale des retrait\u00e9s f\u00e9d\u00e9raux\" \/>\n<meta property=\"article:publisher\" content=\"https:\/\/www.facebook.com\/FederalRetirees\" \/>\n<meta property=\"article:modified_time\" content=\"2026-04-16T13:28:50+00:00\" \/>\n<meta property=\"og:image\" content=\"https:\/\/nafr.dev.sparkadvocacy.dev\/wp-content\/uploads\/2026\/01\/Mauricie-GettyImages-1425034616.jpg\" \/>\n\t<meta property=\"og:image:width\" content=\"2000\" \/>\n\t<meta property=\"og:image:height\" content=\"1125\" \/>\n\t<meta property=\"og:image:type\" content=\"image\/jpeg\" \/>\n<meta name=\"twitter:card\" content=\"summary_large_image\" \/>\n<meta name=\"twitter:site\" content=\"@fedretirees\" \/>\n<meta name=\"twitter:label1\" content=\"Dur\u00e9e de lecture estim\u00e9e\" \/>\n\t<meta name=\"twitter:data1\" content=\"2 minutes\" \/>\n<script type=\"application\/ld+json\" class=\"yoast-schema-graph\">{\"@context\":\"https:\\\/\\\/schema.org\",\"@graph\":[{\"@type\":\"WebPage\",\"@id\":\"https:\\\/\\\/staging2.federalretirees.ca\\\/fr\\\/section\\\/mauricie\\\/\",\"url\":\"https:\\\/\\\/staging2.federalretirees.ca\\\/fr\\\/section\\\/mauricie\\\/\",\"name\":\"Mauricie - Association nationale des retrait\u00e9s f\u00e9d\u00e9raux\",\"isPartOf\":{\"@id\":\"https:\\\/\\\/nafr.dev.sparkadvocacy.dev\\\/#website\"},\"primaryImageOfPage\":{\"@id\":\"https:\\\/\\\/staging2.federalretirees.ca\\\/fr\\\/section\\\/mauricie\\\/#primaryimage\"},\"image\":{\"@id\":\"https:\\\/\\\/staging2.federalretirees.ca\\\/fr\\\/section\\\/mauricie\\\/#primaryimage\"},\"thumbnailUrl\":\"https:\\\/\\\/staging2.federalretirees.ca\\\/wp-content\\\/uploads\\\/2026\\\/01\\\/Mauricie-GettyImages-1425034616.jpg\",\"datePublished\":\"2026-02-12T16:06:22+00:00\",\"dateModified\":\"2026-04-16T13:28:50+00:00\",\"breadcrumb\":{\"@id\":\"https:\\\/\\\/staging2.federalretirees.ca\\\/fr\\\/section\\\/mauricie\\\/#breadcrumb\"},\"inLanguage\":\"fr-FR\",\"potentialAction\":[{\"@type\":\"ReadAction\",\"target\":[\"https:\\\/\\\/staging2.federalretirees.ca\\\/fr\\\/section\\\/mauricie\\\/\"]}]},{\"@type\":\"ImageObject\",\"inLanguage\":\"fr-FR\",\"@id\":\"https:\\\/\\\/staging2.federalretirees.ca\\\/fr\\\/section\\\/mauricie\\\/#primaryimage\",\"url\":\"https:\\\/\\\/staging2.federalretirees.ca\\\/wp-content\\\/uploads\\\/2026\\\/01\\\/Mauricie-GettyImages-1425034616.jpg\",\"contentUrl\":\"https:\\\/\\\/staging2.federalretirees.ca\\\/wp-content\\\/uploads\\\/2026\\\/01\\\/Mauricie-GettyImages-1425034616.jpg\",\"width\":2000,\"height\":1125},{\"@type\":\"BreadcrumbList\",\"@id\":\"https:\\\/\\\/staging2.federalretirees.ca\\\/fr\\\/section\\\/mauricie\\\/#breadcrumb\",\"itemListElement\":[{\"@type\":\"ListItem\",\"position\":1,\"name\":\"Home\",\"item\":\"https:\\\/\\\/nafr.dev.sparkadvocacy.dev\\\/fr\\\/\"},{\"@type\":\"ListItem\",\"position\":2,\"name\":\"Mauricie\"}]},{\"@type\":\"WebSite\",\"@id\":\"https:\\\/\\\/nafr.dev.sparkadvocacy.dev\\\/#website\",\"url\":\"https:\\\/\\\/nafr.dev.sparkadvocacy.dev\\\/\",\"name\":\"National Association of Federal Retirees\",\"description\":\"\",\"potentialAction\":[{\"@type\":\"SearchAction\",\"target\":{\"@type\":\"EntryPoint\",\"urlTemplate\":\"https:\\\/\\\/nafr.dev.sparkadvocacy.dev\\\/?s={search_term_string}\"},\"query-input\":{\"@type\":\"PropertyValueSpecification\",\"valueRequired\":true,\"valueName\":\"search_term_string\"}}],\"inLanguage\":\"fr-FR\"}]}<\/script>\n<!-- \/ Yoast SEO plugin. -->","yoast_head_json":{"title":"Mauricie - Association nationale des retrait\u00e9s f\u00e9d\u00e9raux","robots":{"index":"noindex","follow":"follow","max-snippet":"max-snippet:-1","max-image-preview":"max-image-preview:large","max-video-preview":"max-video-preview:-1"},"og_locale":"fr_FR","og_type":"article","og_title":"Mauricie - Association nationale des retrait\u00e9s f\u00e9d\u00e9raux","og_description":"Bienvenue \u00e0 la Section Mauricie de l&rsquo;Association nationale des retrait\u00e9s f\u00e9d\u00e9raux. La Section de la Mauricie compte environ 1 500 membres. Nous tenons trois grands \u00e9v\u00e9nements annuels, le voyage en septembre, le repas des f\u00eates en d\u00e9cembre, ainsi que l&rsquo;assembl\u00e9e...","og_url":"https:\/\/staging2.federalretirees.ca\/fr\/section\/mauricie\/","og_site_name":"Association nationale des retrait\u00e9s f\u00e9d\u00e9raux","article_publisher":"https:\/\/www.facebook.com\/FederalRetirees","article_modified_time":"2026-04-16T13:28:50+00:00","og_image":[{"width":2000,"height":1125,"url":"https:\/\/nafr.dev.sparkadvocacy.dev\/wp-content\/uploads\/2026\/01\/Mauricie-GettyImages-1425034616.jpg","type":"image\/jpeg"}],"twitter_card":"summary_large_image","twitter_site":"@fedretirees","twitter_misc":{"Dur\u00e9e de lecture estim\u00e9e":"2 minutes"},"schema":{"@context":"https:\/\/schema.org","@graph":[{"@type":"WebPage","@id":"https:\/\/staging2.federalretirees.ca\/fr\/section\/mauricie\/","url":"https:\/\/staging2.federalretirees.ca\/fr\/section\/mauricie\/","name":"Mauricie - Association nationale des retrait\u00e9s f\u00e9d\u00e9raux","isPartOf":{"@id":"https:\/\/nafr.dev.sparkadvocacy.dev\/#website"},"primaryImageOfPage":{"@id":"https:\/\/staging2.federalretirees.ca\/fr\/section\/mauricie\/#primaryimage"},"image":{"@id":"https:\/\/staging2.federalretirees.ca\/fr\/section\/mauricie\/#primaryimage"},"thumbnailUrl":"https:\/\/staging2.federalretirees.ca\/wp-content\/uploads\/2026\/01\/Mauricie-GettyImages-1425034616.jpg","datePublished":"2026-02-12T16:06:22+00:00","dateModified":"2026-04-16T13:28:50+00:00","breadcrumb":{"@id":"https:\/\/staging2.federalretirees.ca\/fr\/section\/mauricie\/#breadcrumb"},"inLanguage":"fr-FR","potentialAction":[{"@type":"ReadAction","target":["https:\/\/staging2.federalretirees.ca\/fr\/section\/mauricie\/"]}]},{"@type":"ImageObject","inLanguage":"fr-FR","@id":"https:\/\/staging2.federalretirees.ca\/fr\/section\/mauricie\/#primaryimage","url":"https:\/\/staging2.federalretirees.ca\/wp-content\/uploads\/2026\/01\/Mauricie-GettyImages-1425034616.jpg","contentUrl":"https:\/\/staging2.federalretirees.ca\/wp-content\/uploads\/2026\/01\/Mauricie-GettyImages-1425034616.jpg","width":2000,"height":1125},{"@type":"BreadcrumbList","@id":"https:\/\/staging2.federalretirees.ca\/fr\/section\/mauricie\/#breadcrumb","itemListElement":[{"@type":"ListItem","position":1,"name":"Home","item":"https:\/\/nafr.dev.sparkadvocacy.dev\/fr\/"},{"@type":"ListItem","position":2,"name":"Mauricie"}]},{"@type":"WebSite","@id":"https:\/\/nafr.dev.sparkadvocacy.dev\/#website","url":"https:\/\/nafr.dev.sparkadvocacy.dev\/","name":"National Association of Federal Retirees","description":"","potentialAction":[{"@type":"SearchAction","target":{"@type":"EntryPoint","urlTemplate":"https:\/\/nafr.dev.sparkadvocacy.dev\/?s={search_term_string}"},"query-input":{"@type":"PropertyValueSpecification","valueRequired":true,"valueName":"search_term_string"}}],"inLanguage":"fr-FR"}]}},"_links":{"self":[{"href":"https:\/\/staging2.federalretirees.ca\/fr\/wp-json\/wp\/v2\/branch\/40616","targetHints":{"allow":["GET"]}}],"collection":[{"href":"https:\/\/staging2.federalretirees.ca\/fr\/wp-json\/wp\/v2\/branch"}],"about":[{"href":"https:\/\/staging2.federalretirees.ca\/fr\/wp-json\/wp\/v2\/types\/branch"}],"version-history":[{"count":3,"href":"https:\/\/staging2.federalretirees.ca\/fr\/wp-json\/wp\/v2\/branch\/40616\/revisions"}],"predecessor-version":[{"id":66845,"href":"https:\/\/staging2.federalretirees.ca\/fr\/wp-json\/wp\/v2\/branch\/40616\/revisions\/66845"}],"wp:featuredmedia":[{"embeddable":true,"href":"https:\/\/staging2.federalretirees.ca\/fr\/wp-json\/wp\/v2\/media\/9730"}],"wp:attachment":[{"href":"https:\/\/staging2.federalretirees.ca\/fr\/wp-json\/wp\/v2\/media?parent=40616"}],"curies":[{"name":"wp","href":"https:\/\/api.w.org\/{rel}","templated":true}]}}