{"id":40614,"date":"2026-02-12T11:06:08","date_gmt":"2026-02-12T16:06:08","guid":{"rendered":"https:\/\/nafr.dev.sparkadvocacy.dev\/branch\/ottawa\/"},"modified":"2026-04-16T13:25:42","modified_gmt":"2026-04-16T17:25:42","slug":"ottawa","status":"publish","type":"branch","link":"https:\/\/staging2.federalretirees.ca\/fr\/section\/ottawa\/","title":{"rendered":"Ottawa"},"content":{"rendered":"<p><span lang=\"FR-CA\"><strong>Bienvenue \u00e0 la Section d\u2019Ottawa de l\u2019Association nationale des retrait\u00e9s f\u00e9d\u00e9raux.<\/strong> Avec nos plus de 35\u00a0000\u00a0membres qui vivent \u00e0 Ottawa, nous formons la plus grande section de l\u2019Association et sommes d\u00e9termin\u00e9s \u00e0 vous offrir une adh\u00e9sion \u00e0 un excellent rapport qualit\u00e9-prix.\u00a0<\/span><\/p>\n<p><span lang=\"FR-CA\">Pour consulter les tout derniers renseignements sur les activit\u00e9s de la section d\u2019Ottawa, veuillez visiter notre\u00a0<\/span><a href=\"https:\/\/nafrottawa.com\/fr\/\"><span lang=\"FR-CA\">nouveau site web<\/span><\/a><span lang=\"FR-CA\">.<\/span><\/p>\n<p><span lang=\"FR-CA\">C\u2019est l\u00e0 que vous d\u00e9couvrirez nos\u00a0<\/span><a href=\"https:\/\/nafrottawa.com\/fr\/defense-des-interets\/\"><span lang=\"FR-CA\">r\u00e9ussites r\u00e9centes en mati\u00e8re de d\u00e9fense des int\u00e9r\u00eats<\/span><\/a><span lang=\"FR-CA\">; vous vous inscrirez aux toutes\u00a0<\/span><a href=\"https:\/\/nafrottawa.com\/fr\/our-events\/\"><span lang=\"FR-CA\">derni\u00e8res activit\u00e9s de la Section<\/span><\/a><span lang=\"FR-CA\">; parcourrez notre biblioth\u00e8que des\u00a0<\/span><a href=\"https:\/\/nafrottawa.com\/event-recordings\/\"><span lang=\"FR-CA\">enregistrements des \u00e9v\u00e9nements ant\u00e9rieurs<\/span><\/a><span lang=\"FR-CA\">; et trouverez tous nos derniers\u00a0<\/span><a href=\"https:\/\/nafrottawa.com\/fr\/news-articles\/\"><span lang=\"FR-CA\">bulletins de nouvelles<\/span><\/a><span lang=\"FR-CA\">.\u00a0<\/span><\/p>\n<p><span lang=\"FR-CA\">Vous pouvez \u00e9galement d\u00e9couvrir notre vaste gamme de\u00a0<\/span><a href=\"https:\/\/nafrottawa.com\/fr\/discounts\/\"><span lang=\"FR-CA\">r\u00e9ductions locales<\/span><\/a><span lang=\"FR-CA\"> aupr\u00e8s de l\u2019Association canadienne des automobilistes, du Mont Cascades, la Natural Skin and Sole Wellness Clinic, etc.\u00a0<\/span><\/p>\n<p><span lang=\"FR-CA\">Nous vous invitons \u00e9galement \u00e0 consulter notre<\/span><a href=\"https:\/\/www.facebook.com\/nafrottawa\"><span lang=\"FR-CA\"> page Facebook<\/span><\/a><span lang=\"FR-CA\"> et \u00e0 cliquer sur la mention \u00ab\u00a0J\u2019aime\u00a0\u00bb!\u00a0<\/span><\/p>\n<p><img loading=\"lazy\" decoding=\"async\" src=\"https:\/\/staging2.federalretirees.ca\/wp-content\/uploads\/2026\/02\/Steve-preferred-headshot.jpg\" width=\"200\" height=\"221\" data-entity-type=\"file\" data-entity-uuid=\"d519ec7c-ccfa-42e6-a6a5-9abd26da606b\" \/><\/p>\n<p><strong>Steve Chapman<\/strong><br \/>\nPr\u00e9sident, Section d&rsquo;Ottawa<\/p>\n","protected":false},"excerpt":{"rendered":"<p>Bienvenue \u00e0 la Section d\u2019Ottawa de l\u2019Association nationale des retrait\u00e9s f\u00e9d\u00e9raux. Avec nos plus de 35\u00a0000\u00a0membres qui vivent \u00e0 Ottawa, nous formons la plus grande section de l\u2019Association et sommes d\u00e9termin\u00e9s \u00e0 vous offrir une adh\u00e9sion \u00e0 un excellent rapport&#8230;<\/p>\n","protected":false},"featured_media":9750,"parent":0,"template":"template-branch-home.php","meta":{"_acf_changed":false,"footnotes":""},"class_list":["post-40614","branch","type-branch","status-publish","has-post-thumbnail","hentry"],"acf":[],"yoast_head":"<!-- This site is optimized with the Yoast SEO plugin v27.5 - https:\/\/yoast.com\/product\/yoast-seo-wordpress\/ -->\n<title>Ottawa - Association nationale des retrait\u00e9s f\u00e9d\u00e9raux<\/title>\n<meta name=\"robots\" content=\"noindex, follow, max-snippet:-1, max-image-preview:large, max-video-preview:-1\" \/>\n<meta property=\"og:locale\" content=\"fr_FR\" \/>\n<meta property=\"og:type\" content=\"article\" \/>\n<meta property=\"og:title\" content=\"Ottawa - Association nationale des retrait\u00e9s f\u00e9d\u00e9raux\" \/>\n<meta property=\"og:description\" content=\"Bienvenue \u00e0 la Section d\u2019Ottawa de l\u2019Association nationale des retrait\u00e9s f\u00e9d\u00e9raux. Avec nos plus de 35\u00a0000\u00a0membres qui vivent \u00e0 Ottawa, nous formons la plus grande section de l\u2019Association et sommes d\u00e9termin\u00e9s \u00e0 vous offrir une adh\u00e9sion \u00e0 un excellent rapport...\" \/>\n<meta property=\"og:url\" content=\"https:\/\/staging2.federalretirees.ca\/fr\/section\/ottawa\/\" \/>\n<meta property=\"og:site_name\" content=\"Association nationale des retrait\u00e9s f\u00e9d\u00e9raux\" \/>\n<meta property=\"article:publisher\" content=\"https:\/\/www.facebook.com\/FederalRetirees\" \/>\n<meta property=\"article:modified_time\" content=\"2026-04-16T17:25:42+00:00\" \/>\n<meta property=\"og:image\" content=\"https:\/\/nafr.dev.sparkadvocacy.dev\/wp-content\/uploads\/2026\/01\/Ottawa-GettyImages-2219883295.jpg\" \/>\n\t<meta property=\"og:image:width\" content=\"2000\" \/>\n\t<meta property=\"og:image:height\" content=\"1500\" \/>\n\t<meta property=\"og:image:type\" content=\"image\/jpeg\" \/>\n<meta name=\"twitter:card\" content=\"summary_large_image\" \/>\n<meta name=\"twitter:site\" content=\"@fedretirees\" \/>\n<meta name=\"twitter:label1\" content=\"Dur\u00e9e de lecture estim\u00e9e\" \/>\n\t<meta name=\"twitter:data1\" content=\"2 minutes\" \/>\n<script type=\"application\/ld+json\" class=\"yoast-schema-graph\">{\"@context\":\"https:\\\/\\\/schema.org\",\"@graph\":[{\"@type\":\"WebPage\",\"@id\":\"https:\\\/\\\/staging2.federalretirees.ca\\\/fr\\\/section\\\/ottawa\\\/\",\"url\":\"https:\\\/\\\/staging2.federalretirees.ca\\\/fr\\\/section\\\/ottawa\\\/\",\"name\":\"Ottawa - Association nationale des retrait\u00e9s f\u00e9d\u00e9raux\",\"isPartOf\":{\"@id\":\"https:\\\/\\\/nafr.dev.sparkadvocacy.dev\\\/#website\"},\"primaryImageOfPage\":{\"@id\":\"https:\\\/\\\/staging2.federalretirees.ca\\\/fr\\\/section\\\/ottawa\\\/#primaryimage\"},\"image\":{\"@id\":\"https:\\\/\\\/staging2.federalretirees.ca\\\/fr\\\/section\\\/ottawa\\\/#primaryimage\"},\"thumbnailUrl\":\"https:\\\/\\\/staging2.federalretirees.ca\\\/wp-content\\\/uploads\\\/2026\\\/01\\\/Ottawa-GettyImages-2219883295.jpg\",\"datePublished\":\"2026-02-12T16:06:08+00:00\",\"dateModified\":\"2026-04-16T17:25:42+00:00\",\"breadcrumb\":{\"@id\":\"https:\\\/\\\/staging2.federalretirees.ca\\\/fr\\\/section\\\/ottawa\\\/#breadcrumb\"},\"inLanguage\":\"fr-FR\",\"potentialAction\":[{\"@type\":\"ReadAction\",\"target\":[\"https:\\\/\\\/staging2.federalretirees.ca\\\/fr\\\/section\\\/ottawa\\\/\"]}]},{\"@type\":\"ImageObject\",\"inLanguage\":\"fr-FR\",\"@id\":\"https:\\\/\\\/staging2.federalretirees.ca\\\/fr\\\/section\\\/ottawa\\\/#primaryimage\",\"url\":\"https:\\\/\\\/staging2.federalretirees.ca\\\/wp-content\\\/uploads\\\/2026\\\/01\\\/Ottawa-GettyImages-2219883295.jpg\",\"contentUrl\":\"https:\\\/\\\/staging2.federalretirees.ca\\\/wp-content\\\/uploads\\\/2026\\\/01\\\/Ottawa-GettyImages-2219883295.jpg\",\"width\":2000,\"height\":1500},{\"@type\":\"BreadcrumbList\",\"@id\":\"https:\\\/\\\/staging2.federalretirees.ca\\\/fr\\\/section\\\/ottawa\\\/#breadcrumb\",\"itemListElement\":[{\"@type\":\"ListItem\",\"position\":1,\"name\":\"Home\",\"item\":\"https:\\\/\\\/nafr.dev.sparkadvocacy.dev\\\/fr\\\/\"},{\"@type\":\"ListItem\",\"position\":2,\"name\":\"Ottawa\"}]},{\"@type\":\"WebSite\",\"@id\":\"https:\\\/\\\/nafr.dev.sparkadvocacy.dev\\\/#website\",\"url\":\"https:\\\/\\\/nafr.dev.sparkadvocacy.dev\\\/\",\"name\":\"National Association of Federal Retirees\",\"description\":\"\",\"potentialAction\":[{\"@type\":\"SearchAction\",\"target\":{\"@type\":\"EntryPoint\",\"urlTemplate\":\"https:\\\/\\\/nafr.dev.sparkadvocacy.dev\\\/?s={search_term_string}\"},\"query-input\":{\"@type\":\"PropertyValueSpecification\",\"valueRequired\":true,\"valueName\":\"search_term_string\"}}],\"inLanguage\":\"fr-FR\"}]}<\/script>\n<!-- \/ Yoast SEO plugin. -->","yoast_head_json":{"title":"Ottawa - Association nationale des retrait\u00e9s f\u00e9d\u00e9raux","robots":{"index":"noindex","follow":"follow","max-snippet":"max-snippet:-1","max-image-preview":"max-image-preview:large","max-video-preview":"max-video-preview:-1"},"og_locale":"fr_FR","og_type":"article","og_title":"Ottawa - Association nationale des retrait\u00e9s f\u00e9d\u00e9raux","og_description":"Bienvenue \u00e0 la Section d\u2019Ottawa de l\u2019Association nationale des retrait\u00e9s f\u00e9d\u00e9raux. Avec nos plus de 35\u00a0000\u00a0membres qui vivent \u00e0 Ottawa, nous formons la plus grande section de l\u2019Association et sommes d\u00e9termin\u00e9s \u00e0 vous offrir une adh\u00e9sion \u00e0 un excellent rapport...","og_url":"https:\/\/staging2.federalretirees.ca\/fr\/section\/ottawa\/","og_site_name":"Association nationale des retrait\u00e9s f\u00e9d\u00e9raux","article_publisher":"https:\/\/www.facebook.com\/FederalRetirees","article_modified_time":"2026-04-16T17:25:42+00:00","og_image":[{"width":2000,"height":1500,"url":"https:\/\/nafr.dev.sparkadvocacy.dev\/wp-content\/uploads\/2026\/01\/Ottawa-GettyImages-2219883295.jpg","type":"image\/jpeg"}],"twitter_card":"summary_large_image","twitter_site":"@fedretirees","twitter_misc":{"Dur\u00e9e de lecture estim\u00e9e":"2 minutes"},"schema":{"@context":"https:\/\/schema.org","@graph":[{"@type":"WebPage","@id":"https:\/\/staging2.federalretirees.ca\/fr\/section\/ottawa\/","url":"https:\/\/staging2.federalretirees.ca\/fr\/section\/ottawa\/","name":"Ottawa - Association nationale des retrait\u00e9s f\u00e9d\u00e9raux","isPartOf":{"@id":"https:\/\/nafr.dev.sparkadvocacy.dev\/#website"},"primaryImageOfPage":{"@id":"https:\/\/staging2.federalretirees.ca\/fr\/section\/ottawa\/#primaryimage"},"image":{"@id":"https:\/\/staging2.federalretirees.ca\/fr\/section\/ottawa\/#primaryimage"},"thumbnailUrl":"https:\/\/staging2.federalretirees.ca\/wp-content\/uploads\/2026\/01\/Ottawa-GettyImages-2219883295.jpg","datePublished":"2026-02-12T16:06:08+00:00","dateModified":"2026-04-16T17:25:42+00:00","breadcrumb":{"@id":"https:\/\/staging2.federalretirees.ca\/fr\/section\/ottawa\/#breadcrumb"},"inLanguage":"fr-FR","potentialAction":[{"@type":"ReadAction","target":["https:\/\/staging2.federalretirees.ca\/fr\/section\/ottawa\/"]}]},{"@type":"ImageObject","inLanguage":"fr-FR","@id":"https:\/\/staging2.federalretirees.ca\/fr\/section\/ottawa\/#primaryimage","url":"https:\/\/staging2.federalretirees.ca\/wp-content\/uploads\/2026\/01\/Ottawa-GettyImages-2219883295.jpg","contentUrl":"https:\/\/staging2.federalretirees.ca\/wp-content\/uploads\/2026\/01\/Ottawa-GettyImages-2219883295.jpg","width":2000,"height":1500},{"@type":"BreadcrumbList","@id":"https:\/\/staging2.federalretirees.ca\/fr\/section\/ottawa\/#breadcrumb","itemListElement":[{"@type":"ListItem","position":1,"name":"Home","item":"https:\/\/nafr.dev.sparkadvocacy.dev\/fr\/"},{"@type":"ListItem","position":2,"name":"Ottawa"}]},{"@type":"WebSite","@id":"https:\/\/nafr.dev.sparkadvocacy.dev\/#website","url":"https:\/\/nafr.dev.sparkadvocacy.dev\/","name":"National Association of Federal Retirees","description":"","potentialAction":[{"@type":"SearchAction","target":{"@type":"EntryPoint","urlTemplate":"https:\/\/nafr.dev.sparkadvocacy.dev\/?s={search_term_string}"},"query-input":{"@type":"PropertyValueSpecification","valueRequired":true,"valueName":"search_term_string"}}],"inLanguage":"fr-FR"}]}},"_links":{"self":[{"href":"https:\/\/staging2.federalretirees.ca\/fr\/wp-json\/wp\/v2\/branch\/40614","targetHints":{"allow":["GET"]}}],"collection":[{"href":"https:\/\/staging2.federalretirees.ca\/fr\/wp-json\/wp\/v2\/branch"}],"about":[{"href":"https:\/\/staging2.federalretirees.ca\/fr\/wp-json\/wp\/v2\/types\/branch"}],"version-history":[{"count":2,"href":"https:\/\/staging2.federalretirees.ca\/fr\/wp-json\/wp\/v2\/branch\/40614\/revisions"}],"predecessor-version":[{"id":66869,"href":"https:\/\/staging2.federalretirees.ca\/fr\/wp-json\/wp\/v2\/branch\/40614\/revisions\/66869"}],"wp:featuredmedia":[{"embeddable":true,"href":"https:\/\/staging2.federalretirees.ca\/fr\/wp-json\/wp\/v2\/media\/9750"}],"wp:attachment":[{"href":"https:\/\/staging2.federalretirees.ca\/fr\/wp-json\/wp\/v2\/media?parent=40614"}],"curies":[{"name":"wp","href":"https:\/\/api.w.org\/{rel}","templated":true}]}}