{"id":40613,"date":"2026-02-12T11:06:08","date_gmt":"2026-02-12T16:06:08","guid":{"rendered":"https:\/\/nafr.dev.sparkadvocacy.dev\/branch\/moyen-nord\/"},"modified":"2026-02-13T10:39:23","modified_gmt":"2026-02-13T15:39:23","slug":"moyen-nord","status":"publish","type":"branch","link":"https:\/\/staging2.federalretirees.ca\/fr\/section\/moyen-nord\/","title":{"rendered":"Moyen-Nord"},"content":{"rendered":"<p><strong>Bienvenue!<\/strong><\/p>\n<p>Bienvenue \u00e0 la Section du Moyen-Nord de l\u2019Association nationale des retrait\u00e9s f\u00e9d\u00e9raux.<\/p>\n<p>Cette page peut pr\u00e9senter des informations sur le travail de l\u2019association, les initiatives de d\u00e9fense des int\u00e9r\u00eats et des ressources d\u2019int\u00e9r\u00eat pour les membres.<\/p>\n<p>Nous vous invitons \u00e0 prendre un moment pour <a data-entity-substitution=\"canonical\" data-entity-type=\"node\" data-entity-uuid=\"a302070a-ce76-4b4d-a09e-015662e5d6ad\" href=\"\/fr\/membres\/avantages-dune-adhesion\" title=\"Une adh\u00e9sion qui a des avantages\">en apprendre davantage sur les avantages de l\u2019adh\u00e9sion<\/a> et <a data-entity-substitution=\"canonical\" data-entity-type=\"node\" data-entity-uuid=\"5f144721-e2ff-4636-a318-4c569369b282\" href=\"https:\/\/staging2.federalretirees.ca\/fr\/defense-des-interets\/nos-priorites-de-defense-des-interets\/\" title=\"Nos priorit\u00e9s de d\u00e9fense des int\u00e9r\u00eats\">nos priorit\u00e9s de d\u00e9fense des int\u00e9r\u00eats<\/a>. Pour rester au courant, <a data-entity-substitution=\"canonical\" data-entity-type=\"node\" data-entity-uuid=\"cb422b9a-03fa-49bf-8817-3aa604cc18e8\" href=\"\/fr\/en-bref\/suivez-nous\" title=\"Virage sur les m\u00e9dias sociaux\">suivez Retrait\u00e9s f\u00e9d\u00e9raux sur Facebook ou sur vos plateformes de m\u00e9dias sociaux pr\u00e9f\u00e9r\u00e9es<\/a>.<br \/>\u00a0<\/p>\n","protected":false},"excerpt":{"rendered":"<p>Bienvenue! Bienvenue \u00e0 la Section du Moyen-Nord de l\u2019Association nationale des retrait\u00e9s f\u00e9d\u00e9raux. Cette page peut pr\u00e9senter des informations sur le travail de l\u2019association, les initiatives de d\u00e9fense des int\u00e9r\u00eats et des ressources d\u2019int\u00e9r\u00eat pour les membres. Nous vous invitons&#8230;<\/p>\n","protected":false},"featured_media":13071,"parent":0,"template":"template-branch-home.php","meta":{"_acf_changed":false,"footnotes":""},"class_list":["post-40613","branch","type-branch","status-publish","has-post-thumbnail","hentry"],"acf":[],"yoast_head":"<!-- This site is optimized with the Yoast SEO plugin v27.5 - https:\/\/yoast.com\/product\/yoast-seo-wordpress\/ -->\n<title>Moyen-Nord - Association nationale des retrait\u00e9s f\u00e9d\u00e9raux<\/title>\n<meta name=\"robots\" content=\"noindex, follow, max-snippet:-1, max-image-preview:large, max-video-preview:-1\" \/>\n<meta property=\"og:locale\" content=\"fr_FR\" \/>\n<meta property=\"og:type\" content=\"article\" \/>\n<meta property=\"og:title\" content=\"Moyen-Nord - Association nationale des retrait\u00e9s f\u00e9d\u00e9raux\" \/>\n<meta property=\"og:description\" content=\"Bienvenue! Bienvenue \u00e0 la Section du Moyen-Nord de l\u2019Association nationale des retrait\u00e9s f\u00e9d\u00e9raux. Cette page peut pr\u00e9senter des informations sur le travail de l\u2019association, les initiatives de d\u00e9fense des int\u00e9r\u00eats et des ressources d\u2019int\u00e9r\u00eat pour les membres. Nous vous invitons...\" \/>\n<meta property=\"og:url\" content=\"https:\/\/staging2.federalretirees.ca\/fr\/section\/moyen-nord\/\" \/>\n<meta property=\"og:site_name\" content=\"Association nationale des retrait\u00e9s f\u00e9d\u00e9raux\" \/>\n<meta property=\"article:publisher\" content=\"https:\/\/www.facebook.com\/FederalRetirees\" \/>\n<meta property=\"article:modified_time\" content=\"2026-02-13T15:39:23+00:00\" \/>\n<meta property=\"og:image\" content=\"https:\/\/nafr.dev.sparkadvocacy.dev\/wp-content\/uploads\/2026\/01\/Near-North-GettyImages-1404762704.jpg\" \/>\n\t<meta property=\"og:image:width\" content=\"2000\" \/>\n\t<meta property=\"og:image:height\" content=\"1333\" \/>\n\t<meta property=\"og:image:type\" content=\"image\/jpeg\" \/>\n<meta name=\"twitter:card\" content=\"summary_large_image\" \/>\n<meta name=\"twitter:site\" content=\"@fedretirees\" \/>\n<meta name=\"twitter:label1\" content=\"Dur\u00e9e de lecture estim\u00e9e\" \/>\n\t<meta name=\"twitter:data1\" content=\"1 minute\" \/>\n<script type=\"application\/ld+json\" class=\"yoast-schema-graph\">{\"@context\":\"https:\\\/\\\/schema.org\",\"@graph\":[{\"@type\":\"WebPage\",\"@id\":\"https:\\\/\\\/staging2.federalretirees.ca\\\/fr\\\/section\\\/moyen-nord\\\/\",\"url\":\"https:\\\/\\\/staging2.federalretirees.ca\\\/fr\\\/section\\\/moyen-nord\\\/\",\"name\":\"Moyen-Nord - Association nationale des retrait\u00e9s f\u00e9d\u00e9raux\",\"isPartOf\":{\"@id\":\"https:\\\/\\\/nafr.dev.sparkadvocacy.dev\\\/#website\"},\"primaryImageOfPage\":{\"@id\":\"https:\\\/\\\/staging2.federalretirees.ca\\\/fr\\\/section\\\/moyen-nord\\\/#primaryimage\"},\"image\":{\"@id\":\"https:\\\/\\\/staging2.federalretirees.ca\\\/fr\\\/section\\\/moyen-nord\\\/#primaryimage\"},\"thumbnailUrl\":\"https:\\\/\\\/staging2.federalretirees.ca\\\/wp-content\\\/uploads\\\/2026\\\/01\\\/Near-North-GettyImages-1404762704.jpg\",\"datePublished\":\"2026-02-12T16:06:08+00:00\",\"dateModified\":\"2026-02-13T15:39:23+00:00\",\"breadcrumb\":{\"@id\":\"https:\\\/\\\/staging2.federalretirees.ca\\\/fr\\\/section\\\/moyen-nord\\\/#breadcrumb\"},\"inLanguage\":\"fr-FR\",\"potentialAction\":[{\"@type\":\"ReadAction\",\"target\":[\"https:\\\/\\\/staging2.federalretirees.ca\\\/fr\\\/section\\\/moyen-nord\\\/\"]}]},{\"@type\":\"ImageObject\",\"inLanguage\":\"fr-FR\",\"@id\":\"https:\\\/\\\/staging2.federalretirees.ca\\\/fr\\\/section\\\/moyen-nord\\\/#primaryimage\",\"url\":\"https:\\\/\\\/staging2.federalretirees.ca\\\/wp-content\\\/uploads\\\/2026\\\/01\\\/Near-North-GettyImages-1404762704.jpg\",\"contentUrl\":\"https:\\\/\\\/staging2.federalretirees.ca\\\/wp-content\\\/uploads\\\/2026\\\/01\\\/Near-North-GettyImages-1404762704.jpg\",\"width\":2000,\"height\":1333},{\"@type\":\"BreadcrumbList\",\"@id\":\"https:\\\/\\\/staging2.federalretirees.ca\\\/fr\\\/section\\\/moyen-nord\\\/#breadcrumb\",\"itemListElement\":[{\"@type\":\"ListItem\",\"position\":1,\"name\":\"Home\",\"item\":\"https:\\\/\\\/nafr.dev.sparkadvocacy.dev\\\/fr\\\/\"},{\"@type\":\"ListItem\",\"position\":2,\"name\":\"Moyen-Nord\"}]},{\"@type\":\"WebSite\",\"@id\":\"https:\\\/\\\/nafr.dev.sparkadvocacy.dev\\\/#website\",\"url\":\"https:\\\/\\\/nafr.dev.sparkadvocacy.dev\\\/\",\"name\":\"National Association of Federal Retirees\",\"description\":\"\",\"potentialAction\":[{\"@type\":\"SearchAction\",\"target\":{\"@type\":\"EntryPoint\",\"urlTemplate\":\"https:\\\/\\\/nafr.dev.sparkadvocacy.dev\\\/?s={search_term_string}\"},\"query-input\":{\"@type\":\"PropertyValueSpecification\",\"valueRequired\":true,\"valueName\":\"search_term_string\"}}],\"inLanguage\":\"fr-FR\"}]}<\/script>\n<!-- \/ Yoast SEO plugin. -->","yoast_head_json":{"title":"Moyen-Nord - Association nationale des retrait\u00e9s f\u00e9d\u00e9raux","robots":{"index":"noindex","follow":"follow","max-snippet":"max-snippet:-1","max-image-preview":"max-image-preview:large","max-video-preview":"max-video-preview:-1"},"og_locale":"fr_FR","og_type":"article","og_title":"Moyen-Nord - Association nationale des retrait\u00e9s f\u00e9d\u00e9raux","og_description":"Bienvenue! Bienvenue \u00e0 la Section du Moyen-Nord de l\u2019Association nationale des retrait\u00e9s f\u00e9d\u00e9raux. Cette page peut pr\u00e9senter des informations sur le travail de l\u2019association, les initiatives de d\u00e9fense des int\u00e9r\u00eats et des ressources d\u2019int\u00e9r\u00eat pour les membres. Nous vous invitons...","og_url":"https:\/\/staging2.federalretirees.ca\/fr\/section\/moyen-nord\/","og_site_name":"Association nationale des retrait\u00e9s f\u00e9d\u00e9raux","article_publisher":"https:\/\/www.facebook.com\/FederalRetirees","article_modified_time":"2026-02-13T15:39:23+00:00","og_image":[{"width":2000,"height":1333,"url":"https:\/\/nafr.dev.sparkadvocacy.dev\/wp-content\/uploads\/2026\/01\/Near-North-GettyImages-1404762704.jpg","type":"image\/jpeg"}],"twitter_card":"summary_large_image","twitter_site":"@fedretirees","twitter_misc":{"Dur\u00e9e de lecture estim\u00e9e":"1 minute"},"schema":{"@context":"https:\/\/schema.org","@graph":[{"@type":"WebPage","@id":"https:\/\/staging2.federalretirees.ca\/fr\/section\/moyen-nord\/","url":"https:\/\/staging2.federalretirees.ca\/fr\/section\/moyen-nord\/","name":"Moyen-Nord - Association nationale des retrait\u00e9s f\u00e9d\u00e9raux","isPartOf":{"@id":"https:\/\/nafr.dev.sparkadvocacy.dev\/#website"},"primaryImageOfPage":{"@id":"https:\/\/staging2.federalretirees.ca\/fr\/section\/moyen-nord\/#primaryimage"},"image":{"@id":"https:\/\/staging2.federalretirees.ca\/fr\/section\/moyen-nord\/#primaryimage"},"thumbnailUrl":"https:\/\/staging2.federalretirees.ca\/wp-content\/uploads\/2026\/01\/Near-North-GettyImages-1404762704.jpg","datePublished":"2026-02-12T16:06:08+00:00","dateModified":"2026-02-13T15:39:23+00:00","breadcrumb":{"@id":"https:\/\/staging2.federalretirees.ca\/fr\/section\/moyen-nord\/#breadcrumb"},"inLanguage":"fr-FR","potentialAction":[{"@type":"ReadAction","target":["https:\/\/staging2.federalretirees.ca\/fr\/section\/moyen-nord\/"]}]},{"@type":"ImageObject","inLanguage":"fr-FR","@id":"https:\/\/staging2.federalretirees.ca\/fr\/section\/moyen-nord\/#primaryimage","url":"https:\/\/staging2.federalretirees.ca\/wp-content\/uploads\/2026\/01\/Near-North-GettyImages-1404762704.jpg","contentUrl":"https:\/\/staging2.federalretirees.ca\/wp-content\/uploads\/2026\/01\/Near-North-GettyImages-1404762704.jpg","width":2000,"height":1333},{"@type":"BreadcrumbList","@id":"https:\/\/staging2.federalretirees.ca\/fr\/section\/moyen-nord\/#breadcrumb","itemListElement":[{"@type":"ListItem","position":1,"name":"Home","item":"https:\/\/nafr.dev.sparkadvocacy.dev\/fr\/"},{"@type":"ListItem","position":2,"name":"Moyen-Nord"}]},{"@type":"WebSite","@id":"https:\/\/nafr.dev.sparkadvocacy.dev\/#website","url":"https:\/\/nafr.dev.sparkadvocacy.dev\/","name":"National Association of Federal Retirees","description":"","potentialAction":[{"@type":"SearchAction","target":{"@type":"EntryPoint","urlTemplate":"https:\/\/nafr.dev.sparkadvocacy.dev\/?s={search_term_string}"},"query-input":{"@type":"PropertyValueSpecification","valueRequired":true,"valueName":"search_term_string"}}],"inLanguage":"fr-FR"}]}},"_links":{"self":[{"href":"https:\/\/staging2.federalretirees.ca\/fr\/wp-json\/wp\/v2\/branch\/40613","targetHints":{"allow":["GET"]}}],"collection":[{"href":"https:\/\/staging2.federalretirees.ca\/fr\/wp-json\/wp\/v2\/branch"}],"about":[{"href":"https:\/\/staging2.federalretirees.ca\/fr\/wp-json\/wp\/v2\/types\/branch"}],"version-history":[{"count":0,"href":"https:\/\/staging2.federalretirees.ca\/fr\/wp-json\/wp\/v2\/branch\/40613\/revisions"}],"wp:featuredmedia":[{"embeddable":true,"href":"https:\/\/staging2.federalretirees.ca\/fr\/wp-json\/wp\/v2\/media\/13071"}],"wp:attachment":[{"href":"https:\/\/staging2.federalretirees.ca\/fr\/wp-json\/wp\/v2\/media?parent=40613"}],"curies":[{"name":"wp","href":"https:\/\/api.w.org\/{rel}","templated":true}]}}