{"version":"1.0","provider_name":"Association nationale des retrait\u00e9s f\u00e9d\u00e9raux","provider_url":"https:\/\/staging2.federalretirees.ca\/fr\/","author_name":"Federal Retirees","author_url":"https:\/\/staging2.federalretirees.ca\/fr\/author\/servicefederalretirees-ca\/","title":"Ottawa - Association nationale des retrait\u00e9s f\u00e9d\u00e9raux","type":"rich","width":600,"height":338,"html":"<blockquote class=\"wp-embedded-content\" data-secret=\"uFDNfsdYuV\"><a href=\"https:\/\/staging2.federalretirees.ca\/fr\/section\/ottawa\/\">Ottawa<\/a><\/blockquote><iframe sandbox=\"allow-scripts\" security=\"restricted\" src=\"https:\/\/staging2.federalretirees.ca\/fr\/section\/ottawa\/embed\/#?secret=uFDNfsdYuV\" width=\"600\" height=\"338\" title=\"\u00ab\u00a0Ottawa\u00a0\u00bb &#8212; Association nationale des retrait\u00e9s f\u00e9d\u00e9raux\" data-secret=\"uFDNfsdYuV\" frameborder=\"0\" marginwidth=\"0\" marginheight=\"0\" scrolling=\"no\" class=\"wp-embedded-content\"><\/iframe><script type=\"text\/javascript\">\n\/* <![CDATA[ *\/\n\/*! This file is auto-generated *\/\n!function(d,l){\"use strict\";l.querySelector&&d.addEventListener&&\"undefined\"!=typeof URL&&(d.wp=d.wp||{},d.wp.receiveEmbedMessage||(d.wp.receiveEmbedMessage=function(e){var t=e.data;if((t||t.secret||t.message||t.value)&&!\/[^a-zA-Z0-9]\/.test(t.secret)){for(var s,r,n,a=l.querySelectorAll('iframe[data-secret=\"'+t.secret+'\"]'),o=l.querySelectorAll('blockquote[data-secret=\"'+t.secret+'\"]'),c=new RegExp(\"^https?:$\",\"i\"),i=0;i<o.length;i++)o[i].style.display=\"none\";for(i=0;i<a.length;i++)s=a[i],e.source===s.contentWindow&&(s.removeAttribute(\"style\"),\"height\"===t.message?(1e3<(r=parseInt(t.value,10))?r=1e3:~~r<200&&(r=200),s.height=r):\"link\"===t.message&&(r=new URL(s.getAttribute(\"src\")),n=new URL(t.value),c.test(n.protocol))&&n.host===r.host&&l.activeElement===s&&(d.top.location.href=t.value))}},d.addEventListener(\"message\",d.wp.receiveEmbedMessage,!1),l.addEventListener(\"DOMContentLoaded\",function(){for(var e,t,s=l.querySelectorAll(\"iframe.wp-embedded-content\"),r=0;r<s.length;r++)(t=(e=s[r]).getAttribute(\"data-secret\"))||(t=Math.random().toString(36).substring(2,12),e.src+=\"#?secret=\"+t,e.setAttribute(\"data-secret\",t)),e.contentWindow.postMessage({message:\"ready\",secret:t},\"*\")},!1)))}(window,document);\n\/\/# sourceURL=https:\/\/staging2.federalretirees.ca\/wp-includes\/js\/wp-embed.min.js\n\/* ]]> *\/\n<\/script>\n","thumbnail_url":"https:\/\/nafr.dev.sparkadvocacy.dev\/wp-content\/uploads\/2026\/01\/Ottawa-GettyImages-2219883295.jpg","thumbnail_width":2000,"thumbnail_height":1500,"description":"Bienvenue \u00e0 la Section d\u2019Ottawa de l\u2019Association nationale des retrait\u00e9s f\u00e9d\u00e9raux. Avec nos plus de 35\u00a0000\u00a0membres qui vivent \u00e0 Ottawa, nous formons la plus grande section de l\u2019Association et sommes d\u00e9termin\u00e9s \u00e0 vous offrir une adh\u00e9sion \u00e0 un excellent rapport..."}